{"id":16860,"date":"2023-11-10T22:25:21","date_gmt":"2023-11-10T21:25:21","guid":{"rendered":"https:\/\/www.parcodolomitifriulane.it\/?post_type=event_listing&#038;p=16860"},"modified":"2023-12-17T00:37:33","modified_gmt":"2023-12-16T23:37:33","slug":"11-vecchie-strada-e-alberi-di-natale","status":"expired","type":"event_listing","link":"https:\/\/www.parcodolomitifriulane.it\/en\/event\/11-vecchie-strada-e-alberi-di-natale\/","title":{"rendered":"*VECCHIE STRADE E ALBERI DI NATALE"},"content":{"rendered":"<p>DATA: DOMENICA 17 DICEMBRE 2023<br>GUIDA: Franco Polo (Tel. 334 8149598)<\/p>\n\n\n\n<p><strong>ESCURSIONE NATURALISTICA<\/strong><\/p>\n\n\n\n<p>Le strade di un tempo, la memoria dell\u2019uomo scritta nella pietra, itinerari che ora sono piccoli sentieri, un motivo per capire come si muovevano le genti di un tempo, senza la fretta dei nostri giorni e al contempo, scoprire la natura e i sapori.<\/p>\n\n\n\n<p>Dopo il ritrovo presso il Centro visite di Barcis proseguiremo entrando sulla vecchia strada della Valcellina, vedremo come si trasforma la valle in inverno e il colore verde delle acque del Cellina risplendere. Fatte le 4 gallerie e passato accanto al ponte tibetano, proseguiremo fino al bivio, dove il piccolo canyon del Molassa, confluisce con quella del Cellina. Un po di salita e ben presto saremo prima al ponte tubo che proviene dal lago di Barcis e usciremo in localit\u00e0 Molassa verso il piccolo borgo ultima frazione di Barcis ora disabitata ma conservata,<\/p>\n\n\n\n<p>una breve salita ci porta al primo borgo di Andreis cio\u00e8 Selves, a dispetto del nome \u00e8 un immenso prato, che attraverseremo per entrare nel bosco e prendere il sentiero che ci porter\u00e0 nell\u2019assolata borgata di Alcheda,<\/p>\n\n\n\n<p>Il borgo costituito con le case a Dalt, particolari costruzioni \u00e8 un gioiellino, risplende sospeso al sole, con bel panorama sul monte Fara e sul retrostante Resettum, inoltre consente un\u2019ampia vista verso il lago di Barcis. Proseguiamo verso il piccolo abitato di Rompagnel, in questo periodo Andreis si prepara al Natale, ogni casa ha un albero di Natale ed addobbi particolari, la visita \u00e8 obbligatoria e piacevole cos\u00ec come al centro avifaunistico del Parco Dolomiti Friulane, per chi lo vorr\u00e0 seguir\u00e0 degustazione con prodotti tipici, dal paese torneremo a Barcis con un mezzo che avremo lasciato la mattina ad Andreis.<\/p>\n\n\n\n<p>Testo: Franco Polo<\/p>\n\n\n\n<p>INFORMAZIONI:<br>Tipologia: escursione naturalistica con aspetti, storici, geologici, antropologici,<br>Difficolt\u00e0: semplice per tutti<br>Dislivello: 200 metri<br>Lunghezza: 7km<br>Durata: 5 ore<br>Abbigliamento e attrezzatura: adatto alla stagione con giacca antivento e piumino, guanti, berretto, scarponcini\/scarpe da trekking con suola scolpita e bastoncini da trekking, consigliata la macchina fotografica eventuale uso ramponcini\u00a0 forniti dall\u2019organizzazione, thermos con bevanda calda pranzo al sacco e snack.<br>Ritrovo: Centro visite Barcis ore 10:00<br>Tariffa:\u00a0euro 11,00 per gli adulti; 6,00 euro per i ragazzi sotto i 12 anni e per chi ha pi\u00f9 di 70 anni<\/p>\n\n\n\n<p><strong>Prenotazione obbligatoria tramite WhatsApp al n. 331.6481395<\/strong><\/p>","protected":false},"featured_media":17251,"template":"","meta":{"_acf_changed":false},"event_listing_category":[136],"class_list":["post-16860","event_listing","type-event_listing","status-expired","has-post-thumbnail","hentry","event_listing_category-semplici-per-tutti"],"acf":[],"yoast_head":"<!-- This site is optimized with the Yoast SEO plugin v27.5 - https:\/\/yoast.com\/product\/yoast-seo-wordpress\/ -->\n<title>*VECCHIE STRADE E ALBERI DI NATALE | Parco Dolomiti Friulane<\/title>\n<meta name=\"robots\" content=\"index, follow, max-snippet:-1, max-image-preview:large, max-video-preview:-1\" \/>\n<link rel=\"canonical\" href=\"https:\/\/www.parcodolomitifriulane.it\/en\/evento\/11-vecchie-strada-e-alberi-di-natale\/\" \/>\n<meta property=\"og:locale\" content=\"en_GB\" \/>\n<meta property=\"og:type\" content=\"article\" \/>\n<meta property=\"og:title\" content=\"*VECCHIE STRADE E ALBERI DI NATALE | Parco Dolomiti Friulane\" \/>\n<meta property=\"og:description\" content=\"DATA: DOMENICA 17 DICEMBRE 2023GUIDA: Franco Polo (Tel. 334 8149598) ESCURSIONE NATURALISTICA Le strade di un tempo, la memoria dell\u2019uomo scritta nella pietra, itinerari che ora [\u2026]\" \/>\n<meta property=\"og:url\" content=\"https:\/\/www.parcodolomitifriulane.it\/en\/evento\/11-vecchie-strada-e-alberi-di-natale\/\" \/>\n<meta property=\"og:site_name\" content=\"Parco Dolomiti Friulane\" \/>\n<meta property=\"article:publisher\" content=\"https:\/\/www.facebook.com\/dolomitifriulane\" \/>\n<meta property=\"article:modified_time\" content=\"2023-12-16T23:37:33+00:00\" \/>\n<meta property=\"og:image\" content=\"https:\/\/www.parcodolomitifriulane.it\/wp-content\/uploads\/2023\/11\/barcis-raffaele-rossetti.jpg\" \/>\n\t<meta property=\"og:image:width\" content=\"1080\" \/>\n\t<meta property=\"og:image:height\" content=\"810\" \/>\n\t<meta property=\"og:image:type\" content=\"image\/jpeg\" \/>\n<meta name=\"twitter:card\" content=\"summary_large_image\" \/>\n<meta name=\"twitter:site\" content=\"@parcoDF\" \/>\n<meta name=\"twitter:label1\" content=\"Estimated reading time\" \/>\n\t<meta name=\"twitter:data1\" content=\"3 minutes\" \/>\n<script type=\"application\/ld+json\" class=\"yoast-schema-graph\">{\"@context\":\"https:\\\/\\\/schema.org\",\"@graph\":[{\"@type\":\"WebPage\",\"@id\":\"https:\\\/\\\/www.parcodolomitifriulane.it\\\/evento\\\/11-vecchie-strada-e-alberi-di-natale\\\/\",\"url\":\"https:\\\/\\\/www.parcodolomitifriulane.it\\\/evento\\\/11-vecchie-strada-e-alberi-di-natale\\\/\",\"name\":\"*VECCHIE STRADE E ALBERI DI NATALE | Parco Dolomiti Friulane\",\"isPartOf\":{\"@id\":\"https:\\\/\\\/www.parcodolomitifriulane.it\\\/#website\"},\"primaryImageOfPage\":{\"@id\":\"https:\\\/\\\/www.parcodolomitifriulane.it\\\/evento\\\/11-vecchie-strada-e-alberi-di-natale\\\/#primaryimage\"},\"image\":{\"@id\":\"https:\\\/\\\/www.parcodolomitifriulane.it\\\/evento\\\/11-vecchie-strada-e-alberi-di-natale\\\/#primaryimage\"},\"thumbnailUrl\":\"https:\\\/\\\/www.parcodolomitifriulane.it\\\/wp-content\\\/uploads\\\/2023\\\/11\\\/barcis-raffaele-rossetti.jpg\",\"datePublished\":\"2023-11-10T21:25:21+00:00\",\"dateModified\":\"2023-12-16T23:37:33+00:00\",\"breadcrumb\":{\"@id\":\"https:\\\/\\\/www.parcodolomitifriulane.it\\\/evento\\\/11-vecchie-strada-e-alberi-di-natale\\\/#breadcrumb\"},\"inLanguage\":\"en-GB\",\"potentialAction\":[{\"@type\":\"ReadAction\",\"target\":[\"https:\\\/\\\/www.parcodolomitifriulane.it\\\/evento\\\/11-vecchie-strada-e-alberi-di-natale\\\/\"]}]},{\"@type\":\"ImageObject\",\"inLanguage\":\"en-GB\",\"@id\":\"https:\\\/\\\/www.parcodolomitifriulane.it\\\/evento\\\/11-vecchie-strada-e-alberi-di-natale\\\/#primaryimage\",\"url\":\"https:\\\/\\\/www.parcodolomitifriulane.it\\\/wp-content\\\/uploads\\\/2023\\\/11\\\/barcis-raffaele-rossetti.jpg\",\"contentUrl\":\"https:\\\/\\\/www.parcodolomitifriulane.it\\\/wp-content\\\/uploads\\\/2023\\\/11\\\/barcis-raffaele-rossetti.jpg\",\"width\":1080,\"height\":810},{\"@type\":\"BreadcrumbList\",\"@id\":\"https:\\\/\\\/www.parcodolomitifriulane.it\\\/evento\\\/11-vecchie-strada-e-alberi-di-natale\\\/#breadcrumb\",\"itemListElement\":[{\"@type\":\"ListItem\",\"position\":1,\"name\":\"Home\",\"item\":\"https:\\\/\\\/www.parcodolomitifriulane.it\\\/\"},{\"@type\":\"ListItem\",\"position\":2,\"name\":\"*VECCHIE STRADE E ALBERI DI NATALE\"}]},{\"@type\":\"WebSite\",\"@id\":\"https:\\\/\\\/www.parcodolomitifriulane.it\\\/#website\",\"url\":\"https:\\\/\\\/www.parcodolomitifriulane.it\\\/\",\"name\":\"Parco Dolomiti Friulane\",\"description\":\"Tutto Straordinariamente Emoz\",\"publisher\":{\"@id\":\"https:\\\/\\\/www.parcodolomitifriulane.it\\\/#organization\"},\"potentialAction\":[{\"@type\":\"SearchAction\",\"target\":{\"@type\":\"EntryPoint\",\"urlTemplate\":\"https:\\\/\\\/www.parcodolomitifriulane.it\\\/?s={search_term_string}\"},\"query-input\":{\"@type\":\"PropertyValueSpecification\",\"valueRequired\":true,\"valueName\":\"search_term_string\"}}],\"inLanguage\":\"en-GB\"},{\"@type\":\"Organization\",\"@id\":\"https:\\\/\\\/www.parcodolomitifriulane.it\\\/#organization\",\"name\":\"Parco Dolomiti Friulane\",\"url\":\"https:\\\/\\\/www.parcodolomitifriulane.it\\\/\",\"logo\":{\"@type\":\"ImageObject\",\"inLanguage\":\"en-GB\",\"@id\":\"https:\\\/\\\/www.parcodolomitifriulane.it\\\/#\\\/schema\\\/logo\\\/image\\\/\",\"url\":\"https:\\\/\\\/www.parcodolomitifriulane.it\\\/wp-content\\\/uploads\\\/2022\\\/06\\\/cropped-logo-1.png\",\"contentUrl\":\"https:\\\/\\\/www.parcodolomitifriulane.it\\\/wp-content\\\/uploads\\\/2022\\\/06\\\/cropped-logo-1.png\",\"width\":4685,\"height\":2773,\"caption\":\"Parco Dolomiti Friulane\"},\"image\":{\"@id\":\"https:\\\/\\\/www.parcodolomitifriulane.it\\\/#\\\/schema\\\/logo\\\/image\\\/\"},\"sameAs\":[\"https:\\\/\\\/www.facebook.com\\\/dolomitifriulane\",\"https:\\\/\\\/x.com\\\/parcoDF\",\"https:\\\/\\\/www.instagram.com\\\/dolomitifriulane\\\/\",\"https:\\\/\\\/www.youtube.com\\\/user\\\/DOLOMITIFRIULANEPARK\"]}]}<\/script>\n<!-- \/ Yoast SEO plugin. -->","yoast_head_json":{"title":"*VECCHIE STRADE E ALBERI DI NATALE | Parco Dolomiti Friulane","robots":{"index":"index","follow":"follow","max-snippet":"max-snippet:-1","max-image-preview":"max-image-preview:large","max-video-preview":"max-video-preview:-1"},"canonical":"https:\/\/www.parcodolomitifriulane.it\/en\/evento\/11-vecchie-strada-e-alberi-di-natale\/","og_locale":"en_GB","og_type":"article","og_title":"*VECCHIE STRADE E ALBERI DI NATALE | Parco Dolomiti Friulane","og_description":"DATA: DOMENICA 17 DICEMBRE 2023GUIDA: Franco Polo (Tel. 334 8149598) ESCURSIONE NATURALISTICA Le strade di un tempo, la memoria dell\u2019uomo scritta nella pietra, itinerari che ora [\u2026]","og_url":"https:\/\/www.parcodolomitifriulane.it\/en\/evento\/11-vecchie-strada-e-alberi-di-natale\/","og_site_name":"Parco Dolomiti Friulane","article_publisher":"https:\/\/www.facebook.com\/dolomitifriulane","article_modified_time":"2023-12-16T23:37:33+00:00","og_image":[{"width":1080,"height":810,"url":"https:\/\/www.parcodolomitifriulane.it\/wp-content\/uploads\/2023\/11\/barcis-raffaele-rossetti.jpg","type":"image\/jpeg"}],"twitter_card":"summary_large_image","twitter_site":"@parcoDF","twitter_misc":{"Estimated reading time":"3 minutes"},"schema":{"@context":"https:\/\/schema.org","@graph":[{"@type":"WebPage","@id":"https:\/\/www.parcodolomitifriulane.it\/evento\/11-vecchie-strada-e-alberi-di-natale\/","url":"https:\/\/www.parcodolomitifriulane.it\/evento\/11-vecchie-strada-e-alberi-di-natale\/","name":"*VECCHIE STRADE E ALBERI DI NATALE | Parco Dolomiti Friulane","isPartOf":{"@id":"https:\/\/www.parcodolomitifriulane.it\/#website"},"primaryImageOfPage":{"@id":"https:\/\/www.parcodolomitifriulane.it\/evento\/11-vecchie-strada-e-alberi-di-natale\/#primaryimage"},"image":{"@id":"https:\/\/www.parcodolomitifriulane.it\/evento\/11-vecchie-strada-e-alberi-di-natale\/#primaryimage"},"thumbnailUrl":"https:\/\/www.parcodolomitifriulane.it\/wp-content\/uploads\/2023\/11\/barcis-raffaele-rossetti.jpg","datePublished":"2023-11-10T21:25:21+00:00","dateModified":"2023-12-16T23:37:33+00:00","breadcrumb":{"@id":"https:\/\/www.parcodolomitifriulane.it\/evento\/11-vecchie-strada-e-alberi-di-natale\/#breadcrumb"},"inLanguage":"en-GB","potentialAction":[{"@type":"ReadAction","target":["https:\/\/www.parcodolomitifriulane.it\/evento\/11-vecchie-strada-e-alberi-di-natale\/"]}]},{"@type":"ImageObject","inLanguage":"en-GB","@id":"https:\/\/www.parcodolomitifriulane.it\/evento\/11-vecchie-strada-e-alberi-di-natale\/#primaryimage","url":"https:\/\/www.parcodolomitifriulane.it\/wp-content\/uploads\/2023\/11\/barcis-raffaele-rossetti.jpg","contentUrl":"https:\/\/www.parcodolomitifriulane.it\/wp-content\/uploads\/2023\/11\/barcis-raffaele-rossetti.jpg","width":1080,"height":810},{"@type":"BreadcrumbList","@id":"https:\/\/www.parcodolomitifriulane.it\/evento\/11-vecchie-strada-e-alberi-di-natale\/#breadcrumb","itemListElement":[{"@type":"ListItem","position":1,"name":"Home","item":"https:\/\/www.parcodolomitifriulane.it\/"},{"@type":"ListItem","position":2,"name":"*VECCHIE STRADE E ALBERI DI NATALE"}]},{"@type":"WebSite","@id":"https:\/\/www.parcodolomitifriulane.it\/#website","url":"https:\/\/www.parcodolomitifriulane.it\/","name":"Parco Dolomiti Friulane","description":"Tutto Straordinariamente Emoz","publisher":{"@id":"https:\/\/www.parcodolomitifriulane.it\/#organization"},"potentialAction":[{"@type":"SearchAction","target":{"@type":"EntryPoint","urlTemplate":"https:\/\/www.parcodolomitifriulane.it\/?s={search_term_string}"},"query-input":{"@type":"PropertyValueSpecification","valueRequired":true,"valueName":"search_term_string"}}],"inLanguage":"en-GB"},{"@type":"Organization","@id":"https:\/\/www.parcodolomitifriulane.it\/#organization","name":"Parco Dolomiti Friulane","url":"https:\/\/www.parcodolomitifriulane.it\/","logo":{"@type":"ImageObject","inLanguage":"en-GB","@id":"https:\/\/www.parcodolomitifriulane.it\/#\/schema\/logo\/image\/","url":"https:\/\/www.parcodolomitifriulane.it\/wp-content\/uploads\/2022\/06\/cropped-logo-1.png","contentUrl":"https:\/\/www.parcodolomitifriulane.it\/wp-content\/uploads\/2022\/06\/cropped-logo-1.png","width":4685,"height":2773,"caption":"Parco Dolomiti Friulane"},"image":{"@id":"https:\/\/www.parcodolomitifriulane.it\/#\/schema\/logo\/image\/"},"sameAs":["https:\/\/www.facebook.com\/dolomitifriulane","https:\/\/x.com\/parcoDF","https:\/\/www.instagram.com\/dolomitifriulane\/","https:\/\/www.youtube.com\/user\/DOLOMITIFRIULANEPARK"]}]}},"_links":{"self":[{"href":"https:\/\/www.parcodolomitifriulane.it\/en\/wp-json\/wp\/v2\/event_listing\/16860","targetHints":{"allow":["GET"]}}],"collection":[{"href":"https:\/\/www.parcodolomitifriulane.it\/en\/wp-json\/wp\/v2\/event_listing"}],"about":[{"href":"https:\/\/www.parcodolomitifriulane.it\/en\/wp-json\/wp\/v2\/types\/event_listing"}],"version-history":[{"count":0,"href":"https:\/\/www.parcodolomitifriulane.it\/en\/wp-json\/wp\/v2\/event_listing\/16860\/revisions"}],"wp:featuredmedia":[{"embeddable":true,"href":"https:\/\/www.parcodolomitifriulane.it\/en\/wp-json\/wp\/v2\/media\/17251"}],"wp:attachment":[{"href":"https:\/\/www.parcodolomitifriulane.it\/en\/wp-json\/wp\/v2\/media?parent=16860"}],"wp:term":[{"taxonomy":"event_listing_category","embeddable":true,"href":"https:\/\/www.parcodolomitifriulane.it\/en\/wp-json\/wp\/v2\/event_listing_category?post=16860"}],"curies":[{"name":"wp","href":"https:\/\/api.w.org\/{rel}","templated":true}]}}