{"id":16888,"date":"2023-11-10T23:24:48","date_gmt":"2023-11-10T22:24:48","guid":{"rendered":"https:\/\/www.parcodolomitifriulane.it\/?post_type=event_listing&#038;p=16888"},"modified":"2024-02-17T00:37:32","modified_gmt":"2024-02-16T23:37:32","slug":"20-arrampicando-sulla-neve-corso-di-alpinismo-invernale","status":"expired","type":"event_listing","link":"https:\/\/www.parcodolomitifriulane.it\/en\/event\/20-arrampicando-sulla-neve-corso-di-alpinismo-invernale\/","title":{"rendered":"*WORKSHOP DI ALPINISMO INVERNALE: TECNICHE E SEGRETI"},"content":{"rendered":"<p>DATA: SABATO E DOMENICA 17\/18 FEBBRAIO \u00a02024<br>GUIDA: FRANCESCO LORENZI (Tel. 3401346981)<\/p>\n\n\n\n<p><strong>MINICORSO ALPINISMO INVERNALE: ARRAMPICANDO SULLA NEVE<\/strong><\/p>\n\n\n\n<p>Due giornate dedicate a chi desidera avvicinarsi alla montagna in veste invernale imparando a conoscere, utilizzare e gestire l\u2019attrezzatura e le tecniche che permettono di affrontare itinerari sempre pi\u00f9 tecnici ed impegnativi su neve\/ghiaccio.<\/p>\n\n\n\n<p>Si incomincer\u00e0 analizzando il materiale necessario per affrontare percorsi invernali come, ad esempio, ramponi e picozza. Si passer\u00e0 poi ad affinare la tecnica di progressione chiamata \u201ccramponage\u201d analizzando tutti gli aspetti legati all\u2019equilibrio che miglioreranno e renderanno pi\u00f9 sicura la nostra camminata anche sui terreni estivi pi\u00f9 insidiosi. Durante le due giornate si impareranno anche i metodi di legatura e di gestione della corda per affrontare brevi tratti impegnativi con le manovre di sicurezza. Ci sar\u00e0 spazio, infine, per analizzare quali sono rischi e pericoli oggettivi dell\u2019ambiente invernale per comprendere come poterli gestire e mitigare in maniera efficace.<\/p>\n\n\n\n<p>NB: L\u2019evento non richiede requisiti tecnici di partenza ai partecipanti ed \u00e8 adatto a tutti coloro che possiedono un buon stato di salute. Si terr\u00e0 tra i comuni di Claut, Cimolais ed Erto dove ci sposteremo pi\u00f9 o meno in quota in base alle condizioni di innevamento del periodo.<\/p>\n\n\n\n<p>L\u2019attrezzatura personale \u00e8 obbligatoria, se non si \u00e8 in possesso di qualcosa o per qualsiasi consiglio contattare la guida.<\/p>\n\n\n\n<p>Testo: FRANCESCO LORENZI<\/p>\n\n\n\n<p>INFORMAZIONI:<br>Tipologia: Corso<br>Difficolt\u00e0: Facile\/medio.<br>Dislivello: variabile<br>Durata: 2 GG<\/p>\n\n\n\n<p>Abbigliamento e attrezzatura: scarponi invernali ramponabili-ramponi classici 12 punte adatti allo scarpone-picozza-casco-imbrago-3 moschettoni a ghiera-cordino in kevlar 120 cm-zaino-bastoncini-2 paia di guanti-ghette-vestiario adeguato alle condizioni invernali: -piumino e giacca antivento-pantaloni invernali-intimo tecnico traspirante-secondo strato windstopper-calzettoni tecnici- berretto-buff.<\/p>\n\n\n\n<p>Bevande e viveri vari.<br>Ritrovo: centro visite Cimolais ore 8:00.<br>Tariffa: 50,00 euro adulti; 26,00 euro per chi ha pi\u00f9 di 70 anni<\/p>\n\n\n\n<p><strong>Prenotazione obbligatoria tramite WhatsApp al n. 331.6481395<\/strong><\/p>","protected":false},"featured_media":16891,"template":"","meta":{"_acf_changed":false},"event_listing_category":[136],"class_list":["post-16888","event_listing","type-event_listing","status-expired","has-post-thumbnail","hentry","event_listing_category-semplici-per-tutti"],"acf":[],"yoast_head":"<!-- This site is optimized with the Yoast SEO plugin v27.5 - https:\/\/yoast.com\/product\/yoast-seo-wordpress\/ -->\n<title>*WORKSHOP DI ALPINISMO INVERNALE: TECNICHE E SEGRETI | Parco Dolomiti Friulane<\/title>\n<meta name=\"robots\" content=\"index, follow, max-snippet:-1, max-image-preview:large, max-video-preview:-1\" \/>\n<link rel=\"canonical\" href=\"https:\/\/www.parcodolomitifriulane.it\/en\/evento\/20-arrampicando-sulla-neve-corso-di-alpinismo-invernale\/\" \/>\n<meta property=\"og:locale\" content=\"en_GB\" \/>\n<meta property=\"og:type\" content=\"article\" \/>\n<meta property=\"og:title\" content=\"*WORKSHOP DI ALPINISMO INVERNALE: TECNICHE E SEGRETI | Parco Dolomiti Friulane\" \/>\n<meta property=\"og:description\" content=\"DATA: SABATO E DOMENICA 17\/18 FEBBRAIO \u00a02024GUIDA: FRANCESCO LORENZI (Tel. 3401346981) MINICORSO ALPINISMO INVERNALE: ARRAMPICANDO SULLA NEVE Due giornate dedicate a chi desidera avvicinarsi alla montagna [\u2026]\" \/>\n<meta property=\"og:url\" content=\"https:\/\/www.parcodolomitifriulane.it\/en\/evento\/20-arrampicando-sulla-neve-corso-di-alpinismo-invernale\/\" \/>\n<meta property=\"og:site_name\" content=\"Parco Dolomiti Friulane\" \/>\n<meta property=\"article:publisher\" content=\"https:\/\/www.facebook.com\/dolomitifriulane\" \/>\n<meta property=\"article:modified_time\" content=\"2024-02-16T23:37:32+00:00\" \/>\n<meta property=\"og:image\" content=\"https:\/\/www.parcodolomitifriulane.it\/wp-content\/uploads\/2023\/11\/scialp-claut-fazzi-7.jpg\" \/>\n\t<meta property=\"og:image:width\" content=\"2048\" \/>\n\t<meta property=\"og:image:height\" content=\"1152\" \/>\n\t<meta property=\"og:image:type\" content=\"image\/jpeg\" \/>\n<meta name=\"twitter:card\" content=\"summary_large_image\" \/>\n<meta name=\"twitter:site\" content=\"@parcoDF\" \/>\n<meta name=\"twitter:label1\" content=\"Estimated reading time\" \/>\n\t<meta name=\"twitter:data1\" content=\"2 minutes\" \/>\n<script type=\"application\/ld+json\" class=\"yoast-schema-graph\">{\"@context\":\"https:\\\/\\\/schema.org\",\"@graph\":[{\"@type\":\"WebPage\",\"@id\":\"https:\\\/\\\/www.parcodolomitifriulane.it\\\/evento\\\/20-arrampicando-sulla-neve-corso-di-alpinismo-invernale\\\/\",\"url\":\"https:\\\/\\\/www.parcodolomitifriulane.it\\\/evento\\\/20-arrampicando-sulla-neve-corso-di-alpinismo-invernale\\\/\",\"name\":\"*WORKSHOP DI ALPINISMO INVERNALE: TECNICHE E SEGRETI | Parco Dolomiti Friulane\",\"isPartOf\":{\"@id\":\"https:\\\/\\\/www.parcodolomitifriulane.it\\\/#website\"},\"primaryImageOfPage\":{\"@id\":\"https:\\\/\\\/www.parcodolomitifriulane.it\\\/evento\\\/20-arrampicando-sulla-neve-corso-di-alpinismo-invernale\\\/#primaryimage\"},\"image\":{\"@id\":\"https:\\\/\\\/www.parcodolomitifriulane.it\\\/evento\\\/20-arrampicando-sulla-neve-corso-di-alpinismo-invernale\\\/#primaryimage\"},\"thumbnailUrl\":\"https:\\\/\\\/www.parcodolomitifriulane.it\\\/wp-content\\\/uploads\\\/2023\\\/11\\\/scialp-claut-fazzi-7.jpg\",\"datePublished\":\"2023-11-10T22:24:48+00:00\",\"dateModified\":\"2024-02-16T23:37:32+00:00\",\"breadcrumb\":{\"@id\":\"https:\\\/\\\/www.parcodolomitifriulane.it\\\/evento\\\/20-arrampicando-sulla-neve-corso-di-alpinismo-invernale\\\/#breadcrumb\"},\"inLanguage\":\"en-GB\",\"potentialAction\":[{\"@type\":\"ReadAction\",\"target\":[\"https:\\\/\\\/www.parcodolomitifriulane.it\\\/evento\\\/20-arrampicando-sulla-neve-corso-di-alpinismo-invernale\\\/\"]}]},{\"@type\":\"ImageObject\",\"inLanguage\":\"en-GB\",\"@id\":\"https:\\\/\\\/www.parcodolomitifriulane.it\\\/evento\\\/20-arrampicando-sulla-neve-corso-di-alpinismo-invernale\\\/#primaryimage\",\"url\":\"https:\\\/\\\/www.parcodolomitifriulane.it\\\/wp-content\\\/uploads\\\/2023\\\/11\\\/scialp-claut-fazzi-7.jpg\",\"contentUrl\":\"https:\\\/\\\/www.parcodolomitifriulane.it\\\/wp-content\\\/uploads\\\/2023\\\/11\\\/scialp-claut-fazzi-7.jpg\",\"width\":2048,\"height\":1152},{\"@type\":\"BreadcrumbList\",\"@id\":\"https:\\\/\\\/www.parcodolomitifriulane.it\\\/evento\\\/20-arrampicando-sulla-neve-corso-di-alpinismo-invernale\\\/#breadcrumb\",\"itemListElement\":[{\"@type\":\"ListItem\",\"position\":1,\"name\":\"Home\",\"item\":\"https:\\\/\\\/www.parcodolomitifriulane.it\\\/\"},{\"@type\":\"ListItem\",\"position\":2,\"name\":\"*WORKSHOP DI ALPINISMO INVERNALE: TECNICHE E SEGRETI\"}]},{\"@type\":\"WebSite\",\"@id\":\"https:\\\/\\\/www.parcodolomitifriulane.it\\\/#website\",\"url\":\"https:\\\/\\\/www.parcodolomitifriulane.it\\\/\",\"name\":\"Parco Dolomiti Friulane\",\"description\":\"Tutto Straordinariamente Emoz\",\"publisher\":{\"@id\":\"https:\\\/\\\/www.parcodolomitifriulane.it\\\/#organization\"},\"potentialAction\":[{\"@type\":\"SearchAction\",\"target\":{\"@type\":\"EntryPoint\",\"urlTemplate\":\"https:\\\/\\\/www.parcodolomitifriulane.it\\\/?s={search_term_string}\"},\"query-input\":{\"@type\":\"PropertyValueSpecification\",\"valueRequired\":true,\"valueName\":\"search_term_string\"}}],\"inLanguage\":\"en-GB\"},{\"@type\":\"Organization\",\"@id\":\"https:\\\/\\\/www.parcodolomitifriulane.it\\\/#organization\",\"name\":\"Parco Dolomiti Friulane\",\"url\":\"https:\\\/\\\/www.parcodolomitifriulane.it\\\/\",\"logo\":{\"@type\":\"ImageObject\",\"inLanguage\":\"en-GB\",\"@id\":\"https:\\\/\\\/www.parcodolomitifriulane.it\\\/#\\\/schema\\\/logo\\\/image\\\/\",\"url\":\"https:\\\/\\\/www.parcodolomitifriulane.it\\\/wp-content\\\/uploads\\\/2022\\\/06\\\/cropped-logo-1.png\",\"contentUrl\":\"https:\\\/\\\/www.parcodolomitifriulane.it\\\/wp-content\\\/uploads\\\/2022\\\/06\\\/cropped-logo-1.png\",\"width\":4685,\"height\":2773,\"caption\":\"Parco Dolomiti Friulane\"},\"image\":{\"@id\":\"https:\\\/\\\/www.parcodolomitifriulane.it\\\/#\\\/schema\\\/logo\\\/image\\\/\"},\"sameAs\":[\"https:\\\/\\\/www.facebook.com\\\/dolomitifriulane\",\"https:\\\/\\\/x.com\\\/parcoDF\",\"https:\\\/\\\/www.instagram.com\\\/dolomitifriulane\\\/\",\"https:\\\/\\\/www.youtube.com\\\/user\\\/DOLOMITIFRIULANEPARK\"]}]}<\/script>\n<!-- \/ Yoast SEO plugin. -->","yoast_head_json":{"title":"*WORKSHOP DI ALPINISMO INVERNALE: TECNICHE E SEGRETI | Parco Dolomiti Friulane","robots":{"index":"index","follow":"follow","max-snippet":"max-snippet:-1","max-image-preview":"max-image-preview:large","max-video-preview":"max-video-preview:-1"},"canonical":"https:\/\/www.parcodolomitifriulane.it\/en\/evento\/20-arrampicando-sulla-neve-corso-di-alpinismo-invernale\/","og_locale":"en_GB","og_type":"article","og_title":"*WORKSHOP DI ALPINISMO INVERNALE: TECNICHE E SEGRETI | Parco Dolomiti Friulane","og_description":"DATA: SABATO E DOMENICA 17\/18 FEBBRAIO \u00a02024GUIDA: FRANCESCO LORENZI (Tel. 3401346981) MINICORSO ALPINISMO INVERNALE: ARRAMPICANDO SULLA NEVE Due giornate dedicate a chi desidera avvicinarsi alla montagna [\u2026]","og_url":"https:\/\/www.parcodolomitifriulane.it\/en\/evento\/20-arrampicando-sulla-neve-corso-di-alpinismo-invernale\/","og_site_name":"Parco Dolomiti Friulane","article_publisher":"https:\/\/www.facebook.com\/dolomitifriulane","article_modified_time":"2024-02-16T23:37:32+00:00","og_image":[{"width":2048,"height":1152,"url":"https:\/\/www.parcodolomitifriulane.it\/wp-content\/uploads\/2023\/11\/scialp-claut-fazzi-7.jpg","type":"image\/jpeg"}],"twitter_card":"summary_large_image","twitter_site":"@parcoDF","twitter_misc":{"Estimated reading time":"2 minutes"},"schema":{"@context":"https:\/\/schema.org","@graph":[{"@type":"WebPage","@id":"https:\/\/www.parcodolomitifriulane.it\/evento\/20-arrampicando-sulla-neve-corso-di-alpinismo-invernale\/","url":"https:\/\/www.parcodolomitifriulane.it\/evento\/20-arrampicando-sulla-neve-corso-di-alpinismo-invernale\/","name":"*WORKSHOP DI ALPINISMO INVERNALE: TECNICHE E SEGRETI | Parco Dolomiti Friulane","isPartOf":{"@id":"https:\/\/www.parcodolomitifriulane.it\/#website"},"primaryImageOfPage":{"@id":"https:\/\/www.parcodolomitifriulane.it\/evento\/20-arrampicando-sulla-neve-corso-di-alpinismo-invernale\/#primaryimage"},"image":{"@id":"https:\/\/www.parcodolomitifriulane.it\/evento\/20-arrampicando-sulla-neve-corso-di-alpinismo-invernale\/#primaryimage"},"thumbnailUrl":"https:\/\/www.parcodolomitifriulane.it\/wp-content\/uploads\/2023\/11\/scialp-claut-fazzi-7.jpg","datePublished":"2023-11-10T22:24:48+00:00","dateModified":"2024-02-16T23:37:32+00:00","breadcrumb":{"@id":"https:\/\/www.parcodolomitifriulane.it\/evento\/20-arrampicando-sulla-neve-corso-di-alpinismo-invernale\/#breadcrumb"},"inLanguage":"en-GB","potentialAction":[{"@type":"ReadAction","target":["https:\/\/www.parcodolomitifriulane.it\/evento\/20-arrampicando-sulla-neve-corso-di-alpinismo-invernale\/"]}]},{"@type":"ImageObject","inLanguage":"en-GB","@id":"https:\/\/www.parcodolomitifriulane.it\/evento\/20-arrampicando-sulla-neve-corso-di-alpinismo-invernale\/#primaryimage","url":"https:\/\/www.parcodolomitifriulane.it\/wp-content\/uploads\/2023\/11\/scialp-claut-fazzi-7.jpg","contentUrl":"https:\/\/www.parcodolomitifriulane.it\/wp-content\/uploads\/2023\/11\/scialp-claut-fazzi-7.jpg","width":2048,"height":1152},{"@type":"BreadcrumbList","@id":"https:\/\/www.parcodolomitifriulane.it\/evento\/20-arrampicando-sulla-neve-corso-di-alpinismo-invernale\/#breadcrumb","itemListElement":[{"@type":"ListItem","position":1,"name":"Home","item":"https:\/\/www.parcodolomitifriulane.it\/"},{"@type":"ListItem","position":2,"name":"*WORKSHOP DI ALPINISMO INVERNALE: TECNICHE E SEGRETI"}]},{"@type":"WebSite","@id":"https:\/\/www.parcodolomitifriulane.it\/#website","url":"https:\/\/www.parcodolomitifriulane.it\/","name":"Parco Dolomiti Friulane","description":"Tutto Straordinariamente Emoz","publisher":{"@id":"https:\/\/www.parcodolomitifriulane.it\/#organization"},"potentialAction":[{"@type":"SearchAction","target":{"@type":"EntryPoint","urlTemplate":"https:\/\/www.parcodolomitifriulane.it\/?s={search_term_string}"},"query-input":{"@type":"PropertyValueSpecification","valueRequired":true,"valueName":"search_term_string"}}],"inLanguage":"en-GB"},{"@type":"Organization","@id":"https:\/\/www.parcodolomitifriulane.it\/#organization","name":"Parco Dolomiti Friulane","url":"https:\/\/www.parcodolomitifriulane.it\/","logo":{"@type":"ImageObject","inLanguage":"en-GB","@id":"https:\/\/www.parcodolomitifriulane.it\/#\/schema\/logo\/image\/","url":"https:\/\/www.parcodolomitifriulane.it\/wp-content\/uploads\/2022\/06\/cropped-logo-1.png","contentUrl":"https:\/\/www.parcodolomitifriulane.it\/wp-content\/uploads\/2022\/06\/cropped-logo-1.png","width":4685,"height":2773,"caption":"Parco Dolomiti Friulane"},"image":{"@id":"https:\/\/www.parcodolomitifriulane.it\/#\/schema\/logo\/image\/"},"sameAs":["https:\/\/www.facebook.com\/dolomitifriulane","https:\/\/x.com\/parcoDF","https:\/\/www.instagram.com\/dolomitifriulane\/","https:\/\/www.youtube.com\/user\/DOLOMITIFRIULANEPARK"]}]}},"_links":{"self":[{"href":"https:\/\/www.parcodolomitifriulane.it\/en\/wp-json\/wp\/v2\/event_listing\/16888","targetHints":{"allow":["GET"]}}],"collection":[{"href":"https:\/\/www.parcodolomitifriulane.it\/en\/wp-json\/wp\/v2\/event_listing"}],"about":[{"href":"https:\/\/www.parcodolomitifriulane.it\/en\/wp-json\/wp\/v2\/types\/event_listing"}],"version-history":[{"count":0,"href":"https:\/\/www.parcodolomitifriulane.it\/en\/wp-json\/wp\/v2\/event_listing\/16888\/revisions"}],"wp:featuredmedia":[{"embeddable":true,"href":"https:\/\/www.parcodolomitifriulane.it\/en\/wp-json\/wp\/v2\/media\/16891"}],"wp:attachment":[{"href":"https:\/\/www.parcodolomitifriulane.it\/en\/wp-json\/wp\/v2\/media?parent=16888"}],"wp:term":[{"taxonomy":"event_listing_category","embeddable":true,"href":"https:\/\/www.parcodolomitifriulane.it\/en\/wp-json\/wp\/v2\/event_listing_category?post=16888"}],"curies":[{"name":"wp","href":"https:\/\/api.w.org\/{rel}","templated":true}]}}