{"id":16907,"date":"2023-11-10T23:37:47","date_gmt":"2023-11-10T22:37:47","guid":{"rendered":"https:\/\/www.parcodolomitifriulane.it\/?post_type=event_listing&#038;p=16907"},"modified":"2024-02-14T00:37:18","modified_gmt":"2024-02-13T23:37:18","slug":"27-un-san-valentino-a-erto","status":"expired","type":"event_listing","link":"https:\/\/www.parcodolomitifriulane.it\/en\/event\/27-un-san-valentino-a-erto\/","title":{"rendered":"*SAN VALENTINO PER SELVATICI A ERTO PASSEGGIATA SERALE CON CENA TIPICA"},"content":{"rendered":"<p>DATA:\u00a0 Mercoled\u00ec 14 febbraio 2024<br>GUIDA: FRANCO POLO ( 3348149598 )<\/p>\n\n\n\n<p>Passeggiata serale a Erto con cena \u2013 le fontane di San Valentino<\/p>\n\n\n\n<p>Un\u2019escursione tra borghi, dove il vecchio e nuovo sono distinti, ogni borgo una fontana, nel giorno di San Valentino, non importa se l\u2019amore \u00e8 verso una persona o una situazione, un paese che non si vuole abbandonare nonostante tutto e se non siete innamorati faremo di tutto perch\u00e9 alla fine del percorso lo siate di ci\u00f2 che avrete vissuto, le fontane si stanno sgelando, la primavera non \u00e8 poi cos\u00ec lontana.<\/p>\n\n\n\n<p>Il ritrovo \u00e8 previsto alle ore 17:00 a Erto al Centro visite del Parco, da qui parte l\u2019itinerario per un breve giro del paese vecchio fontana e chiesetta della Madonna della Salute;\u00a0in salita ora su pista ciclabile ad Erto verso est,\u00a0 200 metri di strada statale e si entra a San Romedio che si attraversa salendo dalla strada che da Erto porta in Val Zemola, salita su sentiero \u00a0al borgo di Sciavale, ritornando su strada ad una piccola edicola (S. Liberale), prendiamo la stradina che si porta alla borgata di Forcai e alla fontana del borgo in salita mediante sentiero fino al balcone da dove si possono ammirare tutte le luci dei borghi della valle, da San Martino fino a Pineda, Prada e Marzana.<\/p>\n\n\n\n<p>Mediante scalinata arriveremo al centro del paese nuovo ovvero di Stortan \u00e8 questo il nome della localit\u00e0 dove a seguito dei fatti noti del Vajont venne costruita\u00a0Erto nuova, non ci resta che attraversare la strada statale che divide Erto nuova da Erto vecchia dove a chiusura escursione \u00e8 prevista cena in un locale tipico Marchio Qualit\u00e0 Parco. <\/p>\n\n\n\n<p>Testo: Franco Polo<br><br>Durata escursione: 3 ore circa (calcolata con le soste dal momento del ritrovo)<br>Tipologia escursione: escursione ad anello<br>Difficolt\u00e0: escursionistica facile<br>Dislivello: 280metri<br>Lunghezza: 5 km<br>Attrezzatura: scarpe da trekking\/scarponi, abbigliamento adeguato alla stagione<br>Ritrovo: Centro visite di Erto ore 17.00<br>Tariffa: 7,00 euro adulti; 4,00 euro per i ragazzi sotto i 12 anni e per chi ha pi\u00f9 di 70 anni<\/p>\n\n\n\n<p><strong>Prenotazione obbligatoria tramite WhatsApp al n. 331.6481395<\/strong><\/p>","protected":false},"featured_media":16911,"template":"","meta":{"_acf_changed":false},"event_listing_category":[136],"class_list":["post-16907","event_listing","type-event_listing","status-expired","has-post-thumbnail","hentry","event_listing_category-semplici-per-tutti"],"acf":[],"yoast_head":"<!-- This site is optimized with the Yoast SEO plugin v27.5 - https:\/\/yoast.com\/product\/yoast-seo-wordpress\/ -->\n<title>*SAN VALENTINO PER SELVATICI A ERTO PASSEGGIATA SERALE CON CENA TIPICA | Parco Dolomiti Friulane<\/title>\n<meta name=\"robots\" content=\"index, follow, max-snippet:-1, max-image-preview:large, max-video-preview:-1\" \/>\n<link rel=\"canonical\" href=\"https:\/\/www.parcodolomitifriulane.it\/en\/evento\/27-un-san-valentino-a-erto\/\" \/>\n<meta property=\"og:locale\" content=\"en_GB\" \/>\n<meta property=\"og:type\" content=\"article\" \/>\n<meta property=\"og:title\" content=\"*SAN VALENTINO PER SELVATICI A ERTO PASSEGGIATA SERALE CON CENA TIPICA | Parco Dolomiti Friulane\" \/>\n<meta property=\"og:description\" content=\"DATA:\u00a0 Mercoled\u00ec 14 febbraio 2024GUIDA: FRANCO POLO ( 3348149598 ) Passeggiata serale a Erto con cena \u2013 le fontane di San Valentino Un\u2019escursione tra borghi, dove [\u2026]\" \/>\n<meta property=\"og:url\" content=\"https:\/\/www.parcodolomitifriulane.it\/en\/evento\/27-un-san-valentino-a-erto\/\" \/>\n<meta property=\"og:site_name\" content=\"Parco Dolomiti Friulane\" \/>\n<meta property=\"article:publisher\" content=\"https:\/\/www.facebook.com\/dolomitifriulane\" \/>\n<meta property=\"article:modified_time\" content=\"2024-02-13T23:37:18+00:00\" \/>\n<meta property=\"og:image\" content=\"https:\/\/www.parcodolomitifriulane.it\/wp-content\/uploads\/2023\/11\/27-san-valentino-a-erto.jpg\" \/>\n\t<meta property=\"og:image:width\" content=\"1080\" \/>\n\t<meta property=\"og:image:height\" content=\"810\" \/>\n\t<meta property=\"og:image:type\" content=\"image\/jpeg\" \/>\n<meta name=\"twitter:card\" content=\"summary_large_image\" \/>\n<meta name=\"twitter:site\" content=\"@parcoDF\" \/>\n<meta name=\"twitter:label1\" content=\"Estimated reading time\" \/>\n\t<meta name=\"twitter:data1\" content=\"3 minutes\" \/>\n<script type=\"application\/ld+json\" class=\"yoast-schema-graph\">{\"@context\":\"https:\\\/\\\/schema.org\",\"@graph\":[{\"@type\":\"WebPage\",\"@id\":\"https:\\\/\\\/www.parcodolomitifriulane.it\\\/evento\\\/27-un-san-valentino-a-erto\\\/\",\"url\":\"https:\\\/\\\/www.parcodolomitifriulane.it\\\/evento\\\/27-un-san-valentino-a-erto\\\/\",\"name\":\"*SAN VALENTINO PER SELVATICI A ERTO PASSEGGIATA SERALE CON CENA TIPICA | Parco Dolomiti Friulane\",\"isPartOf\":{\"@id\":\"https:\\\/\\\/www.parcodolomitifriulane.it\\\/#website\"},\"primaryImageOfPage\":{\"@id\":\"https:\\\/\\\/www.parcodolomitifriulane.it\\\/evento\\\/27-un-san-valentino-a-erto\\\/#primaryimage\"},\"image\":{\"@id\":\"https:\\\/\\\/www.parcodolomitifriulane.it\\\/evento\\\/27-un-san-valentino-a-erto\\\/#primaryimage\"},\"thumbnailUrl\":\"https:\\\/\\\/www.parcodolomitifriulane.it\\\/wp-content\\\/uploads\\\/2023\\\/11\\\/27-san-valentino-a-erto.jpg\",\"datePublished\":\"2023-11-10T22:37:47+00:00\",\"dateModified\":\"2024-02-13T23:37:18+00:00\",\"breadcrumb\":{\"@id\":\"https:\\\/\\\/www.parcodolomitifriulane.it\\\/evento\\\/27-un-san-valentino-a-erto\\\/#breadcrumb\"},\"inLanguage\":\"en-GB\",\"potentialAction\":[{\"@type\":\"ReadAction\",\"target\":[\"https:\\\/\\\/www.parcodolomitifriulane.it\\\/evento\\\/27-un-san-valentino-a-erto\\\/\"]}]},{\"@type\":\"ImageObject\",\"inLanguage\":\"en-GB\",\"@id\":\"https:\\\/\\\/www.parcodolomitifriulane.it\\\/evento\\\/27-un-san-valentino-a-erto\\\/#primaryimage\",\"url\":\"https:\\\/\\\/www.parcodolomitifriulane.it\\\/wp-content\\\/uploads\\\/2023\\\/11\\\/27-san-valentino-a-erto.jpg\",\"contentUrl\":\"https:\\\/\\\/www.parcodolomitifriulane.it\\\/wp-content\\\/uploads\\\/2023\\\/11\\\/27-san-valentino-a-erto.jpg\",\"width\":1080,\"height\":810},{\"@type\":\"BreadcrumbList\",\"@id\":\"https:\\\/\\\/www.parcodolomitifriulane.it\\\/evento\\\/27-un-san-valentino-a-erto\\\/#breadcrumb\",\"itemListElement\":[{\"@type\":\"ListItem\",\"position\":1,\"name\":\"Home\",\"item\":\"https:\\\/\\\/www.parcodolomitifriulane.it\\\/\"},{\"@type\":\"ListItem\",\"position\":2,\"name\":\"*SAN VALENTINO PER SELVATICI A ERTO PASSEGGIATA SERALE CON CENA TIPICA\"}]},{\"@type\":\"WebSite\",\"@id\":\"https:\\\/\\\/www.parcodolomitifriulane.it\\\/#website\",\"url\":\"https:\\\/\\\/www.parcodolomitifriulane.it\\\/\",\"name\":\"Parco Dolomiti Friulane\",\"description\":\"Tutto Straordinariamente Emoz\",\"publisher\":{\"@id\":\"https:\\\/\\\/www.parcodolomitifriulane.it\\\/#organization\"},\"potentialAction\":[{\"@type\":\"SearchAction\",\"target\":{\"@type\":\"EntryPoint\",\"urlTemplate\":\"https:\\\/\\\/www.parcodolomitifriulane.it\\\/?s={search_term_string}\"},\"query-input\":{\"@type\":\"PropertyValueSpecification\",\"valueRequired\":true,\"valueName\":\"search_term_string\"}}],\"inLanguage\":\"en-GB\"},{\"@type\":\"Organization\",\"@id\":\"https:\\\/\\\/www.parcodolomitifriulane.it\\\/#organization\",\"name\":\"Parco Dolomiti Friulane\",\"url\":\"https:\\\/\\\/www.parcodolomitifriulane.it\\\/\",\"logo\":{\"@type\":\"ImageObject\",\"inLanguage\":\"en-GB\",\"@id\":\"https:\\\/\\\/www.parcodolomitifriulane.it\\\/#\\\/schema\\\/logo\\\/image\\\/\",\"url\":\"https:\\\/\\\/www.parcodolomitifriulane.it\\\/wp-content\\\/uploads\\\/2022\\\/06\\\/cropped-logo-1.png\",\"contentUrl\":\"https:\\\/\\\/www.parcodolomitifriulane.it\\\/wp-content\\\/uploads\\\/2022\\\/06\\\/cropped-logo-1.png\",\"width\":4685,\"height\":2773,\"caption\":\"Parco Dolomiti Friulane\"},\"image\":{\"@id\":\"https:\\\/\\\/www.parcodolomitifriulane.it\\\/#\\\/schema\\\/logo\\\/image\\\/\"},\"sameAs\":[\"https:\\\/\\\/www.facebook.com\\\/dolomitifriulane\",\"https:\\\/\\\/x.com\\\/parcoDF\",\"https:\\\/\\\/www.instagram.com\\\/dolomitifriulane\\\/\",\"https:\\\/\\\/www.youtube.com\\\/user\\\/DOLOMITIFRIULANEPARK\"]}]}<\/script>\n<!-- \/ Yoast SEO plugin. -->","yoast_head_json":{"title":"*SAN VALENTINO PER SELVATICI A ERTO PASSEGGIATA SERALE CON CENA TIPICA | Parco Dolomiti Friulane","robots":{"index":"index","follow":"follow","max-snippet":"max-snippet:-1","max-image-preview":"max-image-preview:large","max-video-preview":"max-video-preview:-1"},"canonical":"https:\/\/www.parcodolomitifriulane.it\/en\/evento\/27-un-san-valentino-a-erto\/","og_locale":"en_GB","og_type":"article","og_title":"*SAN VALENTINO PER SELVATICI A ERTO PASSEGGIATA SERALE CON CENA TIPICA | Parco Dolomiti Friulane","og_description":"DATA:\u00a0 Mercoled\u00ec 14 febbraio 2024GUIDA: FRANCO POLO ( 3348149598 ) Passeggiata serale a Erto con cena \u2013 le fontane di San Valentino Un\u2019escursione tra borghi, dove [\u2026]","og_url":"https:\/\/www.parcodolomitifriulane.it\/en\/evento\/27-un-san-valentino-a-erto\/","og_site_name":"Parco Dolomiti Friulane","article_publisher":"https:\/\/www.facebook.com\/dolomitifriulane","article_modified_time":"2024-02-13T23:37:18+00:00","og_image":[{"width":1080,"height":810,"url":"https:\/\/www.parcodolomitifriulane.it\/wp-content\/uploads\/2023\/11\/27-san-valentino-a-erto.jpg","type":"image\/jpeg"}],"twitter_card":"summary_large_image","twitter_site":"@parcoDF","twitter_misc":{"Estimated reading time":"3 minutes"},"schema":{"@context":"https:\/\/schema.org","@graph":[{"@type":"WebPage","@id":"https:\/\/www.parcodolomitifriulane.it\/evento\/27-un-san-valentino-a-erto\/","url":"https:\/\/www.parcodolomitifriulane.it\/evento\/27-un-san-valentino-a-erto\/","name":"*SAN VALENTINO PER SELVATICI A ERTO PASSEGGIATA SERALE CON CENA TIPICA | Parco Dolomiti Friulane","isPartOf":{"@id":"https:\/\/www.parcodolomitifriulane.it\/#website"},"primaryImageOfPage":{"@id":"https:\/\/www.parcodolomitifriulane.it\/evento\/27-un-san-valentino-a-erto\/#primaryimage"},"image":{"@id":"https:\/\/www.parcodolomitifriulane.it\/evento\/27-un-san-valentino-a-erto\/#primaryimage"},"thumbnailUrl":"https:\/\/www.parcodolomitifriulane.it\/wp-content\/uploads\/2023\/11\/27-san-valentino-a-erto.jpg","datePublished":"2023-11-10T22:37:47+00:00","dateModified":"2024-02-13T23:37:18+00:00","breadcrumb":{"@id":"https:\/\/www.parcodolomitifriulane.it\/evento\/27-un-san-valentino-a-erto\/#breadcrumb"},"inLanguage":"en-GB","potentialAction":[{"@type":"ReadAction","target":["https:\/\/www.parcodolomitifriulane.it\/evento\/27-un-san-valentino-a-erto\/"]}]},{"@type":"ImageObject","inLanguage":"en-GB","@id":"https:\/\/www.parcodolomitifriulane.it\/evento\/27-un-san-valentino-a-erto\/#primaryimage","url":"https:\/\/www.parcodolomitifriulane.it\/wp-content\/uploads\/2023\/11\/27-san-valentino-a-erto.jpg","contentUrl":"https:\/\/www.parcodolomitifriulane.it\/wp-content\/uploads\/2023\/11\/27-san-valentino-a-erto.jpg","width":1080,"height":810},{"@type":"BreadcrumbList","@id":"https:\/\/www.parcodolomitifriulane.it\/evento\/27-un-san-valentino-a-erto\/#breadcrumb","itemListElement":[{"@type":"ListItem","position":1,"name":"Home","item":"https:\/\/www.parcodolomitifriulane.it\/"},{"@type":"ListItem","position":2,"name":"*SAN VALENTINO PER SELVATICI A ERTO PASSEGGIATA SERALE CON CENA TIPICA"}]},{"@type":"WebSite","@id":"https:\/\/www.parcodolomitifriulane.it\/#website","url":"https:\/\/www.parcodolomitifriulane.it\/","name":"Parco Dolomiti Friulane","description":"Tutto Straordinariamente Emoz","publisher":{"@id":"https:\/\/www.parcodolomitifriulane.it\/#organization"},"potentialAction":[{"@type":"SearchAction","target":{"@type":"EntryPoint","urlTemplate":"https:\/\/www.parcodolomitifriulane.it\/?s={search_term_string}"},"query-input":{"@type":"PropertyValueSpecification","valueRequired":true,"valueName":"search_term_string"}}],"inLanguage":"en-GB"},{"@type":"Organization","@id":"https:\/\/www.parcodolomitifriulane.it\/#organization","name":"Parco Dolomiti Friulane","url":"https:\/\/www.parcodolomitifriulane.it\/","logo":{"@type":"ImageObject","inLanguage":"en-GB","@id":"https:\/\/www.parcodolomitifriulane.it\/#\/schema\/logo\/image\/","url":"https:\/\/www.parcodolomitifriulane.it\/wp-content\/uploads\/2022\/06\/cropped-logo-1.png","contentUrl":"https:\/\/www.parcodolomitifriulane.it\/wp-content\/uploads\/2022\/06\/cropped-logo-1.png","width":4685,"height":2773,"caption":"Parco Dolomiti Friulane"},"image":{"@id":"https:\/\/www.parcodolomitifriulane.it\/#\/schema\/logo\/image\/"},"sameAs":["https:\/\/www.facebook.com\/dolomitifriulane","https:\/\/x.com\/parcoDF","https:\/\/www.instagram.com\/dolomitifriulane\/","https:\/\/www.youtube.com\/user\/DOLOMITIFRIULANEPARK"]}]}},"_links":{"self":[{"href":"https:\/\/www.parcodolomitifriulane.it\/en\/wp-json\/wp\/v2\/event_listing\/16907","targetHints":{"allow":["GET"]}}],"collection":[{"href":"https:\/\/www.parcodolomitifriulane.it\/en\/wp-json\/wp\/v2\/event_listing"}],"about":[{"href":"https:\/\/www.parcodolomitifriulane.it\/en\/wp-json\/wp\/v2\/types\/event_listing"}],"version-history":[{"count":0,"href":"https:\/\/www.parcodolomitifriulane.it\/en\/wp-json\/wp\/v2\/event_listing\/16907\/revisions"}],"wp:featuredmedia":[{"embeddable":true,"href":"https:\/\/www.parcodolomitifriulane.it\/en\/wp-json\/wp\/v2\/media\/16911"}],"wp:attachment":[{"href":"https:\/\/www.parcodolomitifriulane.it\/en\/wp-json\/wp\/v2\/media?parent=16907"}],"wp:term":[{"taxonomy":"event_listing_category","embeddable":true,"href":"https:\/\/www.parcodolomitifriulane.it\/en\/wp-json\/wp\/v2\/event_listing_category?post=16907"}],"curies":[{"name":"wp","href":"https:\/\/api.w.org\/{rel}","templated":true}]}}