{"id":16936,"date":"2023-11-11T00:15:06","date_gmt":"2023-11-10T23:15:06","guid":{"rendered":"https:\/\/www.parcodolomitifriulane.it\/?post_type=event_listing&#038;p=16936"},"modified":"2024-03-30T00:37:58","modified_gmt":"2024-03-29T23:37:58","slug":"36-le-proprieta-magiche-dei-primi-fiori-di-primavera","status":"expired","type":"event_listing","link":"https:\/\/www.parcodolomitifriulane.it\/en\/event\/36-le-proprieta-magiche-dei-primi-fiori-di-primavera\/","title":{"rendered":"*LE PROPRIET\u00c0 MAGICHE DEI PRIMI FIORI DI PRIMAVERA"},"content":{"rendered":"<p>DATA: Sabato 30 MARZO&nbsp; 2024<\/p>\n\n\n\n<p>GUIDA: Laura Fagioli (Tel. 349 5856881)<\/p>\n\n\n\n<p><strong>LA BELLEZZA E LE PROPRIETA\u2019 MAGICHE DEI PRIMI FIORI DI PRIMAVERA &#8211; ESCURSIONE BOTANICA \u2013 WORK EXPERIENCE<\/strong><\/p>\n\n\n\n<p>Semplice escursione ad anello, che permetter\u00e0 di immergersi in una natura magica, tra fitti boschi, ampi prati e il letto del fiume Tagliamento, alla ricerca dei primi fiori primaverili di montagna. Dal Centro Visite di Forni di Sotto raggiungeremo prima la frazione di Vico, osservando le caratteristiche fontane e lavatoi. <\/p>\n\n\n\n<p>Da qui scenderemo fino al guado sul Tagliamento, cominciando ad osservare ed annusare le prime piante officinali che crescono lungo questo percorso. Quindi costeggeremo il grande fiume, dove potremo godere di una natura ricca di colori e profumi, grazie alle specie che crescono tipicamente sui terreni ghiaiosi\u00a0 e sassosi, come nell\u2019alveo del \u201cRe dei fiumi alpini\u201d. <\/p>\n\n\n\n<p>Lungo questo percorso incontreremo la zona di Salet, attrezzata con tavolini e panchine, dove svolgeremo una coinvolgente attivit\u00e0 pratica di fitocosmesi, in cui realizzeremo dei semplici prodotti di bellezza con le piante di Forni. Il ritorno avverr\u00e0 lungo un altro percorso che ci condurr\u00e0 fino alla localit\u00e0 Melaris, dove potremo osservare le specie tipiche delle zone umide. <\/p>\n\n\n\n<p>Da qui un bel sentiero ci permetter\u00e0 di risalire fino alla Taviele di Tredolo, che \u00e8 un vasto terrazzo alluvionale, da cui potremo godere di bellissimi panorami sulle Dolomiti Friulane e da dove facilmente ritorneremo al punto di partenza.\u00a0 Per chi lo desidera al termine dell\u2019escursione sar\u00e0 possibile pranzare in compagnia presso un locale di Forni di Sotto.<\/p>\n\n\n\n<p>Testo: Laura Fagioli<\/p>\n\n\n\n<p>INFORMAZIONI:<br>Tipologia: escursione botanica \u2013 work experience<br>Difficolt\u00e0: facile per tutti<br>Dislivello: 150 metri<br>Durata: 3 ore<br>Abbigliamento e attrezzatura: adatto alla stagione, scarponcini<br>Ritrovo: Centro visite Forni di Sotto alle ore 15:00\u00a0<br>Tariffa:\u00a07,00 euro adulti; 4,00 euro per chi ha pi\u00f9 di 70 anni; per studenti con meno di 25 anni la partecipazione \u00e8 gratuita.<\/p>\n\n\n\n<p>&gt;&gt; messaggio in codice SULLA VIA DELLA PRIMAVERA<\/p>\n\n\n\n<div class=\"wp-block-buttons is-layout-flex wp-block-buttons-is-layout-flex\">\n<div class=\"wp-block-button\"><a class=\"wp-block-button__link wp-element-button\" href=\"https:\/\/forms.gle\/7fLEdaQNeTanSP5W8\" target=\"_blank\" rel=\"noreferrer noopener\">PRENOTA QUI<\/a><\/div>\n<\/div>","protected":false},"featured_media":16940,"template":"","meta":{"_acf_changed":false},"event_listing_category":[136],"class_list":["post-16936","event_listing","type-event_listing","status-expired","has-post-thumbnail","hentry","event_listing_category-semplici-per-tutti"],"acf":[],"yoast_head":"<!-- This site is optimized with the Yoast SEO plugin v27.5 - https:\/\/yoast.com\/product\/yoast-seo-wordpress\/ -->\n<title>*LE PROPRIET\u00c0 MAGICHE DEI PRIMI FIORI DI PRIMAVERA | Parco Dolomiti Friulane<\/title>\n<meta name=\"robots\" content=\"index, follow, max-snippet:-1, max-image-preview:large, max-video-preview:-1\" \/>\n<link rel=\"canonical\" href=\"https:\/\/www.parcodolomitifriulane.it\/en\/evento\/36-le-proprieta-magiche-dei-primi-fiori-di-primavera\/\" \/>\n<meta property=\"og:locale\" content=\"en_GB\" \/>\n<meta property=\"og:type\" content=\"article\" \/>\n<meta property=\"og:title\" content=\"*LE PROPRIET\u00c0 MAGICHE DEI PRIMI FIORI DI PRIMAVERA | Parco Dolomiti Friulane\" \/>\n<meta property=\"og:description\" content=\"DATA: Sabato 30 MARZO&nbsp; 2024 GUIDA: Laura Fagioli (Tel. 349 5856881) LA BELLEZZA E LE PROPRIETA\u2019 MAGICHE DEI PRIMI FIORI DI PRIMAVERA &#8211; ESCURSIONE BOTANICA \u2013 [\u2026]\" \/>\n<meta property=\"og:url\" content=\"https:\/\/www.parcodolomitifriulane.it\/en\/evento\/36-le-proprieta-magiche-dei-primi-fiori-di-primavera\/\" \/>\n<meta property=\"og:site_name\" content=\"Parco Dolomiti Friulane\" \/>\n<meta property=\"article:publisher\" content=\"https:\/\/www.facebook.com\/dolomitifriulane\" \/>\n<meta property=\"article:modified_time\" content=\"2024-03-29T23:37:58+00:00\" \/>\n<meta property=\"og:image\" content=\"https:\/\/www.parcodolomitifriulane.it\/wp-content\/uploads\/2023\/11\/30-marzo-fiori-di-primavera.jpg\" \/>\n\t<meta property=\"og:image:width\" content=\"949\" \/>\n\t<meta property=\"og:image:height\" content=\"1280\" \/>\n\t<meta property=\"og:image:type\" content=\"image\/jpeg\" \/>\n<meta name=\"twitter:card\" content=\"summary_large_image\" \/>\n<meta name=\"twitter:site\" content=\"@parcoDF\" \/>\n<meta name=\"twitter:label1\" content=\"Estimated reading time\" \/>\n\t<meta name=\"twitter:data1\" content=\"2 minutes\" \/>\n<script type=\"application\/ld+json\" class=\"yoast-schema-graph\">{\"@context\":\"https:\\\/\\\/schema.org\",\"@graph\":[{\"@type\":\"WebPage\",\"@id\":\"https:\\\/\\\/www.parcodolomitifriulane.it\\\/evento\\\/36-le-proprieta-magiche-dei-primi-fiori-di-primavera\\\/\",\"url\":\"https:\\\/\\\/www.parcodolomitifriulane.it\\\/evento\\\/36-le-proprieta-magiche-dei-primi-fiori-di-primavera\\\/\",\"name\":\"*LE PROPRIET\u00c0 MAGICHE DEI PRIMI FIORI DI PRIMAVERA | Parco Dolomiti Friulane\",\"isPartOf\":{\"@id\":\"https:\\\/\\\/www.parcodolomitifriulane.it\\\/#website\"},\"primaryImageOfPage\":{\"@id\":\"https:\\\/\\\/www.parcodolomitifriulane.it\\\/evento\\\/36-le-proprieta-magiche-dei-primi-fiori-di-primavera\\\/#primaryimage\"},\"image\":{\"@id\":\"https:\\\/\\\/www.parcodolomitifriulane.it\\\/evento\\\/36-le-proprieta-magiche-dei-primi-fiori-di-primavera\\\/#primaryimage\"},\"thumbnailUrl\":\"https:\\\/\\\/www.parcodolomitifriulane.it\\\/wp-content\\\/uploads\\\/2023\\\/11\\\/30-marzo-fiori-di-primavera.jpg\",\"datePublished\":\"2023-11-10T23:15:06+00:00\",\"dateModified\":\"2024-03-29T23:37:58+00:00\",\"breadcrumb\":{\"@id\":\"https:\\\/\\\/www.parcodolomitifriulane.it\\\/evento\\\/36-le-proprieta-magiche-dei-primi-fiori-di-primavera\\\/#breadcrumb\"},\"inLanguage\":\"en-GB\",\"potentialAction\":[{\"@type\":\"ReadAction\",\"target\":[\"https:\\\/\\\/www.parcodolomitifriulane.it\\\/evento\\\/36-le-proprieta-magiche-dei-primi-fiori-di-primavera\\\/\"]}]},{\"@type\":\"ImageObject\",\"inLanguage\":\"en-GB\",\"@id\":\"https:\\\/\\\/www.parcodolomitifriulane.it\\\/evento\\\/36-le-proprieta-magiche-dei-primi-fiori-di-primavera\\\/#primaryimage\",\"url\":\"https:\\\/\\\/www.parcodolomitifriulane.it\\\/wp-content\\\/uploads\\\/2023\\\/11\\\/30-marzo-fiori-di-primavera.jpg\",\"contentUrl\":\"https:\\\/\\\/www.parcodolomitifriulane.it\\\/wp-content\\\/uploads\\\/2023\\\/11\\\/30-marzo-fiori-di-primavera.jpg\",\"width\":949,\"height\":1280},{\"@type\":\"BreadcrumbList\",\"@id\":\"https:\\\/\\\/www.parcodolomitifriulane.it\\\/evento\\\/36-le-proprieta-magiche-dei-primi-fiori-di-primavera\\\/#breadcrumb\",\"itemListElement\":[{\"@type\":\"ListItem\",\"position\":1,\"name\":\"Home\",\"item\":\"https:\\\/\\\/www.parcodolomitifriulane.it\\\/\"},{\"@type\":\"ListItem\",\"position\":2,\"name\":\"*LE PROPRIET\u00c0 MAGICHE DEI PRIMI FIORI DI PRIMAVERA\"}]},{\"@type\":\"WebSite\",\"@id\":\"https:\\\/\\\/www.parcodolomitifriulane.it\\\/#website\",\"url\":\"https:\\\/\\\/www.parcodolomitifriulane.it\\\/\",\"name\":\"Parco Dolomiti Friulane\",\"description\":\"Tutto Straordinariamente Emoz\",\"publisher\":{\"@id\":\"https:\\\/\\\/www.parcodolomitifriulane.it\\\/#organization\"},\"potentialAction\":[{\"@type\":\"SearchAction\",\"target\":{\"@type\":\"EntryPoint\",\"urlTemplate\":\"https:\\\/\\\/www.parcodolomitifriulane.it\\\/?s={search_term_string}\"},\"query-input\":{\"@type\":\"PropertyValueSpecification\",\"valueRequired\":true,\"valueName\":\"search_term_string\"}}],\"inLanguage\":\"en-GB\"},{\"@type\":\"Organization\",\"@id\":\"https:\\\/\\\/www.parcodolomitifriulane.it\\\/#organization\",\"name\":\"Parco Dolomiti Friulane\",\"url\":\"https:\\\/\\\/www.parcodolomitifriulane.it\\\/\",\"logo\":{\"@type\":\"ImageObject\",\"inLanguage\":\"en-GB\",\"@id\":\"https:\\\/\\\/www.parcodolomitifriulane.it\\\/#\\\/schema\\\/logo\\\/image\\\/\",\"url\":\"https:\\\/\\\/www.parcodolomitifriulane.it\\\/wp-content\\\/uploads\\\/2022\\\/06\\\/cropped-logo-1.png\",\"contentUrl\":\"https:\\\/\\\/www.parcodolomitifriulane.it\\\/wp-content\\\/uploads\\\/2022\\\/06\\\/cropped-logo-1.png\",\"width\":4685,\"height\":2773,\"caption\":\"Parco Dolomiti Friulane\"},\"image\":{\"@id\":\"https:\\\/\\\/www.parcodolomitifriulane.it\\\/#\\\/schema\\\/logo\\\/image\\\/\"},\"sameAs\":[\"https:\\\/\\\/www.facebook.com\\\/dolomitifriulane\",\"https:\\\/\\\/x.com\\\/parcoDF\",\"https:\\\/\\\/www.instagram.com\\\/dolomitifriulane\\\/\",\"https:\\\/\\\/www.youtube.com\\\/user\\\/DOLOMITIFRIULANEPARK\"]}]}<\/script>\n<!-- \/ Yoast SEO plugin. -->","yoast_head_json":{"title":"*LE PROPRIET\u00c0 MAGICHE DEI PRIMI FIORI DI PRIMAVERA | Parco Dolomiti Friulane","robots":{"index":"index","follow":"follow","max-snippet":"max-snippet:-1","max-image-preview":"max-image-preview:large","max-video-preview":"max-video-preview:-1"},"canonical":"https:\/\/www.parcodolomitifriulane.it\/en\/evento\/36-le-proprieta-magiche-dei-primi-fiori-di-primavera\/","og_locale":"en_GB","og_type":"article","og_title":"*LE PROPRIET\u00c0 MAGICHE DEI PRIMI FIORI DI PRIMAVERA | Parco Dolomiti Friulane","og_description":"DATA: Sabato 30 MARZO&nbsp; 2024 GUIDA: Laura Fagioli (Tel. 349 5856881) LA BELLEZZA E LE PROPRIETA\u2019 MAGICHE DEI PRIMI FIORI DI PRIMAVERA &#8211; ESCURSIONE BOTANICA \u2013 [\u2026]","og_url":"https:\/\/www.parcodolomitifriulane.it\/en\/evento\/36-le-proprieta-magiche-dei-primi-fiori-di-primavera\/","og_site_name":"Parco Dolomiti Friulane","article_publisher":"https:\/\/www.facebook.com\/dolomitifriulane","article_modified_time":"2024-03-29T23:37:58+00:00","og_image":[{"width":949,"height":1280,"url":"https:\/\/www.parcodolomitifriulane.it\/wp-content\/uploads\/2023\/11\/30-marzo-fiori-di-primavera.jpg","type":"image\/jpeg"}],"twitter_card":"summary_large_image","twitter_site":"@parcoDF","twitter_misc":{"Estimated reading time":"2 minutes"},"schema":{"@context":"https:\/\/schema.org","@graph":[{"@type":"WebPage","@id":"https:\/\/www.parcodolomitifriulane.it\/evento\/36-le-proprieta-magiche-dei-primi-fiori-di-primavera\/","url":"https:\/\/www.parcodolomitifriulane.it\/evento\/36-le-proprieta-magiche-dei-primi-fiori-di-primavera\/","name":"*LE PROPRIET\u00c0 MAGICHE DEI PRIMI FIORI DI PRIMAVERA | Parco Dolomiti Friulane","isPartOf":{"@id":"https:\/\/www.parcodolomitifriulane.it\/#website"},"primaryImageOfPage":{"@id":"https:\/\/www.parcodolomitifriulane.it\/evento\/36-le-proprieta-magiche-dei-primi-fiori-di-primavera\/#primaryimage"},"image":{"@id":"https:\/\/www.parcodolomitifriulane.it\/evento\/36-le-proprieta-magiche-dei-primi-fiori-di-primavera\/#primaryimage"},"thumbnailUrl":"https:\/\/www.parcodolomitifriulane.it\/wp-content\/uploads\/2023\/11\/30-marzo-fiori-di-primavera.jpg","datePublished":"2023-11-10T23:15:06+00:00","dateModified":"2024-03-29T23:37:58+00:00","breadcrumb":{"@id":"https:\/\/www.parcodolomitifriulane.it\/evento\/36-le-proprieta-magiche-dei-primi-fiori-di-primavera\/#breadcrumb"},"inLanguage":"en-GB","potentialAction":[{"@type":"ReadAction","target":["https:\/\/www.parcodolomitifriulane.it\/evento\/36-le-proprieta-magiche-dei-primi-fiori-di-primavera\/"]}]},{"@type":"ImageObject","inLanguage":"en-GB","@id":"https:\/\/www.parcodolomitifriulane.it\/evento\/36-le-proprieta-magiche-dei-primi-fiori-di-primavera\/#primaryimage","url":"https:\/\/www.parcodolomitifriulane.it\/wp-content\/uploads\/2023\/11\/30-marzo-fiori-di-primavera.jpg","contentUrl":"https:\/\/www.parcodolomitifriulane.it\/wp-content\/uploads\/2023\/11\/30-marzo-fiori-di-primavera.jpg","width":949,"height":1280},{"@type":"BreadcrumbList","@id":"https:\/\/www.parcodolomitifriulane.it\/evento\/36-le-proprieta-magiche-dei-primi-fiori-di-primavera\/#breadcrumb","itemListElement":[{"@type":"ListItem","position":1,"name":"Home","item":"https:\/\/www.parcodolomitifriulane.it\/"},{"@type":"ListItem","position":2,"name":"*LE PROPRIET\u00c0 MAGICHE DEI PRIMI FIORI DI PRIMAVERA"}]},{"@type":"WebSite","@id":"https:\/\/www.parcodolomitifriulane.it\/#website","url":"https:\/\/www.parcodolomitifriulane.it\/","name":"Parco Dolomiti Friulane","description":"Tutto Straordinariamente Emoz","publisher":{"@id":"https:\/\/www.parcodolomitifriulane.it\/#organization"},"potentialAction":[{"@type":"SearchAction","target":{"@type":"EntryPoint","urlTemplate":"https:\/\/www.parcodolomitifriulane.it\/?s={search_term_string}"},"query-input":{"@type":"PropertyValueSpecification","valueRequired":true,"valueName":"search_term_string"}}],"inLanguage":"en-GB"},{"@type":"Organization","@id":"https:\/\/www.parcodolomitifriulane.it\/#organization","name":"Parco Dolomiti Friulane","url":"https:\/\/www.parcodolomitifriulane.it\/","logo":{"@type":"ImageObject","inLanguage":"en-GB","@id":"https:\/\/www.parcodolomitifriulane.it\/#\/schema\/logo\/image\/","url":"https:\/\/www.parcodolomitifriulane.it\/wp-content\/uploads\/2022\/06\/cropped-logo-1.png","contentUrl":"https:\/\/www.parcodolomitifriulane.it\/wp-content\/uploads\/2022\/06\/cropped-logo-1.png","width":4685,"height":2773,"caption":"Parco Dolomiti Friulane"},"image":{"@id":"https:\/\/www.parcodolomitifriulane.it\/#\/schema\/logo\/image\/"},"sameAs":["https:\/\/www.facebook.com\/dolomitifriulane","https:\/\/x.com\/parcoDF","https:\/\/www.instagram.com\/dolomitifriulane\/","https:\/\/www.youtube.com\/user\/DOLOMITIFRIULANEPARK"]}]}},"_links":{"self":[{"href":"https:\/\/www.parcodolomitifriulane.it\/en\/wp-json\/wp\/v2\/event_listing\/16936","targetHints":{"allow":["GET"]}}],"collection":[{"href":"https:\/\/www.parcodolomitifriulane.it\/en\/wp-json\/wp\/v2\/event_listing"}],"about":[{"href":"https:\/\/www.parcodolomitifriulane.it\/en\/wp-json\/wp\/v2\/types\/event_listing"}],"version-history":[{"count":0,"href":"https:\/\/www.parcodolomitifriulane.it\/en\/wp-json\/wp\/v2\/event_listing\/16936\/revisions"}],"wp:featuredmedia":[{"embeddable":true,"href":"https:\/\/www.parcodolomitifriulane.it\/en\/wp-json\/wp\/v2\/media\/16940"}],"wp:attachment":[{"href":"https:\/\/www.parcodolomitifriulane.it\/en\/wp-json\/wp\/v2\/media?parent=16936"}],"wp:term":[{"taxonomy":"event_listing_category","embeddable":true,"href":"https:\/\/www.parcodolomitifriulane.it\/en\/wp-json\/wp\/v2\/event_listing_category?post=16936"}],"curies":[{"name":"wp","href":"https:\/\/api.w.org\/{rel}","templated":true}]}}