{"id":17995,"date":"2024-05-06T19:36:34","date_gmt":"2024-05-06T17:36:34","guid":{"rendered":"https:\/\/www.parcodolomitifriulane.it\/?post_type=event_listing&#038;p=17995"},"modified":"2024-06-03T00:38:13","modified_gmt":"2024-06-02T22:38:13","slug":"arte-colori-e-natura-a-forni-di-sopra","status":"expired","type":"event_listing","link":"https:\/\/www.parcodolomitifriulane.it\/en\/event\/arte-colori-e-natura-a-forni-di-sopra\/","title":{"rendered":"*Arte, colori e Natura a Forni di Sopra"},"content":{"rendered":"<p>DATA: Domenica 2 GIUGNO\u00a0 2024<br>GUIDE: Laura Fagioli (Tel. 349 5856881) e Pierino Picco (347 2241970)<\/p>\n\n\n\n<p><strong>ARTE, COLORI E NATURA<\/strong><\/p>\n\n\n\n<p>Semplice passeggiata botanica, sensoriale e creativa a Forni di Sopra, dedicata ad entrare in contatto con la Natura attraverso i sensi e la fantasia. Esperienza adatta sia ai bambini che agli adulti: i primi avranno l\u2019occasione di giocare e fare esperimenti nel letto del fiume Tagliamento usando le piante e i loro colori e giocando con le rocce per produrre opere di <em>land art<\/em>; i secondi avranno la possibilit\u00e0 di guardare l\u2019ambiente con occhi diversi dal solito, scoprendo le propriet\u00e0 cosmetiche, aromatiche e curative delle erbe primaverili. Costeggeremo il fiume, attraversando boschetti e prati e zone di alveo asciutto, alla ricerca delle specie ricche di colori, profumi e sapori che in maggio cominciano ad arricchire anche i percorsi di fondovalle, raccontando le loro caratteristiche, curiosit\u00e0 e leggende. Inoltre le rocce e le piante fornesi verranno usate in attivit\u00e0 pratiche di laboratorio, che sfrutteranno i loro colori, aromi e sapori, rivelando propriet\u00e0 e segreti prima inimmaginabili.<\/p>\n\n\n\n<p>Testo: Laura Fagioli e Pierino Picco<\/p>\n\n\n\n<p>INFORMAZIONI:<br>Tipologia: escursione con laboratorio<br>Difficolt\u00e0: facile per tutti<br>Dislivello: 50 metri<br>Durata: 3 ore<br>Abbigliamento e attrezzatura: adatto alla stagione, scarponcini<br>Ritrovo: Centro visite Forni di Sopra alle ore 10:00&nbsp;<br>Tariffa:&nbsp;&nbsp;&nbsp;&nbsp;&nbsp;&nbsp;&nbsp;&nbsp;&nbsp;&nbsp;&nbsp; 7,00 euro adulti; 4,00 euro per chi ha pi\u00f9 di 70 anni e gratuito per studenti fino a 25 anni<\/p>\n\n\n\n<p><strong>Prenotazione obbligatoria al seguente link<\/strong><\/p>\n\n\n\n<p><a href=\"https:\/\/docs.google.com\/forms\/d\/1FlDkFlnekvk9ocUoDWLcMjsuu8ip4b7b5dW7yr-qROc\/edit\">https:\/\/docs.google.com\/forms\/d\/1FlDkFlnekvk9ocUoDWLcMjsuu8ip4b7b5dW7yr-qROc\/edit<\/a><\/p>","protected":false},"featured_media":8769,"template":"","meta":{"_acf_changed":false},"event_listing_category":[136],"class_list":["post-17995","event_listing","type-event_listing","status-expired","has-post-thumbnail","hentry","event_listing_category-semplici-per-tutti"],"acf":[],"yoast_head":"<!-- This site is optimized with the Yoast SEO plugin v27.5 - https:\/\/yoast.com\/product\/yoast-seo-wordpress\/ -->\n<title>*Arte, colori e Natura a Forni di Sopra | Parco Dolomiti Friulane<\/title>\n<meta name=\"robots\" content=\"index, follow, max-snippet:-1, max-image-preview:large, max-video-preview:-1\" \/>\n<link rel=\"canonical\" href=\"https:\/\/www.parcodolomitifriulane.it\/en\/evento\/arte-colori-e-natura-a-forni-di-sopra\/\" \/>\n<meta property=\"og:locale\" content=\"en_GB\" \/>\n<meta property=\"og:type\" content=\"article\" \/>\n<meta property=\"og:title\" content=\"*Arte, colori e Natura a Forni di Sopra | Parco Dolomiti Friulane\" \/>\n<meta property=\"og:description\" content=\"DATA: Domenica 2 GIUGNO\u00a0 2024GUIDE: Laura Fagioli (Tel. 349 5856881) e Pierino Picco (347 2241970) ARTE, COLORI E NATURA Semplice passeggiata botanica, sensoriale e creativa a [\u2026]\" \/>\n<meta property=\"og:url\" content=\"https:\/\/www.parcodolomitifriulane.it\/en\/evento\/arte-colori-e-natura-a-forni-di-sopra\/\" \/>\n<meta property=\"og:site_name\" content=\"Parco Dolomiti Friulane\" \/>\n<meta property=\"article:publisher\" content=\"https:\/\/www.facebook.com\/dolomitifriulane\" \/>\n<meta property=\"article:modified_time\" content=\"2024-06-02T22:38:13+00:00\" \/>\n<meta property=\"og:image\" content=\"https:\/\/www.parcodolomitifriulane.it\/wp-content\/uploads\/2015\/06\/tiviei_fornidisopra_paolo_pellarini-scaled.jpg\" \/>\n\t<meta property=\"og:image:width\" content=\"2560\" \/>\n\t<meta property=\"og:image:height\" content=\"1920\" \/>\n\t<meta property=\"og:image:type\" content=\"image\/jpeg\" \/>\n<meta name=\"twitter:card\" content=\"summary_large_image\" \/>\n<meta name=\"twitter:site\" content=\"@parcoDF\" \/>\n<meta name=\"twitter:label1\" content=\"Estimated reading time\" \/>\n\t<meta name=\"twitter:data1\" content=\"2 minutes\" \/>\n<script type=\"application\/ld+json\" class=\"yoast-schema-graph\">{\"@context\":\"https:\\\/\\\/schema.org\",\"@graph\":[{\"@type\":\"WebPage\",\"@id\":\"https:\\\/\\\/www.parcodolomitifriulane.it\\\/evento\\\/arte-colori-e-natura-a-forni-di-sopra\\\/\",\"url\":\"https:\\\/\\\/www.parcodolomitifriulane.it\\\/evento\\\/arte-colori-e-natura-a-forni-di-sopra\\\/\",\"name\":\"*Arte, colori e Natura a Forni di Sopra | Parco Dolomiti Friulane\",\"isPartOf\":{\"@id\":\"https:\\\/\\\/www.parcodolomitifriulane.it\\\/#website\"},\"primaryImageOfPage\":{\"@id\":\"https:\\\/\\\/www.parcodolomitifriulane.it\\\/evento\\\/arte-colori-e-natura-a-forni-di-sopra\\\/#primaryimage\"},\"image\":{\"@id\":\"https:\\\/\\\/www.parcodolomitifriulane.it\\\/evento\\\/arte-colori-e-natura-a-forni-di-sopra\\\/#primaryimage\"},\"thumbnailUrl\":\"https:\\\/\\\/www.parcodolomitifriulane.it\\\/wp-content\\\/uploads\\\/2015\\\/06\\\/tiviei_fornidisopra_paolo_pellarini-scaled.jpg\",\"datePublished\":\"2024-05-06T17:36:34+00:00\",\"dateModified\":\"2024-06-02T22:38:13+00:00\",\"breadcrumb\":{\"@id\":\"https:\\\/\\\/www.parcodolomitifriulane.it\\\/evento\\\/arte-colori-e-natura-a-forni-di-sopra\\\/#breadcrumb\"},\"inLanguage\":\"en-GB\",\"potentialAction\":[{\"@type\":\"ReadAction\",\"target\":[\"https:\\\/\\\/www.parcodolomitifriulane.it\\\/evento\\\/arte-colori-e-natura-a-forni-di-sopra\\\/\"]}]},{\"@type\":\"ImageObject\",\"inLanguage\":\"en-GB\",\"@id\":\"https:\\\/\\\/www.parcodolomitifriulane.it\\\/evento\\\/arte-colori-e-natura-a-forni-di-sopra\\\/#primaryimage\",\"url\":\"https:\\\/\\\/www.parcodolomitifriulane.it\\\/wp-content\\\/uploads\\\/2015\\\/06\\\/tiviei_fornidisopra_paolo_pellarini-scaled.jpg\",\"contentUrl\":\"https:\\\/\\\/www.parcodolomitifriulane.it\\\/wp-content\\\/uploads\\\/2015\\\/06\\\/tiviei_fornidisopra_paolo_pellarini-scaled.jpg\",\"width\":2560,\"height\":1920,\"caption\":\"Tutto straordinariamente emozionante\"},{\"@type\":\"BreadcrumbList\",\"@id\":\"https:\\\/\\\/www.parcodolomitifriulane.it\\\/evento\\\/arte-colori-e-natura-a-forni-di-sopra\\\/#breadcrumb\",\"itemListElement\":[{\"@type\":\"ListItem\",\"position\":1,\"name\":\"Home\",\"item\":\"https:\\\/\\\/www.parcodolomitifriulane.it\\\/\"},{\"@type\":\"ListItem\",\"position\":2,\"name\":\"*Arte, colori e Natura a Forni di Sopra\"}]},{\"@type\":\"WebSite\",\"@id\":\"https:\\\/\\\/www.parcodolomitifriulane.it\\\/#website\",\"url\":\"https:\\\/\\\/www.parcodolomitifriulane.it\\\/\",\"name\":\"Parco Dolomiti Friulane\",\"description\":\"Tutto Straordinariamente Emoz\",\"publisher\":{\"@id\":\"https:\\\/\\\/www.parcodolomitifriulane.it\\\/#organization\"},\"potentialAction\":[{\"@type\":\"SearchAction\",\"target\":{\"@type\":\"EntryPoint\",\"urlTemplate\":\"https:\\\/\\\/www.parcodolomitifriulane.it\\\/?s={search_term_string}\"},\"query-input\":{\"@type\":\"PropertyValueSpecification\",\"valueRequired\":true,\"valueName\":\"search_term_string\"}}],\"inLanguage\":\"en-GB\"},{\"@type\":\"Organization\",\"@id\":\"https:\\\/\\\/www.parcodolomitifriulane.it\\\/#organization\",\"name\":\"Parco Dolomiti Friulane\",\"url\":\"https:\\\/\\\/www.parcodolomitifriulane.it\\\/\",\"logo\":{\"@type\":\"ImageObject\",\"inLanguage\":\"en-GB\",\"@id\":\"https:\\\/\\\/www.parcodolomitifriulane.it\\\/#\\\/schema\\\/logo\\\/image\\\/\",\"url\":\"https:\\\/\\\/www.parcodolomitifriulane.it\\\/wp-content\\\/uploads\\\/2022\\\/06\\\/cropped-logo-1.png\",\"contentUrl\":\"https:\\\/\\\/www.parcodolomitifriulane.it\\\/wp-content\\\/uploads\\\/2022\\\/06\\\/cropped-logo-1.png\",\"width\":4685,\"height\":2773,\"caption\":\"Parco Dolomiti Friulane\"},\"image\":{\"@id\":\"https:\\\/\\\/www.parcodolomitifriulane.it\\\/#\\\/schema\\\/logo\\\/image\\\/\"},\"sameAs\":[\"https:\\\/\\\/www.facebook.com\\\/dolomitifriulane\",\"https:\\\/\\\/x.com\\\/parcoDF\",\"https:\\\/\\\/www.instagram.com\\\/dolomitifriulane\\\/\",\"https:\\\/\\\/www.youtube.com\\\/user\\\/DOLOMITIFRIULANEPARK\"]}]}<\/script>\n<!-- \/ Yoast SEO plugin. -->","yoast_head_json":{"title":"*Arte, colori e Natura a Forni di Sopra | Parco Dolomiti Friulane","robots":{"index":"index","follow":"follow","max-snippet":"max-snippet:-1","max-image-preview":"max-image-preview:large","max-video-preview":"max-video-preview:-1"},"canonical":"https:\/\/www.parcodolomitifriulane.it\/en\/evento\/arte-colori-e-natura-a-forni-di-sopra\/","og_locale":"en_GB","og_type":"article","og_title":"*Arte, colori e Natura a Forni di Sopra | Parco Dolomiti Friulane","og_description":"DATA: Domenica 2 GIUGNO\u00a0 2024GUIDE: Laura Fagioli (Tel. 349 5856881) e Pierino Picco (347 2241970) ARTE, COLORI E NATURA Semplice passeggiata botanica, sensoriale e creativa a [\u2026]","og_url":"https:\/\/www.parcodolomitifriulane.it\/en\/evento\/arte-colori-e-natura-a-forni-di-sopra\/","og_site_name":"Parco Dolomiti Friulane","article_publisher":"https:\/\/www.facebook.com\/dolomitifriulane","article_modified_time":"2024-06-02T22:38:13+00:00","og_image":[{"width":2560,"height":1920,"url":"https:\/\/www.parcodolomitifriulane.it\/wp-content\/uploads\/2015\/06\/tiviei_fornidisopra_paolo_pellarini-scaled.jpg","type":"image\/jpeg"}],"twitter_card":"summary_large_image","twitter_site":"@parcoDF","twitter_misc":{"Estimated reading time":"2 minutes"},"schema":{"@context":"https:\/\/schema.org","@graph":[{"@type":"WebPage","@id":"https:\/\/www.parcodolomitifriulane.it\/evento\/arte-colori-e-natura-a-forni-di-sopra\/","url":"https:\/\/www.parcodolomitifriulane.it\/evento\/arte-colori-e-natura-a-forni-di-sopra\/","name":"*Arte, colori e Natura a Forni di Sopra | Parco Dolomiti Friulane","isPartOf":{"@id":"https:\/\/www.parcodolomitifriulane.it\/#website"},"primaryImageOfPage":{"@id":"https:\/\/www.parcodolomitifriulane.it\/evento\/arte-colori-e-natura-a-forni-di-sopra\/#primaryimage"},"image":{"@id":"https:\/\/www.parcodolomitifriulane.it\/evento\/arte-colori-e-natura-a-forni-di-sopra\/#primaryimage"},"thumbnailUrl":"https:\/\/www.parcodolomitifriulane.it\/wp-content\/uploads\/2015\/06\/tiviei_fornidisopra_paolo_pellarini-scaled.jpg","datePublished":"2024-05-06T17:36:34+00:00","dateModified":"2024-06-02T22:38:13+00:00","breadcrumb":{"@id":"https:\/\/www.parcodolomitifriulane.it\/evento\/arte-colori-e-natura-a-forni-di-sopra\/#breadcrumb"},"inLanguage":"en-GB","potentialAction":[{"@type":"ReadAction","target":["https:\/\/www.parcodolomitifriulane.it\/evento\/arte-colori-e-natura-a-forni-di-sopra\/"]}]},{"@type":"ImageObject","inLanguage":"en-GB","@id":"https:\/\/www.parcodolomitifriulane.it\/evento\/arte-colori-e-natura-a-forni-di-sopra\/#primaryimage","url":"https:\/\/www.parcodolomitifriulane.it\/wp-content\/uploads\/2015\/06\/tiviei_fornidisopra_paolo_pellarini-scaled.jpg","contentUrl":"https:\/\/www.parcodolomitifriulane.it\/wp-content\/uploads\/2015\/06\/tiviei_fornidisopra_paolo_pellarini-scaled.jpg","width":2560,"height":1920,"caption":"Tutto straordinariamente emozionante"},{"@type":"BreadcrumbList","@id":"https:\/\/www.parcodolomitifriulane.it\/evento\/arte-colori-e-natura-a-forni-di-sopra\/#breadcrumb","itemListElement":[{"@type":"ListItem","position":1,"name":"Home","item":"https:\/\/www.parcodolomitifriulane.it\/"},{"@type":"ListItem","position":2,"name":"*Arte, colori e Natura a Forni di Sopra"}]},{"@type":"WebSite","@id":"https:\/\/www.parcodolomitifriulane.it\/#website","url":"https:\/\/www.parcodolomitifriulane.it\/","name":"Parco Dolomiti Friulane","description":"Tutto Straordinariamente Emoz","publisher":{"@id":"https:\/\/www.parcodolomitifriulane.it\/#organization"},"potentialAction":[{"@type":"SearchAction","target":{"@type":"EntryPoint","urlTemplate":"https:\/\/www.parcodolomitifriulane.it\/?s={search_term_string}"},"query-input":{"@type":"PropertyValueSpecification","valueRequired":true,"valueName":"search_term_string"}}],"inLanguage":"en-GB"},{"@type":"Organization","@id":"https:\/\/www.parcodolomitifriulane.it\/#organization","name":"Parco Dolomiti Friulane","url":"https:\/\/www.parcodolomitifriulane.it\/","logo":{"@type":"ImageObject","inLanguage":"en-GB","@id":"https:\/\/www.parcodolomitifriulane.it\/#\/schema\/logo\/image\/","url":"https:\/\/www.parcodolomitifriulane.it\/wp-content\/uploads\/2022\/06\/cropped-logo-1.png","contentUrl":"https:\/\/www.parcodolomitifriulane.it\/wp-content\/uploads\/2022\/06\/cropped-logo-1.png","width":4685,"height":2773,"caption":"Parco Dolomiti Friulane"},"image":{"@id":"https:\/\/www.parcodolomitifriulane.it\/#\/schema\/logo\/image\/"},"sameAs":["https:\/\/www.facebook.com\/dolomitifriulane","https:\/\/x.com\/parcoDF","https:\/\/www.instagram.com\/dolomitifriulane\/","https:\/\/www.youtube.com\/user\/DOLOMITIFRIULANEPARK"]}]}},"_links":{"self":[{"href":"https:\/\/www.parcodolomitifriulane.it\/en\/wp-json\/wp\/v2\/event_listing\/17995","targetHints":{"allow":["GET"]}}],"collection":[{"href":"https:\/\/www.parcodolomitifriulane.it\/en\/wp-json\/wp\/v2\/event_listing"}],"about":[{"href":"https:\/\/www.parcodolomitifriulane.it\/en\/wp-json\/wp\/v2\/types\/event_listing"}],"version-history":[{"count":0,"href":"https:\/\/www.parcodolomitifriulane.it\/en\/wp-json\/wp\/v2\/event_listing\/17995\/revisions"}],"wp:featuredmedia":[{"embeddable":true,"href":"https:\/\/www.parcodolomitifriulane.it\/en\/wp-json\/wp\/v2\/media\/8769"}],"wp:attachment":[{"href":"https:\/\/www.parcodolomitifriulane.it\/en\/wp-json\/wp\/v2\/media?parent=17995"}],"wp:term":[{"taxonomy":"event_listing_category","embeddable":true,"href":"https:\/\/www.parcodolomitifriulane.it\/en\/wp-json\/wp\/v2\/event_listing_category?post=17995"}],"curies":[{"name":"wp","href":"https:\/\/api.w.org\/{rel}","templated":true}]}}