{"id":18041,"date":"2024-05-06T21:45:02","date_gmt":"2024-05-06T19:45:02","guid":{"rendered":"https:\/\/www.parcodolomitifriulane.it\/?post_type=event_listing&#038;p=18041"},"modified":"2024-08-12T00:37:26","modified_gmt":"2024-08-11T22:37:26","slug":"canyoning-nella-forra-del-rio-rassie","status":"expired","type":"event_listing","link":"https:\/\/www.parcodolomitifriulane.it\/en\/event\/canyoning-nella-forra-del-rio-rassie\/","title":{"rendered":"*Canyoning nella Forra del Rio Rassie"},"content":{"rendered":"<p>DATA: Domenica 11 AGOSTO&nbsp; 2024<\/p>\n\n\n\n<p>GUIDA NATURALISTICA: Pierino Picco (Tel. 347 2241970)<\/p>\n\n\n\n<p>GUIDA ALPINA: Collegio Guide Alpine Friuli Venezia Giulia (Tel 349 5202323)<\/p>\n\n\n\n<p><strong>CANYONING NELLA FORRA DEL RIO RASCIE<\/strong><\/p>\n\n\n\n<p>Incanalato tra le pareti verticali di un suggestivo orrido, il torrente Rascie a Forni di Sotto scorre tra salti e pozze di acqua cristallina che lo rendono uno scenario ideale per praticare il canyoning, sport acquatico in netta ascesa tra gli appassionati di avventura.&nbsp; Partiremo dal Centro Visite di Forni di Sotto e dopo un primo tratto in auto fino alla galleria del Passo della Morte, faremo una breve e suggestiva passeggiata, che ci condurr\u00e0 allo stavolo Mattia e poi, attraverso un bellissimo bosco di faggi, al ponte sulla forra del Rio Rascie: la guida naturalistica vi racconter\u00e0 le caratteristiche del luogo e vi illustrer\u00e0 la vegetazione e la fauna del territorio. Dopo la calata dal ponte di circa 30 metri, inizier\u00e0 l\u2019attivit\u00e0 di canyoning, accompagnati da una esperta guida alpina: tra camminate sul greto, tuffi,&nbsp; scivoli naturali (toboga), arrampicate, tratti a nuoto e calate su corda, potrete scendere lungo ambienti incredibili, osservando splendidi paesaggi, divertendovi ed apprendendo le tecniche base del canyoning. Arrivati presso il fiume Tagliamento, in un suo tratto selvaggio e assai poco conosciuto, troverete ad attendervi nuovamente la guida naturalistica che vi riaccompagner\u00e0 alla vostra macchina.<\/p>\n\n\n\n<p>Testo: Pierino Picco<\/p>\n\n\n\n<p>INFORMAZIONI:<br>Tipologia: attivit\u00e0 di canyoning<br>Difficolt\u00e0: le attivit\u00e0 richiedono una buona forma fisica. Et\u00e0 minima: anni 12<br>Dislivello: 200 metri totali<br>Durata: 3-4 ore<br>Abbigliamento e attrezzatura: scarpe da tennis o da trekking, costume da bagno, maglietta e indumenti per cambiarsi; \u00e8 possibile noleggiare muta, casco e imbragatura al costo di euro 15,00<br>Ritrovo: Centro visite Forni di Sotto alle ore 10:00\u00a0<br>Tariffa:\u00a0euro 25,00 a persona; euro 13,00 per chi ha pi\u00f9 di 70 anni<br>Noleggio: muta euro 15,00 a persona<\/p>\n\n\n\n<p><strong>Prenotazione obbligatoria al seguente link<\/strong><\/p>\n\n\n\n<p><a href=\"https:\/\/docs.google.com\/forms\/d\/1r-TXh7FIu_Cd8ag-GHhe9fCH90H4EY39_8LlUNxWars\/edit\">https:\/\/docs.google.com\/forms\/d\/1r-TXh7FIu_Cd8ag-GHhe9fCH90H4EY39_8LlUNxWars\/edit<\/a><\/p>","protected":false},"featured_media":18060,"template":"","meta":{"_acf_changed":false},"event_listing_category":[136],"class_list":["post-18041","event_listing","type-event_listing","status-expired","has-post-thumbnail","hentry","event_listing_category-semplici-per-tutti"],"acf":[],"yoast_head":"<!-- This site is optimized with the Yoast SEO plugin v27.5 - https:\/\/yoast.com\/product\/yoast-seo-wordpress\/ -->\n<title>*Canyoning nella Forra del Rio Rassie | Parco Dolomiti Friulane<\/title>\n<meta name=\"robots\" content=\"index, follow, max-snippet:-1, max-image-preview:large, max-video-preview:-1\" \/>\n<link rel=\"canonical\" href=\"https:\/\/www.parcodolomitifriulane.it\/en\/evento\/canyoning-nella-forra-del-rio-rassie\/\" \/>\n<meta property=\"og:locale\" content=\"en_GB\" \/>\n<meta property=\"og:type\" content=\"article\" \/>\n<meta property=\"og:title\" content=\"*Canyoning nella Forra del Rio Rassie | Parco Dolomiti Friulane\" \/>\n<meta property=\"og:description\" content=\"DATA: Domenica 11 AGOSTO&nbsp; 2024 GUIDA NATURALISTICA: Pierino Picco (Tel. 347 2241970) GUIDA ALPINA: Collegio Guide Alpine Friuli Venezia Giulia (Tel 349 5202323) CANYONING NELLA FORRA [\u2026]\" \/>\n<meta property=\"og:url\" content=\"https:\/\/www.parcodolomitifriulane.it\/en\/evento\/canyoning-nella-forra-del-rio-rassie\/\" \/>\n<meta property=\"og:site_name\" content=\"Parco Dolomiti Friulane\" \/>\n<meta property=\"article:publisher\" content=\"https:\/\/www.facebook.com\/dolomitifriulane\" \/>\n<meta property=\"article:modified_time\" content=\"2024-08-11T22:37:26+00:00\" \/>\n<meta property=\"og:image\" content=\"https:\/\/www.parcodolomitifriulane.it\/wp-content\/uploads\/2024\/05\/canyoning-rassie.jpg\" \/>\n\t<meta property=\"og:image:width\" content=\"1600\" \/>\n\t<meta property=\"og:image:height\" content=\"1200\" \/>\n\t<meta property=\"og:image:type\" content=\"image\/jpeg\" \/>\n<meta name=\"twitter:card\" content=\"summary_large_image\" \/>\n<meta name=\"twitter:site\" content=\"@parcoDF\" \/>\n<meta name=\"twitter:label1\" content=\"Estimated reading time\" \/>\n\t<meta name=\"twitter:data1\" content=\"2 minutes\" \/>\n<script type=\"application\/ld+json\" class=\"yoast-schema-graph\">{\"@context\":\"https:\\\/\\\/schema.org\",\"@graph\":[{\"@type\":\"WebPage\",\"@id\":\"https:\\\/\\\/www.parcodolomitifriulane.it\\\/evento\\\/canyoning-nella-forra-del-rio-rassie\\\/\",\"url\":\"https:\\\/\\\/www.parcodolomitifriulane.it\\\/evento\\\/canyoning-nella-forra-del-rio-rassie\\\/\",\"name\":\"*Canyoning nella Forra del Rio Rassie | Parco Dolomiti Friulane\",\"isPartOf\":{\"@id\":\"https:\\\/\\\/www.parcodolomitifriulane.it\\\/#website\"},\"primaryImageOfPage\":{\"@id\":\"https:\\\/\\\/www.parcodolomitifriulane.it\\\/evento\\\/canyoning-nella-forra-del-rio-rassie\\\/#primaryimage\"},\"image\":{\"@id\":\"https:\\\/\\\/www.parcodolomitifriulane.it\\\/evento\\\/canyoning-nella-forra-del-rio-rassie\\\/#primaryimage\"},\"thumbnailUrl\":\"https:\\\/\\\/www.parcodolomitifriulane.it\\\/wp-content\\\/uploads\\\/2024\\\/05\\\/canyoning-rassie.jpg\",\"datePublished\":\"2024-05-06T19:45:02+00:00\",\"dateModified\":\"2024-08-11T22:37:26+00:00\",\"breadcrumb\":{\"@id\":\"https:\\\/\\\/www.parcodolomitifriulane.it\\\/evento\\\/canyoning-nella-forra-del-rio-rassie\\\/#breadcrumb\"},\"inLanguage\":\"en-GB\",\"potentialAction\":[{\"@type\":\"ReadAction\",\"target\":[\"https:\\\/\\\/www.parcodolomitifriulane.it\\\/evento\\\/canyoning-nella-forra-del-rio-rassie\\\/\"]}]},{\"@type\":\"ImageObject\",\"inLanguage\":\"en-GB\",\"@id\":\"https:\\\/\\\/www.parcodolomitifriulane.it\\\/evento\\\/canyoning-nella-forra-del-rio-rassie\\\/#primaryimage\",\"url\":\"https:\\\/\\\/www.parcodolomitifriulane.it\\\/wp-content\\\/uploads\\\/2024\\\/05\\\/canyoning-rassie.jpg\",\"contentUrl\":\"https:\\\/\\\/www.parcodolomitifriulane.it\\\/wp-content\\\/uploads\\\/2024\\\/05\\\/canyoning-rassie.jpg\",\"width\":1600,\"height\":1200},{\"@type\":\"BreadcrumbList\",\"@id\":\"https:\\\/\\\/www.parcodolomitifriulane.it\\\/evento\\\/canyoning-nella-forra-del-rio-rassie\\\/#breadcrumb\",\"itemListElement\":[{\"@type\":\"ListItem\",\"position\":1,\"name\":\"Home\",\"item\":\"https:\\\/\\\/www.parcodolomitifriulane.it\\\/\"},{\"@type\":\"ListItem\",\"position\":2,\"name\":\"*Canyoning nella Forra del Rio Rassie\"}]},{\"@type\":\"WebSite\",\"@id\":\"https:\\\/\\\/www.parcodolomitifriulane.it\\\/#website\",\"url\":\"https:\\\/\\\/www.parcodolomitifriulane.it\\\/\",\"name\":\"Parco Dolomiti Friulane\",\"description\":\"Tutto Straordinariamente Emoz\",\"publisher\":{\"@id\":\"https:\\\/\\\/www.parcodolomitifriulane.it\\\/#organization\"},\"potentialAction\":[{\"@type\":\"SearchAction\",\"target\":{\"@type\":\"EntryPoint\",\"urlTemplate\":\"https:\\\/\\\/www.parcodolomitifriulane.it\\\/?s={search_term_string}\"},\"query-input\":{\"@type\":\"PropertyValueSpecification\",\"valueRequired\":true,\"valueName\":\"search_term_string\"}}],\"inLanguage\":\"en-GB\"},{\"@type\":\"Organization\",\"@id\":\"https:\\\/\\\/www.parcodolomitifriulane.it\\\/#organization\",\"name\":\"Parco Dolomiti Friulane\",\"url\":\"https:\\\/\\\/www.parcodolomitifriulane.it\\\/\",\"logo\":{\"@type\":\"ImageObject\",\"inLanguage\":\"en-GB\",\"@id\":\"https:\\\/\\\/www.parcodolomitifriulane.it\\\/#\\\/schema\\\/logo\\\/image\\\/\",\"url\":\"https:\\\/\\\/www.parcodolomitifriulane.it\\\/wp-content\\\/uploads\\\/2022\\\/06\\\/cropped-logo-1.png\",\"contentUrl\":\"https:\\\/\\\/www.parcodolomitifriulane.it\\\/wp-content\\\/uploads\\\/2022\\\/06\\\/cropped-logo-1.png\",\"width\":4685,\"height\":2773,\"caption\":\"Parco Dolomiti Friulane\"},\"image\":{\"@id\":\"https:\\\/\\\/www.parcodolomitifriulane.it\\\/#\\\/schema\\\/logo\\\/image\\\/\"},\"sameAs\":[\"https:\\\/\\\/www.facebook.com\\\/dolomitifriulane\",\"https:\\\/\\\/x.com\\\/parcoDF\",\"https:\\\/\\\/www.instagram.com\\\/dolomitifriulane\\\/\",\"https:\\\/\\\/www.youtube.com\\\/user\\\/DOLOMITIFRIULANEPARK\"]}]}<\/script>\n<!-- \/ Yoast SEO plugin. -->","yoast_head_json":{"title":"*Canyoning nella Forra del Rio Rassie | Parco Dolomiti Friulane","robots":{"index":"index","follow":"follow","max-snippet":"max-snippet:-1","max-image-preview":"max-image-preview:large","max-video-preview":"max-video-preview:-1"},"canonical":"https:\/\/www.parcodolomitifriulane.it\/en\/evento\/canyoning-nella-forra-del-rio-rassie\/","og_locale":"en_GB","og_type":"article","og_title":"*Canyoning nella Forra del Rio Rassie | Parco Dolomiti Friulane","og_description":"DATA: Domenica 11 AGOSTO&nbsp; 2024 GUIDA NATURALISTICA: Pierino Picco (Tel. 347 2241970) GUIDA ALPINA: Collegio Guide Alpine Friuli Venezia Giulia (Tel 349 5202323) CANYONING NELLA FORRA [\u2026]","og_url":"https:\/\/www.parcodolomitifriulane.it\/en\/evento\/canyoning-nella-forra-del-rio-rassie\/","og_site_name":"Parco Dolomiti Friulane","article_publisher":"https:\/\/www.facebook.com\/dolomitifriulane","article_modified_time":"2024-08-11T22:37:26+00:00","og_image":[{"width":1600,"height":1200,"url":"https:\/\/www.parcodolomitifriulane.it\/wp-content\/uploads\/2024\/05\/canyoning-rassie.jpg","type":"image\/jpeg"}],"twitter_card":"summary_large_image","twitter_site":"@parcoDF","twitter_misc":{"Estimated reading time":"2 minutes"},"schema":{"@context":"https:\/\/schema.org","@graph":[{"@type":"WebPage","@id":"https:\/\/www.parcodolomitifriulane.it\/evento\/canyoning-nella-forra-del-rio-rassie\/","url":"https:\/\/www.parcodolomitifriulane.it\/evento\/canyoning-nella-forra-del-rio-rassie\/","name":"*Canyoning nella Forra del Rio Rassie | Parco Dolomiti Friulane","isPartOf":{"@id":"https:\/\/www.parcodolomitifriulane.it\/#website"},"primaryImageOfPage":{"@id":"https:\/\/www.parcodolomitifriulane.it\/evento\/canyoning-nella-forra-del-rio-rassie\/#primaryimage"},"image":{"@id":"https:\/\/www.parcodolomitifriulane.it\/evento\/canyoning-nella-forra-del-rio-rassie\/#primaryimage"},"thumbnailUrl":"https:\/\/www.parcodolomitifriulane.it\/wp-content\/uploads\/2024\/05\/canyoning-rassie.jpg","datePublished":"2024-05-06T19:45:02+00:00","dateModified":"2024-08-11T22:37:26+00:00","breadcrumb":{"@id":"https:\/\/www.parcodolomitifriulane.it\/evento\/canyoning-nella-forra-del-rio-rassie\/#breadcrumb"},"inLanguage":"en-GB","potentialAction":[{"@type":"ReadAction","target":["https:\/\/www.parcodolomitifriulane.it\/evento\/canyoning-nella-forra-del-rio-rassie\/"]}]},{"@type":"ImageObject","inLanguage":"en-GB","@id":"https:\/\/www.parcodolomitifriulane.it\/evento\/canyoning-nella-forra-del-rio-rassie\/#primaryimage","url":"https:\/\/www.parcodolomitifriulane.it\/wp-content\/uploads\/2024\/05\/canyoning-rassie.jpg","contentUrl":"https:\/\/www.parcodolomitifriulane.it\/wp-content\/uploads\/2024\/05\/canyoning-rassie.jpg","width":1600,"height":1200},{"@type":"BreadcrumbList","@id":"https:\/\/www.parcodolomitifriulane.it\/evento\/canyoning-nella-forra-del-rio-rassie\/#breadcrumb","itemListElement":[{"@type":"ListItem","position":1,"name":"Home","item":"https:\/\/www.parcodolomitifriulane.it\/"},{"@type":"ListItem","position":2,"name":"*Canyoning nella Forra del Rio Rassie"}]},{"@type":"WebSite","@id":"https:\/\/www.parcodolomitifriulane.it\/#website","url":"https:\/\/www.parcodolomitifriulane.it\/","name":"Parco Dolomiti Friulane","description":"Tutto Straordinariamente Emoz","publisher":{"@id":"https:\/\/www.parcodolomitifriulane.it\/#organization"},"potentialAction":[{"@type":"SearchAction","target":{"@type":"EntryPoint","urlTemplate":"https:\/\/www.parcodolomitifriulane.it\/?s={search_term_string}"},"query-input":{"@type":"PropertyValueSpecification","valueRequired":true,"valueName":"search_term_string"}}],"inLanguage":"en-GB"},{"@type":"Organization","@id":"https:\/\/www.parcodolomitifriulane.it\/#organization","name":"Parco Dolomiti Friulane","url":"https:\/\/www.parcodolomitifriulane.it\/","logo":{"@type":"ImageObject","inLanguage":"en-GB","@id":"https:\/\/www.parcodolomitifriulane.it\/#\/schema\/logo\/image\/","url":"https:\/\/www.parcodolomitifriulane.it\/wp-content\/uploads\/2022\/06\/cropped-logo-1.png","contentUrl":"https:\/\/www.parcodolomitifriulane.it\/wp-content\/uploads\/2022\/06\/cropped-logo-1.png","width":4685,"height":2773,"caption":"Parco Dolomiti Friulane"},"image":{"@id":"https:\/\/www.parcodolomitifriulane.it\/#\/schema\/logo\/image\/"},"sameAs":["https:\/\/www.facebook.com\/dolomitifriulane","https:\/\/x.com\/parcoDF","https:\/\/www.instagram.com\/dolomitifriulane\/","https:\/\/www.youtube.com\/user\/DOLOMITIFRIULANEPARK"]}]}},"_links":{"self":[{"href":"https:\/\/www.parcodolomitifriulane.it\/en\/wp-json\/wp\/v2\/event_listing\/18041","targetHints":{"allow":["GET"]}}],"collection":[{"href":"https:\/\/www.parcodolomitifriulane.it\/en\/wp-json\/wp\/v2\/event_listing"}],"about":[{"href":"https:\/\/www.parcodolomitifriulane.it\/en\/wp-json\/wp\/v2\/types\/event_listing"}],"version-history":[{"count":0,"href":"https:\/\/www.parcodolomitifriulane.it\/en\/wp-json\/wp\/v2\/event_listing\/18041\/revisions"}],"wp:featuredmedia":[{"embeddable":true,"href":"https:\/\/www.parcodolomitifriulane.it\/en\/wp-json\/wp\/v2\/media\/18060"}],"wp:attachment":[{"href":"https:\/\/www.parcodolomitifriulane.it\/en\/wp-json\/wp\/v2\/media?parent=18041"}],"wp:term":[{"taxonomy":"event_listing_category","embeddable":true,"href":"https:\/\/www.parcodolomitifriulane.it\/en\/wp-json\/wp\/v2\/event_listing_category?post=18041"}],"curies":[{"name":"wp","href":"https:\/\/api.w.org\/{rel}","templated":true}]}}