{"id":18045,"date":"2024-05-06T22:06:44","date_gmt":"2024-05-06T20:06:44","guid":{"rendered":"https:\/\/www.parcodolomitifriulane.it\/?post_type=event_listing&#038;p=18045"},"modified":"2024-08-19T00:39:17","modified_gmt":"2024-08-18T22:39:17","slug":"un-corso-per-imparare-ad-arrampicare-in-falesia","status":"expired","type":"event_listing","link":"https:\/\/www.parcodolomitifriulane.it\/en\/event\/un-corso-per-imparare-ad-arrampicare-in-falesia\/","title":{"rendered":"*Un corso per imparare ad arrampicare in falesia"},"content":{"rendered":"<p>DATA: SABATO E DOMENICA 17-18 AGOSTO &nbsp;2024<\/p>\n\n\n\n<p>GUIDA: FRANCESCO LORENZI (Tel. 3401346981)<\/p>\n\n\n\n<p><strong>USCITA: ARRAMPICATA FALESIE VALCELLINA<\/strong><\/p>\n\n\n\n<p>Giornate dedicate all\u2019arrampicata sportiva nelle falesie attrezzate della Valcellina (Bosplans e Ponte Compol). Durante le giornate ci sar\u00e0 tempo per affrontare molti itinerari con diverse difficolt\u00e0 a seconda delle proprie capacit\u00e0. Oltre al divertimento sar\u00e0 possibile cimentarsi nell\u2019apprendimento delle manovre di assicurazione e saranno spesi alcuni momenti per parlare degli aspetti legati alla sicurezza durante l\u2019attivit\u00e0 di arrampicata sportiva.<\/p>\n\n\n\n<p>NB: per quanto riguarda l\u2019attrezzatura necessaria che troverete sotto riportata, si ricorda a chi non ne fosse in possesso, di avvisare o provare a contattare la guida per tempo in modo da poter organizzare l\u2019eventuale recupero del materiale. La guida, inoltre, si riserva di cambiare luogo\/falesia dove svolgere l\u2019attivit\u00e0 in base alle condizioni meteo e dei partecipanti.<\/p>\n\n\n\n<p>Testo: FRANCESCO LORENZI<\/p>\n\n\n\n<p>INFORMAZIONI:<\/p>\n\n\n\n<p>Tipologia: climbing day<\/p>\n\n\n\n<p>Difficolt\u00e0: Facile.<\/p>\n\n\n\n<p>Durata: 2gg<\/p>\n\n\n\n<p>Abbigliamento e attrezzatura: L\u2019abbigliamento deve essere adeguato alla frequentazione dell\u2019ambiente montano, tenendo conto del meteo in cui sar\u00e0 svolta l\u2019attivit\u00e0.<\/p>\n\n\n\n<p>Attrezzatura da arrampicata sportiva: imbrago, casco, scarpette da arrampicata. Se in possesso di altro materiale come porta magnesio, rinvii, GriGri, corde ecc\u2026portare pure e poi se ne valuter\u00e0 l\u2019utilizzo.<\/p>\n\n\n\n<p>Bevande e viveri vari.<\/p>\n\n\n\n<p>Ritrovo: 1 gg centro visite Andreis ore 9.00.<\/p>\n\n\n\n<p>2 gg centro visite Cimolais ore 9.00.<\/p>\n\n\n\n<p>Tariffa:&nbsp;&nbsp;&nbsp;&nbsp;&nbsp;&nbsp;&nbsp;&nbsp;&nbsp;&nbsp;&nbsp; 50,00 euro adulti; 26,00 euro per ragazzi sotto i 12 anni e over 70<\/p>\n\n\n\n<p><strong>Prenotazione obbligatoria al seguente link<\/strong><\/p>\n\n\n\n<p><a href=\"https:\/\/docs.google.com\/forms\/d\/1D51l0ijl-4yqZL1eFjI8S2X2YnYfhEZTYdrYcne2YXs\/edit\">https:\/\/docs.google.com\/forms\/d\/1D51l0ijl-4yqZL1eFjI8S2X2YnYfhEZTYdrYcne2YXs\/edit<\/a><\/p>","protected":false},"featured_media":18067,"template":"","meta":{"_acf_changed":false},"event_listing_category":[136],"class_list":["post-18045","event_listing","type-event_listing","status-expired","has-post-thumbnail","hentry","event_listing_category-semplici-per-tutti"],"acf":[],"yoast_head":"<!-- This site is optimized with the Yoast SEO plugin v27.5 - https:\/\/yoast.com\/product\/yoast-seo-wordpress\/ -->\n<title>*Un corso per imparare ad arrampicare in falesia | Parco Dolomiti Friulane<\/title>\n<meta name=\"robots\" content=\"index, follow, max-snippet:-1, max-image-preview:large, max-video-preview:-1\" \/>\n<link rel=\"canonical\" href=\"https:\/\/www.parcodolomitifriulane.it\/en\/evento\/un-corso-per-imparare-ad-arrampicare-in-falesia\/\" \/>\n<meta property=\"og:locale\" content=\"en_GB\" \/>\n<meta property=\"og:type\" content=\"article\" \/>\n<meta property=\"og:title\" content=\"*Un corso per imparare ad arrampicare in falesia | Parco Dolomiti Friulane\" \/>\n<meta property=\"og:description\" content=\"DATA: SABATO E DOMENICA 17-18 AGOSTO &nbsp;2024 GUIDA: FRANCESCO LORENZI (Tel. 3401346981) USCITA: ARRAMPICATA FALESIE VALCELLINA Giornate dedicate all\u2019arrampicata sportiva nelle falesie attrezzate della Valcellina (Bosplans [\u2026]\" \/>\n<meta property=\"og:url\" content=\"https:\/\/www.parcodolomitifriulane.it\/en\/evento\/un-corso-per-imparare-ad-arrampicare-in-falesia\/\" \/>\n<meta property=\"og:site_name\" content=\"Parco Dolomiti Friulane\" \/>\n<meta property=\"article:publisher\" content=\"https:\/\/www.facebook.com\/dolomitifriulane\" \/>\n<meta property=\"article:modified_time\" content=\"2024-08-18T22:39:17+00:00\" \/>\n<meta property=\"og:image\" content=\"https:\/\/www.parcodolomitifriulane.it\/wp-content\/uploads\/2024\/05\/compol.jpg\" \/>\n\t<meta property=\"og:image:width\" content=\"1598\" \/>\n\t<meta property=\"og:image:height\" content=\"898\" \/>\n\t<meta property=\"og:image:type\" content=\"image\/jpeg\" \/>\n<meta name=\"twitter:card\" content=\"summary_large_image\" \/>\n<meta name=\"twitter:site\" content=\"@parcoDF\" \/>\n<meta name=\"twitter:label1\" content=\"Estimated reading time\" \/>\n\t<meta name=\"twitter:data1\" content=\"2 minutes\" \/>\n<script type=\"application\/ld+json\" class=\"yoast-schema-graph\">{\"@context\":\"https:\\\/\\\/schema.org\",\"@graph\":[{\"@type\":\"WebPage\",\"@id\":\"https:\\\/\\\/www.parcodolomitifriulane.it\\\/evento\\\/un-corso-per-imparare-ad-arrampicare-in-falesia\\\/\",\"url\":\"https:\\\/\\\/www.parcodolomitifriulane.it\\\/evento\\\/un-corso-per-imparare-ad-arrampicare-in-falesia\\\/\",\"name\":\"*Un corso per imparare ad arrampicare in falesia | Parco Dolomiti Friulane\",\"isPartOf\":{\"@id\":\"https:\\\/\\\/www.parcodolomitifriulane.it\\\/#website\"},\"primaryImageOfPage\":{\"@id\":\"https:\\\/\\\/www.parcodolomitifriulane.it\\\/evento\\\/un-corso-per-imparare-ad-arrampicare-in-falesia\\\/#primaryimage\"},\"image\":{\"@id\":\"https:\\\/\\\/www.parcodolomitifriulane.it\\\/evento\\\/un-corso-per-imparare-ad-arrampicare-in-falesia\\\/#primaryimage\"},\"thumbnailUrl\":\"https:\\\/\\\/www.parcodolomitifriulane.it\\\/wp-content\\\/uploads\\\/2024\\\/05\\\/compol.jpg\",\"datePublished\":\"2024-05-06T20:06:44+00:00\",\"dateModified\":\"2024-08-18T22:39:17+00:00\",\"breadcrumb\":{\"@id\":\"https:\\\/\\\/www.parcodolomitifriulane.it\\\/evento\\\/un-corso-per-imparare-ad-arrampicare-in-falesia\\\/#breadcrumb\"},\"inLanguage\":\"en-GB\",\"potentialAction\":[{\"@type\":\"ReadAction\",\"target\":[\"https:\\\/\\\/www.parcodolomitifriulane.it\\\/evento\\\/un-corso-per-imparare-ad-arrampicare-in-falesia\\\/\"]}]},{\"@type\":\"ImageObject\",\"inLanguage\":\"en-GB\",\"@id\":\"https:\\\/\\\/www.parcodolomitifriulane.it\\\/evento\\\/un-corso-per-imparare-ad-arrampicare-in-falesia\\\/#primaryimage\",\"url\":\"https:\\\/\\\/www.parcodolomitifriulane.it\\\/wp-content\\\/uploads\\\/2024\\\/05\\\/compol.jpg\",\"contentUrl\":\"https:\\\/\\\/www.parcodolomitifriulane.it\\\/wp-content\\\/uploads\\\/2024\\\/05\\\/compol.jpg\",\"width\":1598,\"height\":898},{\"@type\":\"BreadcrumbList\",\"@id\":\"https:\\\/\\\/www.parcodolomitifriulane.it\\\/evento\\\/un-corso-per-imparare-ad-arrampicare-in-falesia\\\/#breadcrumb\",\"itemListElement\":[{\"@type\":\"ListItem\",\"position\":1,\"name\":\"Home\",\"item\":\"https:\\\/\\\/www.parcodolomitifriulane.it\\\/\"},{\"@type\":\"ListItem\",\"position\":2,\"name\":\"*Un corso per imparare ad arrampicare in falesia\"}]},{\"@type\":\"WebSite\",\"@id\":\"https:\\\/\\\/www.parcodolomitifriulane.it\\\/#website\",\"url\":\"https:\\\/\\\/www.parcodolomitifriulane.it\\\/\",\"name\":\"Parco Dolomiti Friulane\",\"description\":\"Tutto Straordinariamente Emoz\",\"publisher\":{\"@id\":\"https:\\\/\\\/www.parcodolomitifriulane.it\\\/#organization\"},\"potentialAction\":[{\"@type\":\"SearchAction\",\"target\":{\"@type\":\"EntryPoint\",\"urlTemplate\":\"https:\\\/\\\/www.parcodolomitifriulane.it\\\/?s={search_term_string}\"},\"query-input\":{\"@type\":\"PropertyValueSpecification\",\"valueRequired\":true,\"valueName\":\"search_term_string\"}}],\"inLanguage\":\"en-GB\"},{\"@type\":\"Organization\",\"@id\":\"https:\\\/\\\/www.parcodolomitifriulane.it\\\/#organization\",\"name\":\"Parco Dolomiti Friulane\",\"url\":\"https:\\\/\\\/www.parcodolomitifriulane.it\\\/\",\"logo\":{\"@type\":\"ImageObject\",\"inLanguage\":\"en-GB\",\"@id\":\"https:\\\/\\\/www.parcodolomitifriulane.it\\\/#\\\/schema\\\/logo\\\/image\\\/\",\"url\":\"https:\\\/\\\/www.parcodolomitifriulane.it\\\/wp-content\\\/uploads\\\/2022\\\/06\\\/cropped-logo-1.png\",\"contentUrl\":\"https:\\\/\\\/www.parcodolomitifriulane.it\\\/wp-content\\\/uploads\\\/2022\\\/06\\\/cropped-logo-1.png\",\"width\":4685,\"height\":2773,\"caption\":\"Parco Dolomiti Friulane\"},\"image\":{\"@id\":\"https:\\\/\\\/www.parcodolomitifriulane.it\\\/#\\\/schema\\\/logo\\\/image\\\/\"},\"sameAs\":[\"https:\\\/\\\/www.facebook.com\\\/dolomitifriulane\",\"https:\\\/\\\/x.com\\\/parcoDF\",\"https:\\\/\\\/www.instagram.com\\\/dolomitifriulane\\\/\",\"https:\\\/\\\/www.youtube.com\\\/user\\\/DOLOMITIFRIULANEPARK\"]}]}<\/script>\n<!-- \/ Yoast SEO plugin. -->","yoast_head_json":{"title":"*Un corso per imparare ad arrampicare in falesia | Parco Dolomiti Friulane","robots":{"index":"index","follow":"follow","max-snippet":"max-snippet:-1","max-image-preview":"max-image-preview:large","max-video-preview":"max-video-preview:-1"},"canonical":"https:\/\/www.parcodolomitifriulane.it\/en\/evento\/un-corso-per-imparare-ad-arrampicare-in-falesia\/","og_locale":"en_GB","og_type":"article","og_title":"*Un corso per imparare ad arrampicare in falesia | Parco Dolomiti Friulane","og_description":"DATA: SABATO E DOMENICA 17-18 AGOSTO &nbsp;2024 GUIDA: FRANCESCO LORENZI (Tel. 3401346981) USCITA: ARRAMPICATA FALESIE VALCELLINA Giornate dedicate all\u2019arrampicata sportiva nelle falesie attrezzate della Valcellina (Bosplans [\u2026]","og_url":"https:\/\/www.parcodolomitifriulane.it\/en\/evento\/un-corso-per-imparare-ad-arrampicare-in-falesia\/","og_site_name":"Parco Dolomiti Friulane","article_publisher":"https:\/\/www.facebook.com\/dolomitifriulane","article_modified_time":"2024-08-18T22:39:17+00:00","og_image":[{"width":1598,"height":898,"url":"https:\/\/www.parcodolomitifriulane.it\/wp-content\/uploads\/2024\/05\/compol.jpg","type":"image\/jpeg"}],"twitter_card":"summary_large_image","twitter_site":"@parcoDF","twitter_misc":{"Estimated reading time":"2 minutes"},"schema":{"@context":"https:\/\/schema.org","@graph":[{"@type":"WebPage","@id":"https:\/\/www.parcodolomitifriulane.it\/evento\/un-corso-per-imparare-ad-arrampicare-in-falesia\/","url":"https:\/\/www.parcodolomitifriulane.it\/evento\/un-corso-per-imparare-ad-arrampicare-in-falesia\/","name":"*Un corso per imparare ad arrampicare in falesia | Parco Dolomiti Friulane","isPartOf":{"@id":"https:\/\/www.parcodolomitifriulane.it\/#website"},"primaryImageOfPage":{"@id":"https:\/\/www.parcodolomitifriulane.it\/evento\/un-corso-per-imparare-ad-arrampicare-in-falesia\/#primaryimage"},"image":{"@id":"https:\/\/www.parcodolomitifriulane.it\/evento\/un-corso-per-imparare-ad-arrampicare-in-falesia\/#primaryimage"},"thumbnailUrl":"https:\/\/www.parcodolomitifriulane.it\/wp-content\/uploads\/2024\/05\/compol.jpg","datePublished":"2024-05-06T20:06:44+00:00","dateModified":"2024-08-18T22:39:17+00:00","breadcrumb":{"@id":"https:\/\/www.parcodolomitifriulane.it\/evento\/un-corso-per-imparare-ad-arrampicare-in-falesia\/#breadcrumb"},"inLanguage":"en-GB","potentialAction":[{"@type":"ReadAction","target":["https:\/\/www.parcodolomitifriulane.it\/evento\/un-corso-per-imparare-ad-arrampicare-in-falesia\/"]}]},{"@type":"ImageObject","inLanguage":"en-GB","@id":"https:\/\/www.parcodolomitifriulane.it\/evento\/un-corso-per-imparare-ad-arrampicare-in-falesia\/#primaryimage","url":"https:\/\/www.parcodolomitifriulane.it\/wp-content\/uploads\/2024\/05\/compol.jpg","contentUrl":"https:\/\/www.parcodolomitifriulane.it\/wp-content\/uploads\/2024\/05\/compol.jpg","width":1598,"height":898},{"@type":"BreadcrumbList","@id":"https:\/\/www.parcodolomitifriulane.it\/evento\/un-corso-per-imparare-ad-arrampicare-in-falesia\/#breadcrumb","itemListElement":[{"@type":"ListItem","position":1,"name":"Home","item":"https:\/\/www.parcodolomitifriulane.it\/"},{"@type":"ListItem","position":2,"name":"*Un corso per imparare ad arrampicare in falesia"}]},{"@type":"WebSite","@id":"https:\/\/www.parcodolomitifriulane.it\/#website","url":"https:\/\/www.parcodolomitifriulane.it\/","name":"Parco Dolomiti Friulane","description":"Tutto Straordinariamente Emoz","publisher":{"@id":"https:\/\/www.parcodolomitifriulane.it\/#organization"},"potentialAction":[{"@type":"SearchAction","target":{"@type":"EntryPoint","urlTemplate":"https:\/\/www.parcodolomitifriulane.it\/?s={search_term_string}"},"query-input":{"@type":"PropertyValueSpecification","valueRequired":true,"valueName":"search_term_string"}}],"inLanguage":"en-GB"},{"@type":"Organization","@id":"https:\/\/www.parcodolomitifriulane.it\/#organization","name":"Parco Dolomiti Friulane","url":"https:\/\/www.parcodolomitifriulane.it\/","logo":{"@type":"ImageObject","inLanguage":"en-GB","@id":"https:\/\/www.parcodolomitifriulane.it\/#\/schema\/logo\/image\/","url":"https:\/\/www.parcodolomitifriulane.it\/wp-content\/uploads\/2022\/06\/cropped-logo-1.png","contentUrl":"https:\/\/www.parcodolomitifriulane.it\/wp-content\/uploads\/2022\/06\/cropped-logo-1.png","width":4685,"height":2773,"caption":"Parco Dolomiti Friulane"},"image":{"@id":"https:\/\/www.parcodolomitifriulane.it\/#\/schema\/logo\/image\/"},"sameAs":["https:\/\/www.facebook.com\/dolomitifriulane","https:\/\/x.com\/parcoDF","https:\/\/www.instagram.com\/dolomitifriulane\/","https:\/\/www.youtube.com\/user\/DOLOMITIFRIULANEPARK"]}]}},"_links":{"self":[{"href":"https:\/\/www.parcodolomitifriulane.it\/en\/wp-json\/wp\/v2\/event_listing\/18045","targetHints":{"allow":["GET"]}}],"collection":[{"href":"https:\/\/www.parcodolomitifriulane.it\/en\/wp-json\/wp\/v2\/event_listing"}],"about":[{"href":"https:\/\/www.parcodolomitifriulane.it\/en\/wp-json\/wp\/v2\/types\/event_listing"}],"version-history":[{"count":0,"href":"https:\/\/www.parcodolomitifriulane.it\/en\/wp-json\/wp\/v2\/event_listing\/18045\/revisions"}],"wp:featuredmedia":[{"embeddable":true,"href":"https:\/\/www.parcodolomitifriulane.it\/en\/wp-json\/wp\/v2\/media\/18067"}],"wp:attachment":[{"href":"https:\/\/www.parcodolomitifriulane.it\/en\/wp-json\/wp\/v2\/media?parent=18045"}],"wp:term":[{"taxonomy":"event_listing_category","embeddable":true,"href":"https:\/\/www.parcodolomitifriulane.it\/en\/wp-json\/wp\/v2\/event_listing_category?post=18045"}],"curies":[{"name":"wp","href":"https:\/\/api.w.org\/{rel}","templated":true}]}}