{"id":18082,"date":"2024-05-06T23:08:38","date_gmt":"2024-05-06T21:08:38","guid":{"rendered":"https:\/\/www.parcodolomitifriulane.it\/?post_type=event_listing&#038;p=18082"},"modified":"2024-09-09T00:37:17","modified_gmt":"2024-09-08T22:37:17","slug":"forest-bathing-e-laboratorio-nella-natura","status":"expired","type":"event_listing","link":"https:\/\/www.parcodolomitifriulane.it\/en\/event\/forest-bathing-e-laboratorio-nella-natura\/","title":{"rendered":"*Forest Bathing e laboratorio nella Natura"},"content":{"rendered":"<p>DATA:&nbsp;&nbsp;&nbsp;&nbsp;&nbsp;&nbsp;&nbsp;&nbsp;&nbsp;&nbsp;&nbsp;&nbsp;&nbsp;&nbsp;&nbsp;&nbsp;&nbsp;&nbsp;&nbsp;&nbsp;&nbsp;&nbsp; &nbsp;&nbsp;&nbsp; Domenica 8 settembre 2024<\/p>\n\n\n\n<p>GUIDA:&nbsp;&nbsp;&nbsp;&nbsp;&nbsp;&nbsp;&nbsp;&nbsp; &nbsp;&nbsp;&nbsp; Lisetta Totis 3331527882<\/p>\n\n\n\n<p>BAGNO DI BOSCO E LABORATORIO NELLA NATURA<\/p>\n\n\n\n<p>Il bagno di bosco (o forest bathing) \u00e8 un&#8217;attivit\u00e0 che pu\u00f2 essere praticata da tutti in quanto non richiede capacit\u00e0 atletiche particolari. Pu\u00f2 essere definito un\u2019esperienza sensoriale e consapevole dell\u2019ambiente naturale.<\/p>\n\n\n\n<p>Consiste in una passeggiata lenta nel bosco e, grazie ad alcuni &#8220;inviti&#8221; che vengono proposti dalla guida, si arriva pian piano ad entrare in sintonia con l&#8217;ambiente circostante. Le persone riescono a rallentare i ritmi della vita quotidiana, scoprendo il benessere e il rilassamento che vengono favoriti dalla presenza degli elementi naturali. Il bosco diventa una casa accogliente dove ognuno pu\u00f2 trovare il proprio posto.<\/p>\n\n\n\n<p>La ricerca scientifica ha dimostrato i numerosi benefici di questa pratica, tra cui la riduzione dello stress, il miglioramento della concentrazione, l\u2019aumento della creativit\u00e0 e la riattivazione di tutti i sensi.<\/p>\n\n\n\n<p>E\u2019 un metodo per sperimentare un tempo lento e silenzioso in natura, una connessione con essa, con il proprio corpo ed il proprio respiro, per muoversi all\u2019aperto in libert\u00e0, ma al tempo stesso in sicurezza, senza la pressione del tempo, del giudizio e della competizione.<\/p>\n\n\n\n<p>La Guida di Bagno di Bosco \u00e8 un facilitatore che aiuta i partecipanti a calarsi nell\u2019esperienza e in una connessione sempre pi\u00f9 profonda attraverso gli inviti a compiere semplici azioni, individuali, a coppie o di gruppo.<\/p>\n\n\n\n<p>L\u2019attivit\u00e0 si svolger\u00e0 lungo una parte del Sentiero Geologico Alto Cellina inaugurato lo scorso anno nell\u2019area compresa tra il Pian de Crode, le Piramidi di terra, il Landre Scur, Casera Casavento e l\u2019Orma di dinosauro.<\/p>\n\n\n\n<p>INFORMAZIONI:<br>Tipologia: Bagno di bosco<\/p>\n\n\n\n<p>Difficolt\u00e0: facile<br>Dislivello: 150 metri<\/p>\n\n\n\n<p>Lunghezza: 4 km<br>Durata: 4 ore (comprensive dello spostamento in Pian de Cea)<br>Abbigliamento e attrezzature: calzature adeguate, acqua; consigliato plaid o tappetino<\/p>\n\n\n\n<p>Ritrovo: Centro visite di Claut alle ore 9:00&nbsp;<br>Tariffa: 7,00 euro adulto, 4,00 euro per ragazzi sotto i 12 anni e over 70<\/p>\n\n\n\n<p><strong>Prenotazione obbligatoria al seguente link<\/strong><\/p>\n\n\n\n<p><a href=\"https:\/\/docs.google.com\/forms\/d\/1BmZnPJNbBb-MUzzILxyjoVUt3fitW4oPD-6s6Yowvps\/edit\">https:\/\/docs.google.com\/forms\/d\/1BmZnPJNbBb-MUzzILxyjoVUt3fitW4oPD-6s6Yowvps\/edit<\/a><\/p>","protected":false},"featured_media":13901,"template":"","meta":{"_acf_changed":false},"event_listing_category":[136],"class_list":["post-18082","event_listing","type-event_listing","status-expired","has-post-thumbnail","hentry","event_listing_category-semplici-per-tutti"],"acf":[],"yoast_head":"<!-- This site is optimized with the Yoast SEO plugin v27.5 - https:\/\/yoast.com\/product\/yoast-seo-wordpress\/ -->\n<title>*Forest Bathing e laboratorio nella Natura | Parco Dolomiti Friulane<\/title>\n<meta name=\"robots\" content=\"index, follow, max-snippet:-1, max-image-preview:large, max-video-preview:-1\" \/>\n<link rel=\"canonical\" href=\"https:\/\/www.parcodolomitifriulane.it\/en\/evento\/forest-bathing-e-laboratorio-nella-natura\/\" \/>\n<meta property=\"og:locale\" content=\"en_GB\" \/>\n<meta property=\"og:type\" content=\"article\" \/>\n<meta property=\"og:title\" content=\"*Forest Bathing e laboratorio nella Natura | Parco Dolomiti Friulane\" \/>\n<meta property=\"og:description\" content=\"DATA:&nbsp;&nbsp;&nbsp;&nbsp;&nbsp;&nbsp;&nbsp;&nbsp;&nbsp;&nbsp;&nbsp;&nbsp;&nbsp;&nbsp;&nbsp;&nbsp;&nbsp;&nbsp;&nbsp;&nbsp;&nbsp;&nbsp; &nbsp;&nbsp;&nbsp; Domenica 8 settembre 2024 GUIDA:&nbsp;&nbsp;&nbsp;&nbsp;&nbsp;&nbsp;&nbsp;&nbsp; &nbsp;&nbsp;&nbsp; Lisetta Totis 3331527882 BAGNO DI BOSCO E LABORATORIO NELLA NATURA Il bagno di bosco (o forest bathing) \u00e8 [\u2026]\" \/>\n<meta property=\"og:url\" content=\"https:\/\/www.parcodolomitifriulane.it\/en\/evento\/forest-bathing-e-laboratorio-nella-natura\/\" \/>\n<meta property=\"og:site_name\" content=\"Parco Dolomiti Friulane\" \/>\n<meta property=\"article:publisher\" content=\"https:\/\/www.facebook.com\/dolomitifriulane\" \/>\n<meta property=\"article:modified_time\" content=\"2024-09-08T22:37:17+00:00\" \/>\n<meta property=\"og:image\" content=\"https:\/\/www.parcodolomitifriulane.it\/wp-content\/uploads\/2023\/02\/Antonio-Terrazzi-Claut-da-ponticello-20-03-apr-2022-scaled.jpg\" \/>\n\t<meta property=\"og:image:width\" content=\"2560\" \/>\n\t<meta property=\"og:image:height\" content=\"1702\" \/>\n\t<meta property=\"og:image:type\" content=\"image\/jpeg\" \/>\n<meta name=\"twitter:card\" content=\"summary_large_image\" \/>\n<meta name=\"twitter:site\" content=\"@parcoDF\" \/>\n<meta name=\"twitter:label1\" content=\"Estimated reading time\" \/>\n\t<meta name=\"twitter:data1\" content=\"2 minutes\" \/>\n<script type=\"application\/ld+json\" class=\"yoast-schema-graph\">{\"@context\":\"https:\\\/\\\/schema.org\",\"@graph\":[{\"@type\":\"WebPage\",\"@id\":\"https:\\\/\\\/www.parcodolomitifriulane.it\\\/evento\\\/forest-bathing-e-laboratorio-nella-natura\\\/\",\"url\":\"https:\\\/\\\/www.parcodolomitifriulane.it\\\/evento\\\/forest-bathing-e-laboratorio-nella-natura\\\/\",\"name\":\"*Forest Bathing e laboratorio nella Natura | Parco Dolomiti Friulane\",\"isPartOf\":{\"@id\":\"https:\\\/\\\/www.parcodolomitifriulane.it\\\/#website\"},\"primaryImageOfPage\":{\"@id\":\"https:\\\/\\\/www.parcodolomitifriulane.it\\\/evento\\\/forest-bathing-e-laboratorio-nella-natura\\\/#primaryimage\"},\"image\":{\"@id\":\"https:\\\/\\\/www.parcodolomitifriulane.it\\\/evento\\\/forest-bathing-e-laboratorio-nella-natura\\\/#primaryimage\"},\"thumbnailUrl\":\"https:\\\/\\\/www.parcodolomitifriulane.it\\\/wp-content\\\/uploads\\\/2023\\\/02\\\/Antonio-Terrazzi-Claut-da-ponticello-20-03-apr-2022-scaled.jpg\",\"datePublished\":\"2024-05-06T21:08:38+00:00\",\"dateModified\":\"2024-09-08T22:37:17+00:00\",\"breadcrumb\":{\"@id\":\"https:\\\/\\\/www.parcodolomitifriulane.it\\\/evento\\\/forest-bathing-e-laboratorio-nella-natura\\\/#breadcrumb\"},\"inLanguage\":\"en-GB\",\"potentialAction\":[{\"@type\":\"ReadAction\",\"target\":[\"https:\\\/\\\/www.parcodolomitifriulane.it\\\/evento\\\/forest-bathing-e-laboratorio-nella-natura\\\/\"]}]},{\"@type\":\"ImageObject\",\"inLanguage\":\"en-GB\",\"@id\":\"https:\\\/\\\/www.parcodolomitifriulane.it\\\/evento\\\/forest-bathing-e-laboratorio-nella-natura\\\/#primaryimage\",\"url\":\"https:\\\/\\\/www.parcodolomitifriulane.it\\\/wp-content\\\/uploads\\\/2023\\\/02\\\/Antonio-Terrazzi-Claut-da-ponticello-20-03-apr-2022-scaled.jpg\",\"contentUrl\":\"https:\\\/\\\/www.parcodolomitifriulane.it\\\/wp-content\\\/uploads\\\/2023\\\/02\\\/Antonio-Terrazzi-Claut-da-ponticello-20-03-apr-2022-scaled.jpg\",\"width\":2560,\"height\":1702},{\"@type\":\"BreadcrumbList\",\"@id\":\"https:\\\/\\\/www.parcodolomitifriulane.it\\\/evento\\\/forest-bathing-e-laboratorio-nella-natura\\\/#breadcrumb\",\"itemListElement\":[{\"@type\":\"ListItem\",\"position\":1,\"name\":\"Home\",\"item\":\"https:\\\/\\\/www.parcodolomitifriulane.it\\\/\"},{\"@type\":\"ListItem\",\"position\":2,\"name\":\"*Forest Bathing e laboratorio nella Natura\"}]},{\"@type\":\"WebSite\",\"@id\":\"https:\\\/\\\/www.parcodolomitifriulane.it\\\/#website\",\"url\":\"https:\\\/\\\/www.parcodolomitifriulane.it\\\/\",\"name\":\"Parco Dolomiti Friulane\",\"description\":\"Tutto Straordinariamente Emoz\",\"publisher\":{\"@id\":\"https:\\\/\\\/www.parcodolomitifriulane.it\\\/#organization\"},\"potentialAction\":[{\"@type\":\"SearchAction\",\"target\":{\"@type\":\"EntryPoint\",\"urlTemplate\":\"https:\\\/\\\/www.parcodolomitifriulane.it\\\/?s={search_term_string}\"},\"query-input\":{\"@type\":\"PropertyValueSpecification\",\"valueRequired\":true,\"valueName\":\"search_term_string\"}}],\"inLanguage\":\"en-GB\"},{\"@type\":\"Organization\",\"@id\":\"https:\\\/\\\/www.parcodolomitifriulane.it\\\/#organization\",\"name\":\"Parco Dolomiti Friulane\",\"url\":\"https:\\\/\\\/www.parcodolomitifriulane.it\\\/\",\"logo\":{\"@type\":\"ImageObject\",\"inLanguage\":\"en-GB\",\"@id\":\"https:\\\/\\\/www.parcodolomitifriulane.it\\\/#\\\/schema\\\/logo\\\/image\\\/\",\"url\":\"https:\\\/\\\/www.parcodolomitifriulane.it\\\/wp-content\\\/uploads\\\/2022\\\/06\\\/cropped-logo-1.png\",\"contentUrl\":\"https:\\\/\\\/www.parcodolomitifriulane.it\\\/wp-content\\\/uploads\\\/2022\\\/06\\\/cropped-logo-1.png\",\"width\":4685,\"height\":2773,\"caption\":\"Parco Dolomiti Friulane\"},\"image\":{\"@id\":\"https:\\\/\\\/www.parcodolomitifriulane.it\\\/#\\\/schema\\\/logo\\\/image\\\/\"},\"sameAs\":[\"https:\\\/\\\/www.facebook.com\\\/dolomitifriulane\",\"https:\\\/\\\/x.com\\\/parcoDF\",\"https:\\\/\\\/www.instagram.com\\\/dolomitifriulane\\\/\",\"https:\\\/\\\/www.youtube.com\\\/user\\\/DOLOMITIFRIULANEPARK\"]}]}<\/script>\n<!-- \/ Yoast SEO plugin. -->","yoast_head_json":{"title":"*Forest Bathing e laboratorio nella Natura | Parco Dolomiti Friulane","robots":{"index":"index","follow":"follow","max-snippet":"max-snippet:-1","max-image-preview":"max-image-preview:large","max-video-preview":"max-video-preview:-1"},"canonical":"https:\/\/www.parcodolomitifriulane.it\/en\/evento\/forest-bathing-e-laboratorio-nella-natura\/","og_locale":"en_GB","og_type":"article","og_title":"*Forest Bathing e laboratorio nella Natura | Parco Dolomiti Friulane","og_description":"DATA:&nbsp;&nbsp;&nbsp;&nbsp;&nbsp;&nbsp;&nbsp;&nbsp;&nbsp;&nbsp;&nbsp;&nbsp;&nbsp;&nbsp;&nbsp;&nbsp;&nbsp;&nbsp;&nbsp;&nbsp;&nbsp;&nbsp; &nbsp;&nbsp;&nbsp; Domenica 8 settembre 2024 GUIDA:&nbsp;&nbsp;&nbsp;&nbsp;&nbsp;&nbsp;&nbsp;&nbsp; &nbsp;&nbsp;&nbsp; Lisetta Totis 3331527882 BAGNO DI BOSCO E LABORATORIO NELLA NATURA Il bagno di bosco (o forest bathing) \u00e8 [\u2026]","og_url":"https:\/\/www.parcodolomitifriulane.it\/en\/evento\/forest-bathing-e-laboratorio-nella-natura\/","og_site_name":"Parco Dolomiti Friulane","article_publisher":"https:\/\/www.facebook.com\/dolomitifriulane","article_modified_time":"2024-09-08T22:37:17+00:00","og_image":[{"width":2560,"height":1702,"url":"https:\/\/www.parcodolomitifriulane.it\/wp-content\/uploads\/2023\/02\/Antonio-Terrazzi-Claut-da-ponticello-20-03-apr-2022-scaled.jpg","type":"image\/jpeg"}],"twitter_card":"summary_large_image","twitter_site":"@parcoDF","twitter_misc":{"Estimated reading time":"2 minutes"},"schema":{"@context":"https:\/\/schema.org","@graph":[{"@type":"WebPage","@id":"https:\/\/www.parcodolomitifriulane.it\/evento\/forest-bathing-e-laboratorio-nella-natura\/","url":"https:\/\/www.parcodolomitifriulane.it\/evento\/forest-bathing-e-laboratorio-nella-natura\/","name":"*Forest Bathing e laboratorio nella Natura | Parco Dolomiti Friulane","isPartOf":{"@id":"https:\/\/www.parcodolomitifriulane.it\/#website"},"primaryImageOfPage":{"@id":"https:\/\/www.parcodolomitifriulane.it\/evento\/forest-bathing-e-laboratorio-nella-natura\/#primaryimage"},"image":{"@id":"https:\/\/www.parcodolomitifriulane.it\/evento\/forest-bathing-e-laboratorio-nella-natura\/#primaryimage"},"thumbnailUrl":"https:\/\/www.parcodolomitifriulane.it\/wp-content\/uploads\/2023\/02\/Antonio-Terrazzi-Claut-da-ponticello-20-03-apr-2022-scaled.jpg","datePublished":"2024-05-06T21:08:38+00:00","dateModified":"2024-09-08T22:37:17+00:00","breadcrumb":{"@id":"https:\/\/www.parcodolomitifriulane.it\/evento\/forest-bathing-e-laboratorio-nella-natura\/#breadcrumb"},"inLanguage":"en-GB","potentialAction":[{"@type":"ReadAction","target":["https:\/\/www.parcodolomitifriulane.it\/evento\/forest-bathing-e-laboratorio-nella-natura\/"]}]},{"@type":"ImageObject","inLanguage":"en-GB","@id":"https:\/\/www.parcodolomitifriulane.it\/evento\/forest-bathing-e-laboratorio-nella-natura\/#primaryimage","url":"https:\/\/www.parcodolomitifriulane.it\/wp-content\/uploads\/2023\/02\/Antonio-Terrazzi-Claut-da-ponticello-20-03-apr-2022-scaled.jpg","contentUrl":"https:\/\/www.parcodolomitifriulane.it\/wp-content\/uploads\/2023\/02\/Antonio-Terrazzi-Claut-da-ponticello-20-03-apr-2022-scaled.jpg","width":2560,"height":1702},{"@type":"BreadcrumbList","@id":"https:\/\/www.parcodolomitifriulane.it\/evento\/forest-bathing-e-laboratorio-nella-natura\/#breadcrumb","itemListElement":[{"@type":"ListItem","position":1,"name":"Home","item":"https:\/\/www.parcodolomitifriulane.it\/"},{"@type":"ListItem","position":2,"name":"*Forest Bathing e laboratorio nella Natura"}]},{"@type":"WebSite","@id":"https:\/\/www.parcodolomitifriulane.it\/#website","url":"https:\/\/www.parcodolomitifriulane.it\/","name":"Parco Dolomiti Friulane","description":"Tutto Straordinariamente Emoz","publisher":{"@id":"https:\/\/www.parcodolomitifriulane.it\/#organization"},"potentialAction":[{"@type":"SearchAction","target":{"@type":"EntryPoint","urlTemplate":"https:\/\/www.parcodolomitifriulane.it\/?s={search_term_string}"},"query-input":{"@type":"PropertyValueSpecification","valueRequired":true,"valueName":"search_term_string"}}],"inLanguage":"en-GB"},{"@type":"Organization","@id":"https:\/\/www.parcodolomitifriulane.it\/#organization","name":"Parco Dolomiti Friulane","url":"https:\/\/www.parcodolomitifriulane.it\/","logo":{"@type":"ImageObject","inLanguage":"en-GB","@id":"https:\/\/www.parcodolomitifriulane.it\/#\/schema\/logo\/image\/","url":"https:\/\/www.parcodolomitifriulane.it\/wp-content\/uploads\/2022\/06\/cropped-logo-1.png","contentUrl":"https:\/\/www.parcodolomitifriulane.it\/wp-content\/uploads\/2022\/06\/cropped-logo-1.png","width":4685,"height":2773,"caption":"Parco Dolomiti Friulane"},"image":{"@id":"https:\/\/www.parcodolomitifriulane.it\/#\/schema\/logo\/image\/"},"sameAs":["https:\/\/www.facebook.com\/dolomitifriulane","https:\/\/x.com\/parcoDF","https:\/\/www.instagram.com\/dolomitifriulane\/","https:\/\/www.youtube.com\/user\/DOLOMITIFRIULANEPARK"]}]}},"_links":{"self":[{"href":"https:\/\/www.parcodolomitifriulane.it\/en\/wp-json\/wp\/v2\/event_listing\/18082","targetHints":{"allow":["GET"]}}],"collection":[{"href":"https:\/\/www.parcodolomitifriulane.it\/en\/wp-json\/wp\/v2\/event_listing"}],"about":[{"href":"https:\/\/www.parcodolomitifriulane.it\/en\/wp-json\/wp\/v2\/types\/event_listing"}],"version-history":[{"count":0,"href":"https:\/\/www.parcodolomitifriulane.it\/en\/wp-json\/wp\/v2\/event_listing\/18082\/revisions"}],"wp:featuredmedia":[{"embeddable":true,"href":"https:\/\/www.parcodolomitifriulane.it\/en\/wp-json\/wp\/v2\/media\/13901"}],"wp:attachment":[{"href":"https:\/\/www.parcodolomitifriulane.it\/en\/wp-json\/wp\/v2\/media?parent=18082"}],"wp:term":[{"taxonomy":"event_listing_category","embeddable":true,"href":"https:\/\/www.parcodolomitifriulane.it\/en\/wp-json\/wp\/v2\/event_listing_category?post=18082"}],"curies":[{"name":"wp","href":"https:\/\/api.w.org\/{rel}","templated":true}]}}