{"id":18086,"date":"2024-05-06T23:19:42","date_gmt":"2024-05-06T21:19:42","guid":{"rendered":"https:\/\/www.parcodolomitifriulane.it\/?post_type=event_listing&#038;p=18086"},"modified":"2024-09-29T00:38:08","modified_gmt":"2024-09-28T22:38:08","slug":"geopedalata-della-memoria-sul-vajont","status":"expired","type":"event_listing","link":"https:\/\/www.parcodolomitifriulane.it\/en\/event\/geopedalata-della-memoria-sul-vajont\/","title":{"rendered":"*Geopedalata della memoria sul Vajont"},"content":{"rendered":"<p>DATA: Sabato 28 settembre 2024<\/p>\n\n\n\n<p>GUIDA: Luca Bincoletto (Tel. 348 9330112)<\/p>\n\n\n\n<p><strong>GEOPEDALATA DELLA MEMORIA &#8211; PEDALATA<\/strong><\/p>\n\n\n\n<p>Escursione in bicicletta su percorso vallonato attraverso le strade asfaltate della Valle del Vajont, alla scoperta di alcuni dei luoghi pi\u00f9 importanti della valle nella memoria del disastro del Vajont, avvenuto il 9 ottobre del 1963.<\/p>\n\n\n\n<p>Pedalando, ripercorreremo gli elementi essenziali della tragica vicenda, nel lungo periodo, dall\u2019idea di sfruttamento idroelettrico della valle degli anni \u201920 del secolo scorso, all\u2019evento catastrofico fino agli effetti postumi della chiusura delle cause civili avvenute agli inizi del secondo millennio.<\/p>\n\n\n\n<p>L\u2019attivit\u00e0 inizia con la visita del centro visite di Erto, importante centro documentale sulle vicende del Vajont, che consentir\u00e0 un\u2019agevole introduzione ai luoghi che verranno attraversati in bicicletta e alla loro connessione con il disastro del Vajont.<\/p>\n\n\n\n<p>Terminata la visita del centro visite, inizia la pedalata, che mediante un anello che si sviluppa attorno al lago residuo, attraverso il corpo di frana, e toccando la diga del Vajont, ci condurr\u00e0 attraverso le localit\u00e0 che furono interessate dall\u2019ondata che interess\u00f2 la valle: San Martino, Marzana, C\u00e8va, Orn\u00e9rs, Prada, Pineda, Moli\u00e8sa, Fras\u00e8n e Le Spesse.<\/p>\n\n\n\n<p>La parte terminale del percorso di rientro attraverser\u00e0 Erto Vecchia, per giungere nuovamente al punto di partenza presso il centro visite.<\/p>\n\n\n\n<p>Testo: Luca Bincoletto<\/p>\n\n\n\n<p>INFORMAZIONI:<br>Tipologia: pedalata<br>Difficolt\u00e0: facile per tutti, percorso su strade ordinarie, presenza di facili e brevi salite<br>Lunghezza: 16 km<br>Dislivello: 280 metri<br>Durata: 6 ore<br>Abbigliamento e attrezzatura: adatto alla stagione, city bike, gravel o MTB, muscolari o elettriche, dotate di illuminazione frontale e posteriore, catena di chiusura, caschetto e alimenti al sacco al seguito<br>Ritrovo: Centro visite di Erto alle ore 9:00<\/p>\n\n\n\n<p>Tariffa: 11,00 euro adulti; 6,00 euro per i ragazzi sotto i 12 anni e gli over 70<\/p>\n\n\n\n<p>Possibilit\u00e0 di noleggio bicicletta<\/p>\n\n\n\n<p><strong>Prenotazione obbligatoria al seguente link<\/strong><\/p>\n\n\n\n<p><a href=\"https:\/\/docs.google.com\/forms\/d\/1L6MvEuUGG7t6EGck_iZ63aY4Ow7EQ66l14itz9RRZao\/edit\">https:\/\/docs.google.com\/forms\/d\/1L6MvEuUGG7t6EGck_iZ63aY4Ow7EQ66l14itz9RRZao\/edit<\/a><\/p>","protected":false},"featured_media":1849,"template":"","meta":{"_acf_changed":false},"event_listing_category":[136],"class_list":["post-18086","event_listing","type-event_listing","status-expired","has-post-thumbnail","hentry","event_listing_category-semplici-per-tutti"],"acf":[],"yoast_head":"<!-- This site is optimized with the Yoast SEO plugin v27.5 - https:\/\/yoast.com\/product\/yoast-seo-wordpress\/ -->\n<title>*Geopedalata della memoria sul Vajont | Parco Dolomiti Friulane<\/title>\n<meta name=\"robots\" content=\"index, follow, max-snippet:-1, max-image-preview:large, max-video-preview:-1\" \/>\n<link rel=\"canonical\" href=\"https:\/\/www.parcodolomitifriulane.it\/en\/evento\/geopedalata-della-memoria-sul-vajont\/\" \/>\n<meta property=\"og:locale\" content=\"en_GB\" \/>\n<meta property=\"og:type\" content=\"article\" \/>\n<meta property=\"og:title\" content=\"*Geopedalata della memoria sul Vajont | Parco Dolomiti Friulane\" \/>\n<meta property=\"og:description\" content=\"DATA: Sabato 28 settembre 2024 GUIDA: Luca Bincoletto (Tel. 348 9330112) GEOPEDALATA DELLA MEMORIA &#8211; PEDALATA Escursione in bicicletta su percorso vallonato attraverso le strade asfaltate [\u2026]\" \/>\n<meta property=\"og:url\" content=\"https:\/\/www.parcodolomitifriulane.it\/en\/evento\/geopedalata-della-memoria-sul-vajont\/\" \/>\n<meta property=\"og:site_name\" content=\"Parco Dolomiti Friulane\" \/>\n<meta property=\"article:publisher\" content=\"https:\/\/www.facebook.com\/dolomitifriulane\" \/>\n<meta property=\"article:modified_time\" content=\"2024-09-28T22:38:08+00:00\" \/>\n<meta property=\"og:image\" content=\"https:\/\/www.parcodolomitifriulane.it\/wp-content\/uploads\/2015\/07\/Ritagli_1920x750_VISITE-GUIDATE_diga-vajont.jpg\" \/>\n\t<meta property=\"og:image:width\" content=\"1920\" \/>\n\t<meta property=\"og:image:height\" content=\"750\" \/>\n\t<meta property=\"og:image:type\" content=\"image\/jpeg\" \/>\n<meta name=\"twitter:card\" content=\"summary_large_image\" \/>\n<meta name=\"twitter:site\" content=\"@parcoDF\" \/>\n<meta name=\"twitter:label1\" content=\"Estimated reading time\" \/>\n\t<meta name=\"twitter:data1\" content=\"2 minutes\" \/>\n<script type=\"application\/ld+json\" class=\"yoast-schema-graph\">{\"@context\":\"https:\\\/\\\/schema.org\",\"@graph\":[{\"@type\":\"WebPage\",\"@id\":\"https:\\\/\\\/www.parcodolomitifriulane.it\\\/evento\\\/geopedalata-della-memoria-sul-vajont\\\/\",\"url\":\"https:\\\/\\\/www.parcodolomitifriulane.it\\\/evento\\\/geopedalata-della-memoria-sul-vajont\\\/\",\"name\":\"*Geopedalata della memoria sul Vajont | Parco Dolomiti Friulane\",\"isPartOf\":{\"@id\":\"https:\\\/\\\/www.parcodolomitifriulane.it\\\/#website\"},\"primaryImageOfPage\":{\"@id\":\"https:\\\/\\\/www.parcodolomitifriulane.it\\\/evento\\\/geopedalata-della-memoria-sul-vajont\\\/#primaryimage\"},\"image\":{\"@id\":\"https:\\\/\\\/www.parcodolomitifriulane.it\\\/evento\\\/geopedalata-della-memoria-sul-vajont\\\/#primaryimage\"},\"thumbnailUrl\":\"https:\\\/\\\/www.parcodolomitifriulane.it\\\/wp-content\\\/uploads\\\/2015\\\/07\\\/Ritagli_1920x750_VISITE-GUIDATE_diga-vajont.jpg\",\"datePublished\":\"2024-05-06T21:19:42+00:00\",\"dateModified\":\"2024-09-28T22:38:08+00:00\",\"breadcrumb\":{\"@id\":\"https:\\\/\\\/www.parcodolomitifriulane.it\\\/evento\\\/geopedalata-della-memoria-sul-vajont\\\/#breadcrumb\"},\"inLanguage\":\"en-GB\",\"potentialAction\":[{\"@type\":\"ReadAction\",\"target\":[\"https:\\\/\\\/www.parcodolomitifriulane.it\\\/evento\\\/geopedalata-della-memoria-sul-vajont\\\/\"]}]},{\"@type\":\"ImageObject\",\"inLanguage\":\"en-GB\",\"@id\":\"https:\\\/\\\/www.parcodolomitifriulane.it\\\/evento\\\/geopedalata-della-memoria-sul-vajont\\\/#primaryimage\",\"url\":\"https:\\\/\\\/www.parcodolomitifriulane.it\\\/wp-content\\\/uploads\\\/2015\\\/07\\\/Ritagli_1920x750_VISITE-GUIDATE_diga-vajont.jpg\",\"contentUrl\":\"https:\\\/\\\/www.parcodolomitifriulane.it\\\/wp-content\\\/uploads\\\/2015\\\/07\\\/Ritagli_1920x750_VISITE-GUIDATE_diga-vajont.jpg\",\"width\":1920,\"height\":750,\"caption\":\"Parco Naturale Dolomiti Friulane\"},{\"@type\":\"BreadcrumbList\",\"@id\":\"https:\\\/\\\/www.parcodolomitifriulane.it\\\/evento\\\/geopedalata-della-memoria-sul-vajont\\\/#breadcrumb\",\"itemListElement\":[{\"@type\":\"ListItem\",\"position\":1,\"name\":\"Home\",\"item\":\"https:\\\/\\\/www.parcodolomitifriulane.it\\\/\"},{\"@type\":\"ListItem\",\"position\":2,\"name\":\"*Geopedalata della memoria sul Vajont\"}]},{\"@type\":\"WebSite\",\"@id\":\"https:\\\/\\\/www.parcodolomitifriulane.it\\\/#website\",\"url\":\"https:\\\/\\\/www.parcodolomitifriulane.it\\\/\",\"name\":\"Parco Dolomiti Friulane\",\"description\":\"Tutto Straordinariamente Emoz\",\"publisher\":{\"@id\":\"https:\\\/\\\/www.parcodolomitifriulane.it\\\/#organization\"},\"potentialAction\":[{\"@type\":\"SearchAction\",\"target\":{\"@type\":\"EntryPoint\",\"urlTemplate\":\"https:\\\/\\\/www.parcodolomitifriulane.it\\\/?s={search_term_string}\"},\"query-input\":{\"@type\":\"PropertyValueSpecification\",\"valueRequired\":true,\"valueName\":\"search_term_string\"}}],\"inLanguage\":\"en-GB\"},{\"@type\":\"Organization\",\"@id\":\"https:\\\/\\\/www.parcodolomitifriulane.it\\\/#organization\",\"name\":\"Parco Dolomiti Friulane\",\"url\":\"https:\\\/\\\/www.parcodolomitifriulane.it\\\/\",\"logo\":{\"@type\":\"ImageObject\",\"inLanguage\":\"en-GB\",\"@id\":\"https:\\\/\\\/www.parcodolomitifriulane.it\\\/#\\\/schema\\\/logo\\\/image\\\/\",\"url\":\"https:\\\/\\\/www.parcodolomitifriulane.it\\\/wp-content\\\/uploads\\\/2022\\\/06\\\/cropped-logo-1.png\",\"contentUrl\":\"https:\\\/\\\/www.parcodolomitifriulane.it\\\/wp-content\\\/uploads\\\/2022\\\/06\\\/cropped-logo-1.png\",\"width\":4685,\"height\":2773,\"caption\":\"Parco Dolomiti Friulane\"},\"image\":{\"@id\":\"https:\\\/\\\/www.parcodolomitifriulane.it\\\/#\\\/schema\\\/logo\\\/image\\\/\"},\"sameAs\":[\"https:\\\/\\\/www.facebook.com\\\/dolomitifriulane\",\"https:\\\/\\\/x.com\\\/parcoDF\",\"https:\\\/\\\/www.instagram.com\\\/dolomitifriulane\\\/\",\"https:\\\/\\\/www.youtube.com\\\/user\\\/DOLOMITIFRIULANEPARK\"]}]}<\/script>\n<!-- \/ Yoast SEO plugin. -->","yoast_head_json":{"title":"*Geopedalata della memoria sul Vajont | Parco Dolomiti Friulane","robots":{"index":"index","follow":"follow","max-snippet":"max-snippet:-1","max-image-preview":"max-image-preview:large","max-video-preview":"max-video-preview:-1"},"canonical":"https:\/\/www.parcodolomitifriulane.it\/en\/evento\/geopedalata-della-memoria-sul-vajont\/","og_locale":"en_GB","og_type":"article","og_title":"*Geopedalata della memoria sul Vajont | Parco Dolomiti Friulane","og_description":"DATA: Sabato 28 settembre 2024 GUIDA: Luca Bincoletto (Tel. 348 9330112) GEOPEDALATA DELLA MEMORIA &#8211; PEDALATA Escursione in bicicletta su percorso vallonato attraverso le strade asfaltate [\u2026]","og_url":"https:\/\/www.parcodolomitifriulane.it\/en\/evento\/geopedalata-della-memoria-sul-vajont\/","og_site_name":"Parco Dolomiti Friulane","article_publisher":"https:\/\/www.facebook.com\/dolomitifriulane","article_modified_time":"2024-09-28T22:38:08+00:00","og_image":[{"width":1920,"height":750,"url":"https:\/\/www.parcodolomitifriulane.it\/wp-content\/uploads\/2015\/07\/Ritagli_1920x750_VISITE-GUIDATE_diga-vajont.jpg","type":"image\/jpeg"}],"twitter_card":"summary_large_image","twitter_site":"@parcoDF","twitter_misc":{"Estimated reading time":"2 minutes"},"schema":{"@context":"https:\/\/schema.org","@graph":[{"@type":"WebPage","@id":"https:\/\/www.parcodolomitifriulane.it\/evento\/geopedalata-della-memoria-sul-vajont\/","url":"https:\/\/www.parcodolomitifriulane.it\/evento\/geopedalata-della-memoria-sul-vajont\/","name":"*Geopedalata della memoria sul Vajont | Parco Dolomiti Friulane","isPartOf":{"@id":"https:\/\/www.parcodolomitifriulane.it\/#website"},"primaryImageOfPage":{"@id":"https:\/\/www.parcodolomitifriulane.it\/evento\/geopedalata-della-memoria-sul-vajont\/#primaryimage"},"image":{"@id":"https:\/\/www.parcodolomitifriulane.it\/evento\/geopedalata-della-memoria-sul-vajont\/#primaryimage"},"thumbnailUrl":"https:\/\/www.parcodolomitifriulane.it\/wp-content\/uploads\/2015\/07\/Ritagli_1920x750_VISITE-GUIDATE_diga-vajont.jpg","datePublished":"2024-05-06T21:19:42+00:00","dateModified":"2024-09-28T22:38:08+00:00","breadcrumb":{"@id":"https:\/\/www.parcodolomitifriulane.it\/evento\/geopedalata-della-memoria-sul-vajont\/#breadcrumb"},"inLanguage":"en-GB","potentialAction":[{"@type":"ReadAction","target":["https:\/\/www.parcodolomitifriulane.it\/evento\/geopedalata-della-memoria-sul-vajont\/"]}]},{"@type":"ImageObject","inLanguage":"en-GB","@id":"https:\/\/www.parcodolomitifriulane.it\/evento\/geopedalata-della-memoria-sul-vajont\/#primaryimage","url":"https:\/\/www.parcodolomitifriulane.it\/wp-content\/uploads\/2015\/07\/Ritagli_1920x750_VISITE-GUIDATE_diga-vajont.jpg","contentUrl":"https:\/\/www.parcodolomitifriulane.it\/wp-content\/uploads\/2015\/07\/Ritagli_1920x750_VISITE-GUIDATE_diga-vajont.jpg","width":1920,"height":750,"caption":"Parco Naturale Dolomiti Friulane"},{"@type":"BreadcrumbList","@id":"https:\/\/www.parcodolomitifriulane.it\/evento\/geopedalata-della-memoria-sul-vajont\/#breadcrumb","itemListElement":[{"@type":"ListItem","position":1,"name":"Home","item":"https:\/\/www.parcodolomitifriulane.it\/"},{"@type":"ListItem","position":2,"name":"*Geopedalata della memoria sul Vajont"}]},{"@type":"WebSite","@id":"https:\/\/www.parcodolomitifriulane.it\/#website","url":"https:\/\/www.parcodolomitifriulane.it\/","name":"Parco Dolomiti Friulane","description":"Tutto Straordinariamente Emoz","publisher":{"@id":"https:\/\/www.parcodolomitifriulane.it\/#organization"},"potentialAction":[{"@type":"SearchAction","target":{"@type":"EntryPoint","urlTemplate":"https:\/\/www.parcodolomitifriulane.it\/?s={search_term_string}"},"query-input":{"@type":"PropertyValueSpecification","valueRequired":true,"valueName":"search_term_string"}}],"inLanguage":"en-GB"},{"@type":"Organization","@id":"https:\/\/www.parcodolomitifriulane.it\/#organization","name":"Parco Dolomiti Friulane","url":"https:\/\/www.parcodolomitifriulane.it\/","logo":{"@type":"ImageObject","inLanguage":"en-GB","@id":"https:\/\/www.parcodolomitifriulane.it\/#\/schema\/logo\/image\/","url":"https:\/\/www.parcodolomitifriulane.it\/wp-content\/uploads\/2022\/06\/cropped-logo-1.png","contentUrl":"https:\/\/www.parcodolomitifriulane.it\/wp-content\/uploads\/2022\/06\/cropped-logo-1.png","width":4685,"height":2773,"caption":"Parco Dolomiti Friulane"},"image":{"@id":"https:\/\/www.parcodolomitifriulane.it\/#\/schema\/logo\/image\/"},"sameAs":["https:\/\/www.facebook.com\/dolomitifriulane","https:\/\/x.com\/parcoDF","https:\/\/www.instagram.com\/dolomitifriulane\/","https:\/\/www.youtube.com\/user\/DOLOMITIFRIULANEPARK"]}]}},"_links":{"self":[{"href":"https:\/\/www.parcodolomitifriulane.it\/en\/wp-json\/wp\/v2\/event_listing\/18086","targetHints":{"allow":["GET"]}}],"collection":[{"href":"https:\/\/www.parcodolomitifriulane.it\/en\/wp-json\/wp\/v2\/event_listing"}],"about":[{"href":"https:\/\/www.parcodolomitifriulane.it\/en\/wp-json\/wp\/v2\/types\/event_listing"}],"version-history":[{"count":0,"href":"https:\/\/www.parcodolomitifriulane.it\/en\/wp-json\/wp\/v2\/event_listing\/18086\/revisions"}],"wp:featuredmedia":[{"embeddable":true,"href":"https:\/\/www.parcodolomitifriulane.it\/en\/wp-json\/wp\/v2\/media\/1849"}],"wp:attachment":[{"href":"https:\/\/www.parcodolomitifriulane.it\/en\/wp-json\/wp\/v2\/media?parent=18086"}],"wp:term":[{"taxonomy":"event_listing_category","embeddable":true,"href":"https:\/\/www.parcodolomitifriulane.it\/en\/wp-json\/wp\/v2\/event_listing_category?post=18086"}],"curies":[{"name":"wp","href":"https:\/\/api.w.org\/{rel}","templated":true}]}}