{"id":18390,"date":"2024-08-15T18:44:51","date_gmt":"2024-08-15T16:44:51","guid":{"rendered":"https:\/\/www.parcodolomitifriulane.it\/?post_type=event_listing&#038;p=18390"},"modified":"2024-10-19T00:38:49","modified_gmt":"2024-10-18T22:38:49","slug":"a-spasso-con-lasinello-biagio-e-una-capretta","status":"expired","type":"event_listing","link":"https:\/\/www.parcodolomitifriulane.it\/en\/event\/a-spasso-con-lasinello-biagio-e-una-capretta\/","title":{"rendered":"*A spasso con l&#8217;asinello Biagio e una capretta"},"content":{"rendered":"<p>DATA: Sabato 19 OTTOBRE&nbsp; 2024<\/p>\n\n\n\n<p>GUIDA: Laura Fagioli (Tel. 349 5856881)<\/p>\n\n\n\n<p><strong>CAPRETTA E ASINELLO<\/strong><\/p>\n\n\n\n<p>L\u2019asinello Biagio e la capretta Priscilla, che amano stare in compagnia con adulti e bambini, vi accompagneranno in una semplice passeggiata sopra Forni di Sopra, da Ingravideit a Tintai a Tiviei. L\u2019esperienza \u00e8 adatta sia ai bambini che agli adulti: i primi avranno l\u2019occasione di entrare a contatto con gli animali e a turno di cavalcare Biagio; i secondi avranno la possibilit\u00e0 di rallentare il ritmo e guardare l\u2019ambiente con occhi diversi dal solito, scoprendo i nomi delle montagne e le curiosit\u00e0 e le leggende del luogo. L\u2019appuntamento sar\u00e0 al Centro Visite a Forni di Sopra, da cui si partir\u00e0 per un breve tragitto in auto fino alla localit\u00e0 Massaroul. Qui ci accoglieranno l\u2019asinello e la sia amica capretta, molto abituati e ben contenti di giocare con i bambini e di fare una passeggiata in loro compagnia. L\u2019altopiano di Tiviei, meta finale dell\u2019escursione, offrir\u00e0 uno spettacolare panorama su tutte le Dolomiti di Forni: dal Cridola, ai Monfalconi, alla Val di Suola.<\/p>\n\n\n\n<p>Testo: Laura Fagioli<\/p>\n\n\n\n<p>INFORMAZIONI:<br>Tipologia: escursione con animali<br>Difficolt\u00e0: facile per tutti, adatta a famiglie con bambini<br>Dislivello: 50 metri<br>Durata: 3 ore<br>Abbigliamento e attrezzatura: adatto alla stagione, scarponcini<br>Ritrovo: Centro visite Forni di Sopra alle ore 15:00&nbsp;<br>Tariffa: 7,00 euro adulti; 4,00 euro sotto i 12 anni e over 70<\/p>\n\n\n\n<p>Prenotazione obbligatoria al seguente link<\/p>\n\n\n\n<p><a href=\"https:\/\/docs.google.com\/forms\/d\/1V-tyrExIYEUVP96WU2GwDa0TwFZ4wU-E7VTWpUHF-bY\/edit\">https:\/\/docs.google.com\/forms\/d\/1V-tyrExIYEUVP96WU2GwDa0TwFZ4wU-E7VTWpUHF-bY\/edit<\/a><\/p>","protected":false},"featured_media":18402,"template":"","meta":{"_acf_changed":false},"event_listing_category":[136],"class_list":["post-18390","event_listing","type-event_listing","status-expired","has-post-thumbnail","hentry","event_listing_category-semplici-per-tutti"],"acf":[],"yoast_head":"<!-- This site is optimized with the Yoast SEO plugin v27.5 - https:\/\/yoast.com\/product\/yoast-seo-wordpress\/ -->\n<title>*A spasso con l&#039;asinello Biagio e una capretta | Parco Dolomiti Friulane<\/title>\n<meta name=\"robots\" content=\"index, follow, max-snippet:-1, max-image-preview:large, max-video-preview:-1\" \/>\n<link rel=\"canonical\" href=\"https:\/\/www.parcodolomitifriulane.it\/en\/evento\/a-spasso-con-lasinello-biagio-e-una-capretta\/\" \/>\n<meta property=\"og:locale\" content=\"en_GB\" \/>\n<meta property=\"og:type\" content=\"article\" \/>\n<meta property=\"og:title\" content=\"*A spasso con l&#039;asinello Biagio e una capretta | Parco Dolomiti Friulane\" \/>\n<meta property=\"og:description\" content=\"DATA: Sabato 19 OTTOBRE&nbsp; 2024 GUIDA: Laura Fagioli (Tel. 349 5856881) CAPRETTA E ASINELLO L\u2019asinello Biagio e la capretta Priscilla, che amano stare in compagnia con [\u2026]\" \/>\n<meta property=\"og:url\" content=\"https:\/\/www.parcodolomitifriulane.it\/en\/evento\/a-spasso-con-lasinello-biagio-e-una-capretta\/\" \/>\n<meta property=\"og:site_name\" content=\"Parco Dolomiti Friulane\" \/>\n<meta property=\"article:publisher\" content=\"https:\/\/www.facebook.com\/dolomitifriulane\" \/>\n<meta property=\"article:modified_time\" content=\"2024-10-18T22:38:49+00:00\" \/>\n<meta property=\"og:image\" content=\"https:\/\/www.parcodolomitifriulane.it\/wp-content\/uploads\/2024\/08\/445546177_867547892072482_6676734826323827001_n.jpg\" \/>\n\t<meta property=\"og:image:width\" content=\"1536\" \/>\n\t<meta property=\"og:image:height\" content=\"2048\" \/>\n\t<meta property=\"og:image:type\" content=\"image\/jpeg\" \/>\n<meta name=\"twitter:card\" content=\"summary_large_image\" \/>\n<meta name=\"twitter:site\" content=\"@parcoDF\" \/>\n<meta name=\"twitter:label1\" content=\"Estimated reading time\" \/>\n\t<meta name=\"twitter:data1\" content=\"2 minutes\" \/>\n<script type=\"application\/ld+json\" class=\"yoast-schema-graph\">{\"@context\":\"https:\\\/\\\/schema.org\",\"@graph\":[{\"@type\":\"WebPage\",\"@id\":\"https:\\\/\\\/www.parcodolomitifriulane.it\\\/evento\\\/a-spasso-con-lasinello-biagio-e-una-capretta\\\/\",\"url\":\"https:\\\/\\\/www.parcodolomitifriulane.it\\\/evento\\\/a-spasso-con-lasinello-biagio-e-una-capretta\\\/\",\"name\":\"*A spasso con l'asinello Biagio e una capretta | Parco Dolomiti Friulane\",\"isPartOf\":{\"@id\":\"https:\\\/\\\/www.parcodolomitifriulane.it\\\/#website\"},\"primaryImageOfPage\":{\"@id\":\"https:\\\/\\\/www.parcodolomitifriulane.it\\\/evento\\\/a-spasso-con-lasinello-biagio-e-una-capretta\\\/#primaryimage\"},\"image\":{\"@id\":\"https:\\\/\\\/www.parcodolomitifriulane.it\\\/evento\\\/a-spasso-con-lasinello-biagio-e-una-capretta\\\/#primaryimage\"},\"thumbnailUrl\":\"https:\\\/\\\/www.parcodolomitifriulane.it\\\/wp-content\\\/uploads\\\/2024\\\/08\\\/445546177_867547892072482_6676734826323827001_n.jpg\",\"datePublished\":\"2024-08-15T16:44:51+00:00\",\"dateModified\":\"2024-10-18T22:38:49+00:00\",\"breadcrumb\":{\"@id\":\"https:\\\/\\\/www.parcodolomitifriulane.it\\\/evento\\\/a-spasso-con-lasinello-biagio-e-una-capretta\\\/#breadcrumb\"},\"inLanguage\":\"en-GB\",\"potentialAction\":[{\"@type\":\"ReadAction\",\"target\":[\"https:\\\/\\\/www.parcodolomitifriulane.it\\\/evento\\\/a-spasso-con-lasinello-biagio-e-una-capretta\\\/\"]}]},{\"@type\":\"ImageObject\",\"inLanguage\":\"en-GB\",\"@id\":\"https:\\\/\\\/www.parcodolomitifriulane.it\\\/evento\\\/a-spasso-con-lasinello-biagio-e-una-capretta\\\/#primaryimage\",\"url\":\"https:\\\/\\\/www.parcodolomitifriulane.it\\\/wp-content\\\/uploads\\\/2024\\\/08\\\/445546177_867547892072482_6676734826323827001_n.jpg\",\"contentUrl\":\"https:\\\/\\\/www.parcodolomitifriulane.it\\\/wp-content\\\/uploads\\\/2024\\\/08\\\/445546177_867547892072482_6676734826323827001_n.jpg\",\"width\":1536,\"height\":2048},{\"@type\":\"BreadcrumbList\",\"@id\":\"https:\\\/\\\/www.parcodolomitifriulane.it\\\/evento\\\/a-spasso-con-lasinello-biagio-e-una-capretta\\\/#breadcrumb\",\"itemListElement\":[{\"@type\":\"ListItem\",\"position\":1,\"name\":\"Home\",\"item\":\"https:\\\/\\\/www.parcodolomitifriulane.it\\\/\"},{\"@type\":\"ListItem\",\"position\":2,\"name\":\"*A spasso con l&#8217;asinello Biagio e una capretta\"}]},{\"@type\":\"WebSite\",\"@id\":\"https:\\\/\\\/www.parcodolomitifriulane.it\\\/#website\",\"url\":\"https:\\\/\\\/www.parcodolomitifriulane.it\\\/\",\"name\":\"Parco Dolomiti Friulane\",\"description\":\"Tutto Straordinariamente Emoz\",\"publisher\":{\"@id\":\"https:\\\/\\\/www.parcodolomitifriulane.it\\\/#organization\"},\"potentialAction\":[{\"@type\":\"SearchAction\",\"target\":{\"@type\":\"EntryPoint\",\"urlTemplate\":\"https:\\\/\\\/www.parcodolomitifriulane.it\\\/?s={search_term_string}\"},\"query-input\":{\"@type\":\"PropertyValueSpecification\",\"valueRequired\":true,\"valueName\":\"search_term_string\"}}],\"inLanguage\":\"en-GB\"},{\"@type\":\"Organization\",\"@id\":\"https:\\\/\\\/www.parcodolomitifriulane.it\\\/#organization\",\"name\":\"Parco Dolomiti Friulane\",\"url\":\"https:\\\/\\\/www.parcodolomitifriulane.it\\\/\",\"logo\":{\"@type\":\"ImageObject\",\"inLanguage\":\"en-GB\",\"@id\":\"https:\\\/\\\/www.parcodolomitifriulane.it\\\/#\\\/schema\\\/logo\\\/image\\\/\",\"url\":\"https:\\\/\\\/www.parcodolomitifriulane.it\\\/wp-content\\\/uploads\\\/2022\\\/06\\\/cropped-logo-1.png\",\"contentUrl\":\"https:\\\/\\\/www.parcodolomitifriulane.it\\\/wp-content\\\/uploads\\\/2022\\\/06\\\/cropped-logo-1.png\",\"width\":4685,\"height\":2773,\"caption\":\"Parco Dolomiti Friulane\"},\"image\":{\"@id\":\"https:\\\/\\\/www.parcodolomitifriulane.it\\\/#\\\/schema\\\/logo\\\/image\\\/\"},\"sameAs\":[\"https:\\\/\\\/www.facebook.com\\\/dolomitifriulane\",\"https:\\\/\\\/x.com\\\/parcoDF\",\"https:\\\/\\\/www.instagram.com\\\/dolomitifriulane\\\/\",\"https:\\\/\\\/www.youtube.com\\\/user\\\/DOLOMITIFRIULANEPARK\"]}]}<\/script>\n<!-- \/ Yoast SEO plugin. -->","yoast_head_json":{"title":"*A spasso con l'asinello Biagio e una capretta | Parco Dolomiti Friulane","robots":{"index":"index","follow":"follow","max-snippet":"max-snippet:-1","max-image-preview":"max-image-preview:large","max-video-preview":"max-video-preview:-1"},"canonical":"https:\/\/www.parcodolomitifriulane.it\/en\/evento\/a-spasso-con-lasinello-biagio-e-una-capretta\/","og_locale":"en_GB","og_type":"article","og_title":"*A spasso con l'asinello Biagio e una capretta | Parco Dolomiti Friulane","og_description":"DATA: Sabato 19 OTTOBRE&nbsp; 2024 GUIDA: Laura Fagioli (Tel. 349 5856881) CAPRETTA E ASINELLO L\u2019asinello Biagio e la capretta Priscilla, che amano stare in compagnia con [\u2026]","og_url":"https:\/\/www.parcodolomitifriulane.it\/en\/evento\/a-spasso-con-lasinello-biagio-e-una-capretta\/","og_site_name":"Parco Dolomiti Friulane","article_publisher":"https:\/\/www.facebook.com\/dolomitifriulane","article_modified_time":"2024-10-18T22:38:49+00:00","og_image":[{"width":1536,"height":2048,"url":"https:\/\/www.parcodolomitifriulane.it\/wp-content\/uploads\/2024\/08\/445546177_867547892072482_6676734826323827001_n.jpg","type":"image\/jpeg"}],"twitter_card":"summary_large_image","twitter_site":"@parcoDF","twitter_misc":{"Estimated reading time":"2 minutes"},"schema":{"@context":"https:\/\/schema.org","@graph":[{"@type":"WebPage","@id":"https:\/\/www.parcodolomitifriulane.it\/evento\/a-spasso-con-lasinello-biagio-e-una-capretta\/","url":"https:\/\/www.parcodolomitifriulane.it\/evento\/a-spasso-con-lasinello-biagio-e-una-capretta\/","name":"*A spasso con l'asinello Biagio e una capretta | Parco Dolomiti Friulane","isPartOf":{"@id":"https:\/\/www.parcodolomitifriulane.it\/#website"},"primaryImageOfPage":{"@id":"https:\/\/www.parcodolomitifriulane.it\/evento\/a-spasso-con-lasinello-biagio-e-una-capretta\/#primaryimage"},"image":{"@id":"https:\/\/www.parcodolomitifriulane.it\/evento\/a-spasso-con-lasinello-biagio-e-una-capretta\/#primaryimage"},"thumbnailUrl":"https:\/\/www.parcodolomitifriulane.it\/wp-content\/uploads\/2024\/08\/445546177_867547892072482_6676734826323827001_n.jpg","datePublished":"2024-08-15T16:44:51+00:00","dateModified":"2024-10-18T22:38:49+00:00","breadcrumb":{"@id":"https:\/\/www.parcodolomitifriulane.it\/evento\/a-spasso-con-lasinello-biagio-e-una-capretta\/#breadcrumb"},"inLanguage":"en-GB","potentialAction":[{"@type":"ReadAction","target":["https:\/\/www.parcodolomitifriulane.it\/evento\/a-spasso-con-lasinello-biagio-e-una-capretta\/"]}]},{"@type":"ImageObject","inLanguage":"en-GB","@id":"https:\/\/www.parcodolomitifriulane.it\/evento\/a-spasso-con-lasinello-biagio-e-una-capretta\/#primaryimage","url":"https:\/\/www.parcodolomitifriulane.it\/wp-content\/uploads\/2024\/08\/445546177_867547892072482_6676734826323827001_n.jpg","contentUrl":"https:\/\/www.parcodolomitifriulane.it\/wp-content\/uploads\/2024\/08\/445546177_867547892072482_6676734826323827001_n.jpg","width":1536,"height":2048},{"@type":"BreadcrumbList","@id":"https:\/\/www.parcodolomitifriulane.it\/evento\/a-spasso-con-lasinello-biagio-e-una-capretta\/#breadcrumb","itemListElement":[{"@type":"ListItem","position":1,"name":"Home","item":"https:\/\/www.parcodolomitifriulane.it\/"},{"@type":"ListItem","position":2,"name":"*A spasso con l&#8217;asinello Biagio e una capretta"}]},{"@type":"WebSite","@id":"https:\/\/www.parcodolomitifriulane.it\/#website","url":"https:\/\/www.parcodolomitifriulane.it\/","name":"Parco Dolomiti Friulane","description":"Tutto Straordinariamente Emoz","publisher":{"@id":"https:\/\/www.parcodolomitifriulane.it\/#organization"},"potentialAction":[{"@type":"SearchAction","target":{"@type":"EntryPoint","urlTemplate":"https:\/\/www.parcodolomitifriulane.it\/?s={search_term_string}"},"query-input":{"@type":"PropertyValueSpecification","valueRequired":true,"valueName":"search_term_string"}}],"inLanguage":"en-GB"},{"@type":"Organization","@id":"https:\/\/www.parcodolomitifriulane.it\/#organization","name":"Parco Dolomiti Friulane","url":"https:\/\/www.parcodolomitifriulane.it\/","logo":{"@type":"ImageObject","inLanguage":"en-GB","@id":"https:\/\/www.parcodolomitifriulane.it\/#\/schema\/logo\/image\/","url":"https:\/\/www.parcodolomitifriulane.it\/wp-content\/uploads\/2022\/06\/cropped-logo-1.png","contentUrl":"https:\/\/www.parcodolomitifriulane.it\/wp-content\/uploads\/2022\/06\/cropped-logo-1.png","width":4685,"height":2773,"caption":"Parco Dolomiti Friulane"},"image":{"@id":"https:\/\/www.parcodolomitifriulane.it\/#\/schema\/logo\/image\/"},"sameAs":["https:\/\/www.facebook.com\/dolomitifriulane","https:\/\/x.com\/parcoDF","https:\/\/www.instagram.com\/dolomitifriulane\/","https:\/\/www.youtube.com\/user\/DOLOMITIFRIULANEPARK"]}]}},"_links":{"self":[{"href":"https:\/\/www.parcodolomitifriulane.it\/en\/wp-json\/wp\/v2\/event_listing\/18390","targetHints":{"allow":["GET"]}}],"collection":[{"href":"https:\/\/www.parcodolomitifriulane.it\/en\/wp-json\/wp\/v2\/event_listing"}],"about":[{"href":"https:\/\/www.parcodolomitifriulane.it\/en\/wp-json\/wp\/v2\/types\/event_listing"}],"version-history":[{"count":0,"href":"https:\/\/www.parcodolomitifriulane.it\/en\/wp-json\/wp\/v2\/event_listing\/18390\/revisions"}],"wp:featuredmedia":[{"embeddable":true,"href":"https:\/\/www.parcodolomitifriulane.it\/en\/wp-json\/wp\/v2\/media\/18402"}],"wp:attachment":[{"href":"https:\/\/www.parcodolomitifriulane.it\/en\/wp-json\/wp\/v2\/media?parent=18390"}],"wp:term":[{"taxonomy":"event_listing_category","embeddable":true,"href":"https:\/\/www.parcodolomitifriulane.it\/en\/wp-json\/wp\/v2\/event_listing_category?post=18390"}],"curies":[{"name":"wp","href":"https:\/\/api.w.org\/{rel}","templated":true}]}}