{"id":18619,"date":"2024-11-06T19:29:57","date_gmt":"2024-11-06T18:29:57","guid":{"rendered":"https:\/\/www.parcodolomitifriulane.it\/?post_type=event_listing&#038;p=18619"},"modified":"2025-03-16T00:37:39","modified_gmt":"2025-03-15T23:37:39","slug":"forni-di-sotto-inesplorato-zir-dai-cristins","status":"expired","type":"event_listing","link":"https:\/\/www.parcodolomitifriulane.it\/en\/event\/forni-di-sotto-inesplorato-zir-dai-cristins\/","title":{"rendered":"*Forni di Sotto inesplorato: Zir dai Cristins"},"content":{"rendered":"<p>DATA: 15 MARZO 2025<\/p>\n\n\n\n<p>GUIDA: A.M.M. Omar Gubeila (Tel. 349-4664679)<\/p>\n\n\n\n<p><strong>ZIR DAI CRISTINS DI FORNI DI SOTTO (escursione culturale e naturalistica)<\/strong><\/p>\n\n\n\n<p>Un\u2019escursione proposta per abbracciare il paese di Forni di Sotto, lungo l\u2019anello ribattezzato dalla locale comunit\u00e0 con il nome di \u201cZir dai Cristins\u201d. I Cristins, piccole chiesette erette ex voto da famiglie locali, contornano l\u2019intero altopiano di Forni e l\u2019escursione si propone la visita di 9 di queste strutture, posizionate tra i prati e i boschi che contornano il paese. Luoghi che in passato videro le fatiche degli abitanti e su cui, grazie ai Cristins, venne invocata la protezione divina per boschi e raccolti.<\/p>\n\n\n\n<p>Una camminata da compiere assieme per assaporare l\u2019arrivo della bella stagione, godere il panorama sulle Dolomiti e il corso del Tagliamento, per scoprire tradizioni passate e alcune curiosit\u00e0 naturalistiche di questi luoghi.<\/p>\n\n\n\n<p>Testo: Omar Gubeila<\/p>\n\n\n\n<p>INFORMAZIONI:<br>Tipologia: escursione culturale e naturalistica<\/p>\n\n\n\n<p>Difficolt\u00e0 tecnica: E escursionistica (strade sterrate e asfaltate, tratti di sentiero), Difficolt\u00e0 fisica: medio-bassa, Difficolt\u00e0 tecnica: bassa, Dislivello: 300 metri circa, Lunghezza: 10 Km, Durata: 4 ore circa<br>Abbigliamento e attrezzatura: Vestiario da trekking idoneo al clima stagionale per percorsi di fondovalle.<\/p>\n\n\n\n<p>ATTREZZATURA TECNICA**:** Zaino da giornata (cap. indicativa 30 litri) con bevande e snack energetici<br>Scarpa tecnica (anche bassa)<br>MATERIALI VARI: Bastoncini telescopici da trekking, Occhiali da sole, Borraccia e\/o camelbag (capacit\u00e0 di 1,5 o 2 litri)<br>Pranzo al sacco<\/p>\n\n\n\n<p>Durata:<br>Ritrovo: ore 9.30 Centro visite di Forni di Sotto<\/p>\n\n\n\n<p>Tariffa Parco: 25,00 euro adulti; 13,00 euro per ragazzi con meno di 12 anni e over 70<\/p>\n\n\n\n<p><strong>Prenotazione obbligatoria al seguente link<\/strong><\/p>\n\n\n\n<p><a href=\"https:\/\/amministrazioneparcodolomitifriulane.insiel.it\/it\/servizi-online-100896\/15-marzo-2025-zir-dai-cristins-di-forni-di-sotto-122391\">15 marzo 2025 &#8211; zir dai cristins di Forni di Sotto &#8211; Parco Dolomiti Friulane AT<\/a><\/p>","protected":false},"featured_media":912,"template":"","meta":{"_acf_changed":false},"event_listing_category":[136],"class_list":["post-18619","event_listing","type-event_listing","status-expired","has-post-thumbnail","hentry","event_listing_category-semplici-per-tutti"],"acf":[],"yoast_head":"<!-- This site is optimized with the Yoast SEO plugin v27.5 - https:\/\/yoast.com\/product\/yoast-seo-wordpress\/ -->\n<title>*Forni di Sotto inesplorato: Zir dai Cristins | Parco Dolomiti Friulane<\/title>\n<meta name=\"robots\" content=\"index, follow, max-snippet:-1, max-image-preview:large, max-video-preview:-1\" \/>\n<link rel=\"canonical\" href=\"https:\/\/www.parcodolomitifriulane.it\/en\/evento\/forni-di-sotto-inesplorato-zir-dai-cristins\/\" \/>\n<meta property=\"og:locale\" content=\"en_GB\" \/>\n<meta property=\"og:type\" content=\"article\" \/>\n<meta property=\"og:title\" content=\"*Forni di Sotto inesplorato: Zir dai Cristins | Parco Dolomiti Friulane\" \/>\n<meta property=\"og:description\" content=\"DATA: 15 MARZO 2025 GUIDA: A.M.M. Omar Gubeila (Tel. 349-4664679) ZIR DAI CRISTINS DI FORNI DI SOTTO (escursione culturale e naturalistica) Un\u2019escursione proposta per abbracciare il [\u2026]\" \/>\n<meta property=\"og:url\" content=\"https:\/\/www.parcodolomitifriulane.it\/en\/evento\/forni-di-sotto-inesplorato-zir-dai-cristins\/\" \/>\n<meta property=\"og:site_name\" content=\"Parco Dolomiti Friulane\" \/>\n<meta property=\"article:publisher\" content=\"https:\/\/www.facebook.com\/dolomitifriulane\" \/>\n<meta property=\"article:modified_time\" content=\"2025-03-15T23:37:39+00:00\" \/>\n<meta property=\"og:image\" content=\"https:\/\/www.parcodolomitifriulane.it\/wp-content\/uploads\/2015\/06\/Foto_Roberto-Baldovin-236.jpg\" \/>\n\t<meta property=\"og:image:width\" content=\"1920\" \/>\n\t<meta property=\"og:image:height\" content=\"1079\" \/>\n\t<meta property=\"og:image:type\" content=\"image\/jpeg\" \/>\n<meta name=\"twitter:card\" content=\"summary_large_image\" \/>\n<meta name=\"twitter:site\" content=\"@parcoDF\" \/>\n<meta name=\"twitter:label1\" content=\"Estimated reading time\" \/>\n\t<meta name=\"twitter:data1\" content=\"2 minutes\" \/>\n<script type=\"application\/ld+json\" class=\"yoast-schema-graph\">{\"@context\":\"https:\\\/\\\/schema.org\",\"@graph\":[{\"@type\":\"WebPage\",\"@id\":\"https:\\\/\\\/www.parcodolomitifriulane.it\\\/evento\\\/forni-di-sotto-inesplorato-zir-dai-cristins\\\/\",\"url\":\"https:\\\/\\\/www.parcodolomitifriulane.it\\\/evento\\\/forni-di-sotto-inesplorato-zir-dai-cristins\\\/\",\"name\":\"*Forni di Sotto inesplorato: Zir dai Cristins | Parco Dolomiti Friulane\",\"isPartOf\":{\"@id\":\"https:\\\/\\\/www.parcodolomitifriulane.it\\\/#website\"},\"primaryImageOfPage\":{\"@id\":\"https:\\\/\\\/www.parcodolomitifriulane.it\\\/evento\\\/forni-di-sotto-inesplorato-zir-dai-cristins\\\/#primaryimage\"},\"image\":{\"@id\":\"https:\\\/\\\/www.parcodolomitifriulane.it\\\/evento\\\/forni-di-sotto-inesplorato-zir-dai-cristins\\\/#primaryimage\"},\"thumbnailUrl\":\"https:\\\/\\\/www.parcodolomitifriulane.it\\\/wp-content\\\/uploads\\\/2015\\\/06\\\/Foto_Roberto-Baldovin-236.jpg\",\"datePublished\":\"2024-11-06T18:29:57+00:00\",\"dateModified\":\"2025-03-15T23:37:39+00:00\",\"breadcrumb\":{\"@id\":\"https:\\\/\\\/www.parcodolomitifriulane.it\\\/evento\\\/forni-di-sotto-inesplorato-zir-dai-cristins\\\/#breadcrumb\"},\"inLanguage\":\"en-GB\",\"potentialAction\":[{\"@type\":\"ReadAction\",\"target\":[\"https:\\\/\\\/www.parcodolomitifriulane.it\\\/evento\\\/forni-di-sotto-inesplorato-zir-dai-cristins\\\/\"]}]},{\"@type\":\"ImageObject\",\"inLanguage\":\"en-GB\",\"@id\":\"https:\\\/\\\/www.parcodolomitifriulane.it\\\/evento\\\/forni-di-sotto-inesplorato-zir-dai-cristins\\\/#primaryimage\",\"url\":\"https:\\\/\\\/www.parcodolomitifriulane.it\\\/wp-content\\\/uploads\\\/2015\\\/06\\\/Foto_Roberto-Baldovin-236.jpg\",\"contentUrl\":\"https:\\\/\\\/www.parcodolomitifriulane.it\\\/wp-content\\\/uploads\\\/2015\\\/06\\\/Foto_Roberto-Baldovin-236.jpg\",\"width\":1920,\"height\":1079,\"caption\":\"Forni di Sotto\"},{\"@type\":\"BreadcrumbList\",\"@id\":\"https:\\\/\\\/www.parcodolomitifriulane.it\\\/evento\\\/forni-di-sotto-inesplorato-zir-dai-cristins\\\/#breadcrumb\",\"itemListElement\":[{\"@type\":\"ListItem\",\"position\":1,\"name\":\"Home\",\"item\":\"https:\\\/\\\/www.parcodolomitifriulane.it\\\/\"},{\"@type\":\"ListItem\",\"position\":2,\"name\":\"*Forni di Sotto inesplorato: Zir dai Cristins\"}]},{\"@type\":\"WebSite\",\"@id\":\"https:\\\/\\\/www.parcodolomitifriulane.it\\\/#website\",\"url\":\"https:\\\/\\\/www.parcodolomitifriulane.it\\\/\",\"name\":\"Parco Dolomiti Friulane\",\"description\":\"Tutto Straordinariamente Emoz\",\"publisher\":{\"@id\":\"https:\\\/\\\/www.parcodolomitifriulane.it\\\/#organization\"},\"potentialAction\":[{\"@type\":\"SearchAction\",\"target\":{\"@type\":\"EntryPoint\",\"urlTemplate\":\"https:\\\/\\\/www.parcodolomitifriulane.it\\\/?s={search_term_string}\"},\"query-input\":{\"@type\":\"PropertyValueSpecification\",\"valueRequired\":true,\"valueName\":\"search_term_string\"}}],\"inLanguage\":\"en-GB\"},{\"@type\":\"Organization\",\"@id\":\"https:\\\/\\\/www.parcodolomitifriulane.it\\\/#organization\",\"name\":\"Parco Dolomiti Friulane\",\"url\":\"https:\\\/\\\/www.parcodolomitifriulane.it\\\/\",\"logo\":{\"@type\":\"ImageObject\",\"inLanguage\":\"en-GB\",\"@id\":\"https:\\\/\\\/www.parcodolomitifriulane.it\\\/#\\\/schema\\\/logo\\\/image\\\/\",\"url\":\"https:\\\/\\\/www.parcodolomitifriulane.it\\\/wp-content\\\/uploads\\\/2022\\\/06\\\/cropped-logo-1.png\",\"contentUrl\":\"https:\\\/\\\/www.parcodolomitifriulane.it\\\/wp-content\\\/uploads\\\/2022\\\/06\\\/cropped-logo-1.png\",\"width\":4685,\"height\":2773,\"caption\":\"Parco Dolomiti Friulane\"},\"image\":{\"@id\":\"https:\\\/\\\/www.parcodolomitifriulane.it\\\/#\\\/schema\\\/logo\\\/image\\\/\"},\"sameAs\":[\"https:\\\/\\\/www.facebook.com\\\/dolomitifriulane\",\"https:\\\/\\\/x.com\\\/parcoDF\",\"https:\\\/\\\/www.instagram.com\\\/dolomitifriulane\\\/\",\"https:\\\/\\\/www.youtube.com\\\/user\\\/DOLOMITIFRIULANEPARK\"]}]}<\/script>\n<!-- \/ Yoast SEO plugin. -->","yoast_head_json":{"title":"*Forni di Sotto inesplorato: Zir dai Cristins | Parco Dolomiti Friulane","robots":{"index":"index","follow":"follow","max-snippet":"max-snippet:-1","max-image-preview":"max-image-preview:large","max-video-preview":"max-video-preview:-1"},"canonical":"https:\/\/www.parcodolomitifriulane.it\/en\/evento\/forni-di-sotto-inesplorato-zir-dai-cristins\/","og_locale":"en_GB","og_type":"article","og_title":"*Forni di Sotto inesplorato: Zir dai Cristins | Parco Dolomiti Friulane","og_description":"DATA: 15 MARZO 2025 GUIDA: A.M.M. Omar Gubeila (Tel. 349-4664679) ZIR DAI CRISTINS DI FORNI DI SOTTO (escursione culturale e naturalistica) Un\u2019escursione proposta per abbracciare il [\u2026]","og_url":"https:\/\/www.parcodolomitifriulane.it\/en\/evento\/forni-di-sotto-inesplorato-zir-dai-cristins\/","og_site_name":"Parco Dolomiti Friulane","article_publisher":"https:\/\/www.facebook.com\/dolomitifriulane","article_modified_time":"2025-03-15T23:37:39+00:00","og_image":[{"width":1920,"height":1079,"url":"https:\/\/www.parcodolomitifriulane.it\/wp-content\/uploads\/2015\/06\/Foto_Roberto-Baldovin-236.jpg","type":"image\/jpeg"}],"twitter_card":"summary_large_image","twitter_site":"@parcoDF","twitter_misc":{"Estimated reading time":"2 minutes"},"schema":{"@context":"https:\/\/schema.org","@graph":[{"@type":"WebPage","@id":"https:\/\/www.parcodolomitifriulane.it\/evento\/forni-di-sotto-inesplorato-zir-dai-cristins\/","url":"https:\/\/www.parcodolomitifriulane.it\/evento\/forni-di-sotto-inesplorato-zir-dai-cristins\/","name":"*Forni di Sotto inesplorato: Zir dai Cristins | Parco Dolomiti Friulane","isPartOf":{"@id":"https:\/\/www.parcodolomitifriulane.it\/#website"},"primaryImageOfPage":{"@id":"https:\/\/www.parcodolomitifriulane.it\/evento\/forni-di-sotto-inesplorato-zir-dai-cristins\/#primaryimage"},"image":{"@id":"https:\/\/www.parcodolomitifriulane.it\/evento\/forni-di-sotto-inesplorato-zir-dai-cristins\/#primaryimage"},"thumbnailUrl":"https:\/\/www.parcodolomitifriulane.it\/wp-content\/uploads\/2015\/06\/Foto_Roberto-Baldovin-236.jpg","datePublished":"2024-11-06T18:29:57+00:00","dateModified":"2025-03-15T23:37:39+00:00","breadcrumb":{"@id":"https:\/\/www.parcodolomitifriulane.it\/evento\/forni-di-sotto-inesplorato-zir-dai-cristins\/#breadcrumb"},"inLanguage":"en-GB","potentialAction":[{"@type":"ReadAction","target":["https:\/\/www.parcodolomitifriulane.it\/evento\/forni-di-sotto-inesplorato-zir-dai-cristins\/"]}]},{"@type":"ImageObject","inLanguage":"en-GB","@id":"https:\/\/www.parcodolomitifriulane.it\/evento\/forni-di-sotto-inesplorato-zir-dai-cristins\/#primaryimage","url":"https:\/\/www.parcodolomitifriulane.it\/wp-content\/uploads\/2015\/06\/Foto_Roberto-Baldovin-236.jpg","contentUrl":"https:\/\/www.parcodolomitifriulane.it\/wp-content\/uploads\/2015\/06\/Foto_Roberto-Baldovin-236.jpg","width":1920,"height":1079,"caption":"Forni di Sotto"},{"@type":"BreadcrumbList","@id":"https:\/\/www.parcodolomitifriulane.it\/evento\/forni-di-sotto-inesplorato-zir-dai-cristins\/#breadcrumb","itemListElement":[{"@type":"ListItem","position":1,"name":"Home","item":"https:\/\/www.parcodolomitifriulane.it\/"},{"@type":"ListItem","position":2,"name":"*Forni di Sotto inesplorato: Zir dai Cristins"}]},{"@type":"WebSite","@id":"https:\/\/www.parcodolomitifriulane.it\/#website","url":"https:\/\/www.parcodolomitifriulane.it\/","name":"Parco Dolomiti Friulane","description":"Tutto Straordinariamente Emoz","publisher":{"@id":"https:\/\/www.parcodolomitifriulane.it\/#organization"},"potentialAction":[{"@type":"SearchAction","target":{"@type":"EntryPoint","urlTemplate":"https:\/\/www.parcodolomitifriulane.it\/?s={search_term_string}"},"query-input":{"@type":"PropertyValueSpecification","valueRequired":true,"valueName":"search_term_string"}}],"inLanguage":"en-GB"},{"@type":"Organization","@id":"https:\/\/www.parcodolomitifriulane.it\/#organization","name":"Parco Dolomiti Friulane","url":"https:\/\/www.parcodolomitifriulane.it\/","logo":{"@type":"ImageObject","inLanguage":"en-GB","@id":"https:\/\/www.parcodolomitifriulane.it\/#\/schema\/logo\/image\/","url":"https:\/\/www.parcodolomitifriulane.it\/wp-content\/uploads\/2022\/06\/cropped-logo-1.png","contentUrl":"https:\/\/www.parcodolomitifriulane.it\/wp-content\/uploads\/2022\/06\/cropped-logo-1.png","width":4685,"height":2773,"caption":"Parco Dolomiti Friulane"},"image":{"@id":"https:\/\/www.parcodolomitifriulane.it\/#\/schema\/logo\/image\/"},"sameAs":["https:\/\/www.facebook.com\/dolomitifriulane","https:\/\/x.com\/parcoDF","https:\/\/www.instagram.com\/dolomitifriulane\/","https:\/\/www.youtube.com\/user\/DOLOMITIFRIULANEPARK"]}]}},"_links":{"self":[{"href":"https:\/\/www.parcodolomitifriulane.it\/en\/wp-json\/wp\/v2\/event_listing\/18619","targetHints":{"allow":["GET"]}}],"collection":[{"href":"https:\/\/www.parcodolomitifriulane.it\/en\/wp-json\/wp\/v2\/event_listing"}],"about":[{"href":"https:\/\/www.parcodolomitifriulane.it\/en\/wp-json\/wp\/v2\/types\/event_listing"}],"version-history":[{"count":0,"href":"https:\/\/www.parcodolomitifriulane.it\/en\/wp-json\/wp\/v2\/event_listing\/18619\/revisions"}],"wp:featuredmedia":[{"embeddable":true,"href":"https:\/\/www.parcodolomitifriulane.it\/en\/wp-json\/wp\/v2\/media\/912"}],"wp:attachment":[{"href":"https:\/\/www.parcodolomitifriulane.it\/en\/wp-json\/wp\/v2\/media?parent=18619"}],"wp:term":[{"taxonomy":"event_listing_category","embeddable":true,"href":"https:\/\/www.parcodolomitifriulane.it\/en\/wp-json\/wp\/v2\/event_listing_category?post=18619"}],"curies":[{"name":"wp","href":"https:\/\/api.w.org\/{rel}","templated":true}]}}