{"id":18639,"date":"2024-11-09T15:35:44","date_gmt":"2024-11-09T14:35:44","guid":{"rendered":"https:\/\/www.parcodolomitifriulane.it\/?post_type=event_listing&#038;p=18639"},"modified":"2025-03-31T00:37:33","modified_gmt":"2025-03-30T22:37:33","slug":"percorso-storico-e-naturalistico-del-fornese","status":"expired","type":"event_listing","link":"https:\/\/www.parcodolomitifriulane.it\/en\/event\/percorso-storico-e-naturalistico-del-fornese\/","title":{"rendered":"*Percorso storico e naturalistico del Fornese"},"content":{"rendered":"<p>DATA: Domenica 30 MARZO 2025<\/p>\n\n\n\n<p>GUIDA: Pierino Picco (Tel. 347 2241970)<\/p>\n\n\n\n<p><strong>PERCORSO STORICO NATURALISTICO DEL FORNESE<\/strong><\/p>\n\n\n\n<p>Semplice escursione che ci condurr\u00e0 lungo la nuova pista ciclabile che conduce da Forni di Sopra a Forni di Sotto, che corrisponde anche alla nona tappa del cammino delle Pievi della Carnia. Si tratta di un suggestivo percorso di una decina di chilometri, che attraversa ampi prati e fitti boschi, che incontra antichi fienili e suggestive forre e ghiaioni e costeggia per buona parte il letto del fiume Tagliamento nel suo tratto pi\u00f9 alto e selvaggio. Il ritrovo \u00e8 previsto presso il Centro Visite del Parco a Forni di Sotto; qui ci organizzeremo per percorrere con la navetta del Parco il tragitto per raggiungere Forni di Sopra, e quindi il punto di partenza della nostra escursione, che alla fine ci condurr\u00e0 nuovamente a Forni di Sotto. Questa esperienza ci porter\u00e0 a conoscere entrambi i Forni Savorgnani, con la loro storia e le loro differenze e contemporaneamente ci offrir\u00e0 splendidi panorami sia sulle Dolomiti Friulane che sulle Alpi Carniche; due chiese famose (la chiesetta di San Floriano affrescata da Gianfrancesco da Tolmezzo e la Pieve di Forni di Sotto) saranno il punto di partenza e il punto di arrivo e regaleranno un tocco di arte e di misticismo a questa originale escursione.<\/p>\n\n\n\n<p>Testo: Pierino Picco<\/p>\n\n\n\n<p>INFORMAZIONI:<br>Tipologia: escursione storico-naturalistica<br>Difficolt\u00e0: facile per tutti<br>Dislivello: 300 metri<br>Durata: 5 ore<br>Abbigliamento e attrezzatura: abbigliamento da montagna adatto alla stagione, scarponcini da trekking, bastoncini (se in possesso); merenda o pranzo al sacco.<br>Ritrovo: Centro visite Forni di Sotto alle ore 09:00&nbsp;<br>Tariffa: 11,00 euro adulti; 6,00 euro per i ragazzi sotto i 12 anni e per chi ha pi\u00f9 di 70 anni<\/p>\n\n\n\n<p><strong>Prenotazione obbligatoria al seguente link<\/strong><\/p>\n\n\n\n<p><a href=\"https:\/\/amministrazioneparcodolomitifriulane.insiel.it\/it\/servizi-online-100896\/30-marzo-2025-percorso-storico-naturalistico-del-fornese-122332\">30 marzo 2025 &#8211; percorso storico naturalistico del Fornese &#8211; Parco Dolomiti Friulane AT<\/a><\/p>","protected":false},"featured_media":18643,"template":"","meta":{"_acf_changed":false},"event_listing_category":[136],"class_list":["post-18639","event_listing","type-event_listing","status-expired","has-post-thumbnail","hentry","event_listing_category-semplici-per-tutti"],"acf":[],"yoast_head":"<!-- This site is optimized with the Yoast SEO plugin v27.5 - https:\/\/yoast.com\/product\/yoast-seo-wordpress\/ -->\n<title>*Percorso storico e naturalistico del Fornese | Parco Dolomiti Friulane<\/title>\n<meta name=\"robots\" content=\"index, follow, max-snippet:-1, max-image-preview:large, max-video-preview:-1\" \/>\n<link rel=\"canonical\" href=\"https:\/\/www.parcodolomitifriulane.it\/en\/evento\/percorso-storico-e-naturalistico-del-fornese\/\" \/>\n<meta property=\"og:locale\" content=\"en_GB\" \/>\n<meta property=\"og:type\" content=\"article\" \/>\n<meta property=\"og:title\" content=\"*Percorso storico e naturalistico del Fornese | Parco Dolomiti Friulane\" \/>\n<meta property=\"og:description\" content=\"DATA: Domenica 30 MARZO 2025 GUIDA: Pierino Picco (Tel. 347 2241970) PERCORSO STORICO NATURALISTICO DEL FORNESE Semplice escursione che ci condurr\u00e0 lungo la nuova pista ciclabile [\u2026]\" \/>\n<meta property=\"og:url\" content=\"https:\/\/www.parcodolomitifriulane.it\/en\/evento\/percorso-storico-e-naturalistico-del-fornese\/\" \/>\n<meta property=\"og:site_name\" content=\"Parco Dolomiti Friulane\" \/>\n<meta property=\"article:publisher\" content=\"https:\/\/www.facebook.com\/dolomitifriulane\" \/>\n<meta property=\"article:modified_time\" content=\"2025-03-30T22:37:33+00:00\" \/>\n<meta property=\"og:image\" content=\"https:\/\/www.parcodolomitifriulane.it\/wp-content\/uploads\/2024\/11\/forni-di-sotto-fagioli.jpg\" \/>\n\t<meta property=\"og:image:width\" content=\"1200\" \/>\n\t<meta property=\"og:image:height\" content=\"676\" \/>\n\t<meta property=\"og:image:type\" content=\"image\/jpeg\" \/>\n<meta name=\"twitter:card\" content=\"summary_large_image\" \/>\n<meta name=\"twitter:site\" content=\"@parcoDF\" \/>\n<meta name=\"twitter:label1\" content=\"Estimated reading time\" \/>\n\t<meta name=\"twitter:data1\" content=\"2 minutes\" \/>\n<script type=\"application\/ld+json\" class=\"yoast-schema-graph\">{\"@context\":\"https:\\\/\\\/schema.org\",\"@graph\":[{\"@type\":\"WebPage\",\"@id\":\"https:\\\/\\\/www.parcodolomitifriulane.it\\\/evento\\\/percorso-storico-e-naturalistico-del-fornese\\\/\",\"url\":\"https:\\\/\\\/www.parcodolomitifriulane.it\\\/evento\\\/percorso-storico-e-naturalistico-del-fornese\\\/\",\"name\":\"*Percorso storico e naturalistico del Fornese | Parco Dolomiti Friulane\",\"isPartOf\":{\"@id\":\"https:\\\/\\\/www.parcodolomitifriulane.it\\\/#website\"},\"primaryImageOfPage\":{\"@id\":\"https:\\\/\\\/www.parcodolomitifriulane.it\\\/evento\\\/percorso-storico-e-naturalistico-del-fornese\\\/#primaryimage\"},\"image\":{\"@id\":\"https:\\\/\\\/www.parcodolomitifriulane.it\\\/evento\\\/percorso-storico-e-naturalistico-del-fornese\\\/#primaryimage\"},\"thumbnailUrl\":\"https:\\\/\\\/www.parcodolomitifriulane.it\\\/wp-content\\\/uploads\\\/2024\\\/11\\\/forni-di-sotto-fagioli.jpg\",\"datePublished\":\"2024-11-09T14:35:44+00:00\",\"dateModified\":\"2025-03-30T22:37:33+00:00\",\"breadcrumb\":{\"@id\":\"https:\\\/\\\/www.parcodolomitifriulane.it\\\/evento\\\/percorso-storico-e-naturalistico-del-fornese\\\/#breadcrumb\"},\"inLanguage\":\"en-GB\",\"potentialAction\":[{\"@type\":\"ReadAction\",\"target\":[\"https:\\\/\\\/www.parcodolomitifriulane.it\\\/evento\\\/percorso-storico-e-naturalistico-del-fornese\\\/\"]}]},{\"@type\":\"ImageObject\",\"inLanguage\":\"en-GB\",\"@id\":\"https:\\\/\\\/www.parcodolomitifriulane.it\\\/evento\\\/percorso-storico-e-naturalistico-del-fornese\\\/#primaryimage\",\"url\":\"https:\\\/\\\/www.parcodolomitifriulane.it\\\/wp-content\\\/uploads\\\/2024\\\/11\\\/forni-di-sotto-fagioli.jpg\",\"contentUrl\":\"https:\\\/\\\/www.parcodolomitifriulane.it\\\/wp-content\\\/uploads\\\/2024\\\/11\\\/forni-di-sotto-fagioli.jpg\",\"width\":1200,\"height\":676},{\"@type\":\"BreadcrumbList\",\"@id\":\"https:\\\/\\\/www.parcodolomitifriulane.it\\\/evento\\\/percorso-storico-e-naturalistico-del-fornese\\\/#breadcrumb\",\"itemListElement\":[{\"@type\":\"ListItem\",\"position\":1,\"name\":\"Home\",\"item\":\"https:\\\/\\\/www.parcodolomitifriulane.it\\\/\"},{\"@type\":\"ListItem\",\"position\":2,\"name\":\"*Percorso storico e naturalistico del Fornese\"}]},{\"@type\":\"WebSite\",\"@id\":\"https:\\\/\\\/www.parcodolomitifriulane.it\\\/#website\",\"url\":\"https:\\\/\\\/www.parcodolomitifriulane.it\\\/\",\"name\":\"Parco Dolomiti Friulane\",\"description\":\"Tutto Straordinariamente Emoz\",\"publisher\":{\"@id\":\"https:\\\/\\\/www.parcodolomitifriulane.it\\\/#organization\"},\"potentialAction\":[{\"@type\":\"SearchAction\",\"target\":{\"@type\":\"EntryPoint\",\"urlTemplate\":\"https:\\\/\\\/www.parcodolomitifriulane.it\\\/?s={search_term_string}\"},\"query-input\":{\"@type\":\"PropertyValueSpecification\",\"valueRequired\":true,\"valueName\":\"search_term_string\"}}],\"inLanguage\":\"en-GB\"},{\"@type\":\"Organization\",\"@id\":\"https:\\\/\\\/www.parcodolomitifriulane.it\\\/#organization\",\"name\":\"Parco Dolomiti Friulane\",\"url\":\"https:\\\/\\\/www.parcodolomitifriulane.it\\\/\",\"logo\":{\"@type\":\"ImageObject\",\"inLanguage\":\"en-GB\",\"@id\":\"https:\\\/\\\/www.parcodolomitifriulane.it\\\/#\\\/schema\\\/logo\\\/image\\\/\",\"url\":\"https:\\\/\\\/www.parcodolomitifriulane.it\\\/wp-content\\\/uploads\\\/2022\\\/06\\\/cropped-logo-1.png\",\"contentUrl\":\"https:\\\/\\\/www.parcodolomitifriulane.it\\\/wp-content\\\/uploads\\\/2022\\\/06\\\/cropped-logo-1.png\",\"width\":4685,\"height\":2773,\"caption\":\"Parco Dolomiti Friulane\"},\"image\":{\"@id\":\"https:\\\/\\\/www.parcodolomitifriulane.it\\\/#\\\/schema\\\/logo\\\/image\\\/\"},\"sameAs\":[\"https:\\\/\\\/www.facebook.com\\\/dolomitifriulane\",\"https:\\\/\\\/x.com\\\/parcoDF\",\"https:\\\/\\\/www.instagram.com\\\/dolomitifriulane\\\/\",\"https:\\\/\\\/www.youtube.com\\\/user\\\/DOLOMITIFRIULANEPARK\"]}]}<\/script>\n<!-- \/ Yoast SEO plugin. -->","yoast_head_json":{"title":"*Percorso storico e naturalistico del Fornese | Parco Dolomiti Friulane","robots":{"index":"index","follow":"follow","max-snippet":"max-snippet:-1","max-image-preview":"max-image-preview:large","max-video-preview":"max-video-preview:-1"},"canonical":"https:\/\/www.parcodolomitifriulane.it\/en\/evento\/percorso-storico-e-naturalistico-del-fornese\/","og_locale":"en_GB","og_type":"article","og_title":"*Percorso storico e naturalistico del Fornese | Parco Dolomiti Friulane","og_description":"DATA: Domenica 30 MARZO 2025 GUIDA: Pierino Picco (Tel. 347 2241970) PERCORSO STORICO NATURALISTICO DEL FORNESE Semplice escursione che ci condurr\u00e0 lungo la nuova pista ciclabile [\u2026]","og_url":"https:\/\/www.parcodolomitifriulane.it\/en\/evento\/percorso-storico-e-naturalistico-del-fornese\/","og_site_name":"Parco Dolomiti Friulane","article_publisher":"https:\/\/www.facebook.com\/dolomitifriulane","article_modified_time":"2025-03-30T22:37:33+00:00","og_image":[{"width":1200,"height":676,"url":"https:\/\/www.parcodolomitifriulane.it\/wp-content\/uploads\/2024\/11\/forni-di-sotto-fagioli.jpg","type":"image\/jpeg"}],"twitter_card":"summary_large_image","twitter_site":"@parcoDF","twitter_misc":{"Estimated reading time":"2 minutes"},"schema":{"@context":"https:\/\/schema.org","@graph":[{"@type":"WebPage","@id":"https:\/\/www.parcodolomitifriulane.it\/evento\/percorso-storico-e-naturalistico-del-fornese\/","url":"https:\/\/www.parcodolomitifriulane.it\/evento\/percorso-storico-e-naturalistico-del-fornese\/","name":"*Percorso storico e naturalistico del Fornese | Parco Dolomiti Friulane","isPartOf":{"@id":"https:\/\/www.parcodolomitifriulane.it\/#website"},"primaryImageOfPage":{"@id":"https:\/\/www.parcodolomitifriulane.it\/evento\/percorso-storico-e-naturalistico-del-fornese\/#primaryimage"},"image":{"@id":"https:\/\/www.parcodolomitifriulane.it\/evento\/percorso-storico-e-naturalistico-del-fornese\/#primaryimage"},"thumbnailUrl":"https:\/\/www.parcodolomitifriulane.it\/wp-content\/uploads\/2024\/11\/forni-di-sotto-fagioli.jpg","datePublished":"2024-11-09T14:35:44+00:00","dateModified":"2025-03-30T22:37:33+00:00","breadcrumb":{"@id":"https:\/\/www.parcodolomitifriulane.it\/evento\/percorso-storico-e-naturalistico-del-fornese\/#breadcrumb"},"inLanguage":"en-GB","potentialAction":[{"@type":"ReadAction","target":["https:\/\/www.parcodolomitifriulane.it\/evento\/percorso-storico-e-naturalistico-del-fornese\/"]}]},{"@type":"ImageObject","inLanguage":"en-GB","@id":"https:\/\/www.parcodolomitifriulane.it\/evento\/percorso-storico-e-naturalistico-del-fornese\/#primaryimage","url":"https:\/\/www.parcodolomitifriulane.it\/wp-content\/uploads\/2024\/11\/forni-di-sotto-fagioli.jpg","contentUrl":"https:\/\/www.parcodolomitifriulane.it\/wp-content\/uploads\/2024\/11\/forni-di-sotto-fagioli.jpg","width":1200,"height":676},{"@type":"BreadcrumbList","@id":"https:\/\/www.parcodolomitifriulane.it\/evento\/percorso-storico-e-naturalistico-del-fornese\/#breadcrumb","itemListElement":[{"@type":"ListItem","position":1,"name":"Home","item":"https:\/\/www.parcodolomitifriulane.it\/"},{"@type":"ListItem","position":2,"name":"*Percorso storico e naturalistico del Fornese"}]},{"@type":"WebSite","@id":"https:\/\/www.parcodolomitifriulane.it\/#website","url":"https:\/\/www.parcodolomitifriulane.it\/","name":"Parco Dolomiti Friulane","description":"Tutto Straordinariamente Emoz","publisher":{"@id":"https:\/\/www.parcodolomitifriulane.it\/#organization"},"potentialAction":[{"@type":"SearchAction","target":{"@type":"EntryPoint","urlTemplate":"https:\/\/www.parcodolomitifriulane.it\/?s={search_term_string}"},"query-input":{"@type":"PropertyValueSpecification","valueRequired":true,"valueName":"search_term_string"}}],"inLanguage":"en-GB"},{"@type":"Organization","@id":"https:\/\/www.parcodolomitifriulane.it\/#organization","name":"Parco Dolomiti Friulane","url":"https:\/\/www.parcodolomitifriulane.it\/","logo":{"@type":"ImageObject","inLanguage":"en-GB","@id":"https:\/\/www.parcodolomitifriulane.it\/#\/schema\/logo\/image\/","url":"https:\/\/www.parcodolomitifriulane.it\/wp-content\/uploads\/2022\/06\/cropped-logo-1.png","contentUrl":"https:\/\/www.parcodolomitifriulane.it\/wp-content\/uploads\/2022\/06\/cropped-logo-1.png","width":4685,"height":2773,"caption":"Parco Dolomiti Friulane"},"image":{"@id":"https:\/\/www.parcodolomitifriulane.it\/#\/schema\/logo\/image\/"},"sameAs":["https:\/\/www.facebook.com\/dolomitifriulane","https:\/\/x.com\/parcoDF","https:\/\/www.instagram.com\/dolomitifriulane\/","https:\/\/www.youtube.com\/user\/DOLOMITIFRIULANEPARK"]}]}},"_links":{"self":[{"href":"https:\/\/www.parcodolomitifriulane.it\/en\/wp-json\/wp\/v2\/event_listing\/18639","targetHints":{"allow":["GET"]}}],"collection":[{"href":"https:\/\/www.parcodolomitifriulane.it\/en\/wp-json\/wp\/v2\/event_listing"}],"about":[{"href":"https:\/\/www.parcodolomitifriulane.it\/en\/wp-json\/wp\/v2\/types\/event_listing"}],"version-history":[{"count":0,"href":"https:\/\/www.parcodolomitifriulane.it\/en\/wp-json\/wp\/v2\/event_listing\/18639\/revisions"}],"wp:featuredmedia":[{"embeddable":true,"href":"https:\/\/www.parcodolomitifriulane.it\/en\/wp-json\/wp\/v2\/media\/18643"}],"wp:attachment":[{"href":"https:\/\/www.parcodolomitifriulane.it\/en\/wp-json\/wp\/v2\/media?parent=18639"}],"wp:term":[{"taxonomy":"event_listing_category","embeddable":true,"href":"https:\/\/www.parcodolomitifriulane.it\/en\/wp-json\/wp\/v2\/event_listing_category?post=18639"}],"curies":[{"name":"wp","href":"https:\/\/api.w.org\/{rel}","templated":true}]}}