{"id":19240,"date":"2025-04-24T11:38:35","date_gmt":"2025-04-24T09:38:35","guid":{"rendered":"https:\/\/www.parcodolomitifriulane.it\/?post_type=event_listing&#038;p=19240"},"modified":"2025-09-16T00:37:22","modified_gmt":"2025-09-15T22:37:22","slug":"la-valle-dei-massi-il-labirinto-di-roccia-dei-margons","status":"expired","type":"event_listing","link":"https:\/\/www.parcodolomitifriulane.it\/en\/event\/la-valle-dei-massi-il-labirinto-di-roccia-dei-margons\/","title":{"rendered":"*La valle dei massi: il labirinto di roccia dei Margons"},"content":{"rendered":"<p>DATA: DOMENICA 14 SETTEMBRE 2025<\/p>\n\n\n\n<p>GUIDA: FRANCESCO LORENZI (Tel. 3401346981)<\/p>\n\n\n\n<p><strong>LA VALLE DEI MASSI IL LABIRINTO DI ROCCIA DEI MARGONS<\/strong><\/p>\n\n\n\n<p>Dopo il ritrovo presso il centro visite di Claut ci sposteremo in auto in localit\u00e0 Lesis dove avr\u00e0 inizio la nostra escursione. Dopo un primo tratto su strada seguiremo un sentiero in leggera discesa che ci depositer\u00e0 sul greto del torrente Cellina che proprio in questa zona ha la sua sorgente (Margons). Da qui fedelmente lungo il letto del torrente inizialmente facile &nbsp;e dove si possono vedere i numerosi ruscelli che danno origine al corso principale e le Piramidi di Terra, particolari e fragili formazioni rocciose di interesse geologico. Improvvisamente il greto del torrente cambia radicalmente aspetto e grossi massi ostruiscono la sua risalita, siamo di fronte alla parte pi\u00f9 avventurosa dell\u2019escursione. Per arrivare a destinazione ci dovremmo far strada in questo piccolo labirinto naturale tra aggiramenti, saliscendi e passaggi in cunicoli formati dai grossi blocchi accatastati uno sull\u2019altro. Durante la risalita del greto si incontreranno alcuni brevi e facili tratti attrezzati che sar\u00e0 possibile affrontare in sicurezza grazie all\u2019attrezzatura fornita e all\u2019aiuto della guida; tuttavia, in caso di paura o stanchezza saranno facilmente e velocemente aggirabili da chi non se la sentisse di affrontarli. Superato questo tratto si intercetta la strada che ci porter\u00e0 a casera Casavento, dove sar\u00e0 possibile pranzare ed assaporare gli ottimi prodotti tipici. Da qui in breve \u00e8 possibile visitare il sito dove si trovano le famose impronte del dinosauro, per poi fare rientro tramite strada carrozzabile verso localit\u00e0 Lesis.<\/p>\n\n\n\n<p>NB: Specificare se i partecipanti intendono pranzare a Casavento in modo da prenotare\/avvisare, alternativa pu\u00f2 essere pranzo al sacco.<\/p>\n\n\n\n<p>Testo: FRANCESCO LORENZI<\/p>\n\n\n\n<p>INFORMAZIONI:<\/p>\n\n\n\n<p>Tipologia: escursione\/avventura<\/p>\n\n\n\n<p>Difficolt\u00e0: medio\/facile.<\/p>\n\n\n\n<p>Dislivello: 300 m.<\/p>\n\n\n\n<p>Durata: ore 8<\/p>\n\n\n\n<p>Abbigliamento e attrezzatura: scarponcini\/scarpe da avvicinamento-zaino- snack energetici-liquidi\/bevande energetiche. Il vestiario sar\u00e0 da valutare in base alle previsioni\/condizioni meteo della giornata.<\/p>\n\n\n\n<p>Verr\u00e0 fornito il casco e l\u2019imbragatura a tutti i partecipanti.<\/p>\n\n\n\n<p>Ritrovo: Centro visite Claut ore 8.00<\/p>\n\n\n\n<p>Tariffa: euro 25,00 per gli adulti; 13,00 euro per chi ha pi\u00f9 di 70 anni<\/p>\n\n\n\n<p><strong>Prenotazione obbligatoria al seguente link<\/strong><\/p>\n\n\n\n<p><a href=\"https:\/\/amministrazioneparcodolomitifriulane.insiel.it\/it\/servizi-online-100896\/14-settembre-2025-la-valle-dei-massi-il-labirinto-di-roccia-dei-margons-145910\">14 settembre 2025 &#8211; LA VALLE DEI MASSI IL LABIRINTO DI ROCCIA DEI MARGONS &#8211; Parco Dolomiti Friulane AT<\/a><\/p>","protected":false},"featured_media":18062,"template":"","meta":{"_acf_changed":false},"event_listing_category":[132],"class_list":["post-19240","event_listing","type-event_listing","status-expired","has-post-thumbnail","hentry","event_listing_category-impegnativi-per-allenati"],"acf":[],"yoast_head":"<!-- This site is optimized with the Yoast SEO plugin v27.5 - https:\/\/yoast.com\/product\/yoast-seo-wordpress\/ -->\n<title>*La valle dei massi: il labirinto di roccia dei Margons | Parco Dolomiti Friulane<\/title>\n<meta name=\"robots\" content=\"index, follow, max-snippet:-1, max-image-preview:large, max-video-preview:-1\" \/>\n<link rel=\"canonical\" href=\"https:\/\/www.parcodolomitifriulane.it\/en\/evento\/la-valle-dei-massi-il-labirinto-di-roccia-dei-margons\/\" \/>\n<meta property=\"og:locale\" content=\"en_GB\" \/>\n<meta property=\"og:type\" content=\"article\" \/>\n<meta property=\"og:title\" content=\"*La valle dei massi: il labirinto di roccia dei Margons | Parco Dolomiti Friulane\" \/>\n<meta property=\"og:description\" content=\"DATA: DOMENICA 14 SETTEMBRE 2025 GUIDA: FRANCESCO LORENZI (Tel. 3401346981) LA VALLE DEI MASSI IL LABIRINTO DI ROCCIA DEI MARGONS Dopo il ritrovo presso il centro [\u2026]\" \/>\n<meta property=\"og:url\" content=\"https:\/\/www.parcodolomitifriulane.it\/en\/evento\/la-valle-dei-massi-il-labirinto-di-roccia-dei-margons\/\" \/>\n<meta property=\"og:site_name\" content=\"Parco Dolomiti Friulane\" \/>\n<meta property=\"article:publisher\" content=\"https:\/\/www.facebook.com\/dolomitifriulane\" \/>\n<meta property=\"article:modified_time\" content=\"2025-09-15T22:37:22+00:00\" \/>\n<meta property=\"og:image\" content=\"https:\/\/www.parcodolomitifriulane.it\/wp-content\/uploads\/2024\/05\/margons-francesco-lorenzi.jpg\" \/>\n\t<meta property=\"og:image:width\" content=\"1200\" \/>\n\t<meta property=\"og:image:height\" content=\"1600\" \/>\n\t<meta property=\"og:image:type\" content=\"image\/jpeg\" \/>\n<meta name=\"twitter:card\" content=\"summary_large_image\" \/>\n<meta name=\"twitter:site\" content=\"@parcoDF\" \/>\n<meta name=\"twitter:label1\" content=\"Estimated reading time\" \/>\n\t<meta name=\"twitter:data1\" content=\"3 minutes\" \/>\n<script type=\"application\/ld+json\" class=\"yoast-schema-graph\">{\"@context\":\"https:\\\/\\\/schema.org\",\"@graph\":[{\"@type\":\"WebPage\",\"@id\":\"https:\\\/\\\/www.parcodolomitifriulane.it\\\/evento\\\/la-valle-dei-massi-il-labirinto-di-roccia-dei-margons\\\/\",\"url\":\"https:\\\/\\\/www.parcodolomitifriulane.it\\\/evento\\\/la-valle-dei-massi-il-labirinto-di-roccia-dei-margons\\\/\",\"name\":\"*La valle dei massi: il labirinto di roccia dei Margons | Parco Dolomiti Friulane\",\"isPartOf\":{\"@id\":\"https:\\\/\\\/www.parcodolomitifriulane.it\\\/#website\"},\"primaryImageOfPage\":{\"@id\":\"https:\\\/\\\/www.parcodolomitifriulane.it\\\/evento\\\/la-valle-dei-massi-il-labirinto-di-roccia-dei-margons\\\/#primaryimage\"},\"image\":{\"@id\":\"https:\\\/\\\/www.parcodolomitifriulane.it\\\/evento\\\/la-valle-dei-massi-il-labirinto-di-roccia-dei-margons\\\/#primaryimage\"},\"thumbnailUrl\":\"https:\\\/\\\/www.parcodolomitifriulane.it\\\/wp-content\\\/uploads\\\/2024\\\/05\\\/margons-francesco-lorenzi.jpg\",\"datePublished\":\"2025-04-24T09:38:35+00:00\",\"dateModified\":\"2025-09-15T22:37:22+00:00\",\"breadcrumb\":{\"@id\":\"https:\\\/\\\/www.parcodolomitifriulane.it\\\/evento\\\/la-valle-dei-massi-il-labirinto-di-roccia-dei-margons\\\/#breadcrumb\"},\"inLanguage\":\"en-GB\",\"potentialAction\":[{\"@type\":\"ReadAction\",\"target\":[\"https:\\\/\\\/www.parcodolomitifriulane.it\\\/evento\\\/la-valle-dei-massi-il-labirinto-di-roccia-dei-margons\\\/\"]}]},{\"@type\":\"ImageObject\",\"inLanguage\":\"en-GB\",\"@id\":\"https:\\\/\\\/www.parcodolomitifriulane.it\\\/evento\\\/la-valle-dei-massi-il-labirinto-di-roccia-dei-margons\\\/#primaryimage\",\"url\":\"https:\\\/\\\/www.parcodolomitifriulane.it\\\/wp-content\\\/uploads\\\/2024\\\/05\\\/margons-francesco-lorenzi.jpg\",\"contentUrl\":\"https:\\\/\\\/www.parcodolomitifriulane.it\\\/wp-content\\\/uploads\\\/2024\\\/05\\\/margons-francesco-lorenzi.jpg\",\"width\":1200,\"height\":1600},{\"@type\":\"BreadcrumbList\",\"@id\":\"https:\\\/\\\/www.parcodolomitifriulane.it\\\/evento\\\/la-valle-dei-massi-il-labirinto-di-roccia-dei-margons\\\/#breadcrumb\",\"itemListElement\":[{\"@type\":\"ListItem\",\"position\":1,\"name\":\"Home\",\"item\":\"https:\\\/\\\/www.parcodolomitifriulane.it\\\/\"},{\"@type\":\"ListItem\",\"position\":2,\"name\":\"*La valle dei massi: il labirinto di roccia dei Margons\"}]},{\"@type\":\"WebSite\",\"@id\":\"https:\\\/\\\/www.parcodolomitifriulane.it\\\/#website\",\"url\":\"https:\\\/\\\/www.parcodolomitifriulane.it\\\/\",\"name\":\"Parco Dolomiti Friulane\",\"description\":\"Tutto Straordinariamente Emoz\",\"publisher\":{\"@id\":\"https:\\\/\\\/www.parcodolomitifriulane.it\\\/#organization\"},\"potentialAction\":[{\"@type\":\"SearchAction\",\"target\":{\"@type\":\"EntryPoint\",\"urlTemplate\":\"https:\\\/\\\/www.parcodolomitifriulane.it\\\/?s={search_term_string}\"},\"query-input\":{\"@type\":\"PropertyValueSpecification\",\"valueRequired\":true,\"valueName\":\"search_term_string\"}}],\"inLanguage\":\"en-GB\"},{\"@type\":\"Organization\",\"@id\":\"https:\\\/\\\/www.parcodolomitifriulane.it\\\/#organization\",\"name\":\"Parco Dolomiti Friulane\",\"url\":\"https:\\\/\\\/www.parcodolomitifriulane.it\\\/\",\"logo\":{\"@type\":\"ImageObject\",\"inLanguage\":\"en-GB\",\"@id\":\"https:\\\/\\\/www.parcodolomitifriulane.it\\\/#\\\/schema\\\/logo\\\/image\\\/\",\"url\":\"https:\\\/\\\/www.parcodolomitifriulane.it\\\/wp-content\\\/uploads\\\/2022\\\/06\\\/cropped-logo-1.png\",\"contentUrl\":\"https:\\\/\\\/www.parcodolomitifriulane.it\\\/wp-content\\\/uploads\\\/2022\\\/06\\\/cropped-logo-1.png\",\"width\":4685,\"height\":2773,\"caption\":\"Parco Dolomiti Friulane\"},\"image\":{\"@id\":\"https:\\\/\\\/www.parcodolomitifriulane.it\\\/#\\\/schema\\\/logo\\\/image\\\/\"},\"sameAs\":[\"https:\\\/\\\/www.facebook.com\\\/dolomitifriulane\",\"https:\\\/\\\/x.com\\\/parcoDF\",\"https:\\\/\\\/www.instagram.com\\\/dolomitifriulane\\\/\",\"https:\\\/\\\/www.youtube.com\\\/user\\\/DOLOMITIFRIULANEPARK\"]}]}<\/script>\n<!-- \/ Yoast SEO plugin. -->","yoast_head_json":{"title":"*La valle dei massi: il labirinto di roccia dei Margons | Parco Dolomiti Friulane","robots":{"index":"index","follow":"follow","max-snippet":"max-snippet:-1","max-image-preview":"max-image-preview:large","max-video-preview":"max-video-preview:-1"},"canonical":"https:\/\/www.parcodolomitifriulane.it\/en\/evento\/la-valle-dei-massi-il-labirinto-di-roccia-dei-margons\/","og_locale":"en_GB","og_type":"article","og_title":"*La valle dei massi: il labirinto di roccia dei Margons | Parco Dolomiti Friulane","og_description":"DATA: DOMENICA 14 SETTEMBRE 2025 GUIDA: FRANCESCO LORENZI (Tel. 3401346981) LA VALLE DEI MASSI IL LABIRINTO DI ROCCIA DEI MARGONS Dopo il ritrovo presso il centro [\u2026]","og_url":"https:\/\/www.parcodolomitifriulane.it\/en\/evento\/la-valle-dei-massi-il-labirinto-di-roccia-dei-margons\/","og_site_name":"Parco Dolomiti Friulane","article_publisher":"https:\/\/www.facebook.com\/dolomitifriulane","article_modified_time":"2025-09-15T22:37:22+00:00","og_image":[{"width":1200,"height":1600,"url":"https:\/\/www.parcodolomitifriulane.it\/wp-content\/uploads\/2024\/05\/margons-francesco-lorenzi.jpg","type":"image\/jpeg"}],"twitter_card":"summary_large_image","twitter_site":"@parcoDF","twitter_misc":{"Estimated reading time":"3 minutes"},"schema":{"@context":"https:\/\/schema.org","@graph":[{"@type":"WebPage","@id":"https:\/\/www.parcodolomitifriulane.it\/evento\/la-valle-dei-massi-il-labirinto-di-roccia-dei-margons\/","url":"https:\/\/www.parcodolomitifriulane.it\/evento\/la-valle-dei-massi-il-labirinto-di-roccia-dei-margons\/","name":"*La valle dei massi: il labirinto di roccia dei Margons | Parco Dolomiti Friulane","isPartOf":{"@id":"https:\/\/www.parcodolomitifriulane.it\/#website"},"primaryImageOfPage":{"@id":"https:\/\/www.parcodolomitifriulane.it\/evento\/la-valle-dei-massi-il-labirinto-di-roccia-dei-margons\/#primaryimage"},"image":{"@id":"https:\/\/www.parcodolomitifriulane.it\/evento\/la-valle-dei-massi-il-labirinto-di-roccia-dei-margons\/#primaryimage"},"thumbnailUrl":"https:\/\/www.parcodolomitifriulane.it\/wp-content\/uploads\/2024\/05\/margons-francesco-lorenzi.jpg","datePublished":"2025-04-24T09:38:35+00:00","dateModified":"2025-09-15T22:37:22+00:00","breadcrumb":{"@id":"https:\/\/www.parcodolomitifriulane.it\/evento\/la-valle-dei-massi-il-labirinto-di-roccia-dei-margons\/#breadcrumb"},"inLanguage":"en-GB","potentialAction":[{"@type":"ReadAction","target":["https:\/\/www.parcodolomitifriulane.it\/evento\/la-valle-dei-massi-il-labirinto-di-roccia-dei-margons\/"]}]},{"@type":"ImageObject","inLanguage":"en-GB","@id":"https:\/\/www.parcodolomitifriulane.it\/evento\/la-valle-dei-massi-il-labirinto-di-roccia-dei-margons\/#primaryimage","url":"https:\/\/www.parcodolomitifriulane.it\/wp-content\/uploads\/2024\/05\/margons-francesco-lorenzi.jpg","contentUrl":"https:\/\/www.parcodolomitifriulane.it\/wp-content\/uploads\/2024\/05\/margons-francesco-lorenzi.jpg","width":1200,"height":1600},{"@type":"BreadcrumbList","@id":"https:\/\/www.parcodolomitifriulane.it\/evento\/la-valle-dei-massi-il-labirinto-di-roccia-dei-margons\/#breadcrumb","itemListElement":[{"@type":"ListItem","position":1,"name":"Home","item":"https:\/\/www.parcodolomitifriulane.it\/"},{"@type":"ListItem","position":2,"name":"*La valle dei massi: il labirinto di roccia dei Margons"}]},{"@type":"WebSite","@id":"https:\/\/www.parcodolomitifriulane.it\/#website","url":"https:\/\/www.parcodolomitifriulane.it\/","name":"Parco Dolomiti Friulane","description":"Tutto Straordinariamente Emoz","publisher":{"@id":"https:\/\/www.parcodolomitifriulane.it\/#organization"},"potentialAction":[{"@type":"SearchAction","target":{"@type":"EntryPoint","urlTemplate":"https:\/\/www.parcodolomitifriulane.it\/?s={search_term_string}"},"query-input":{"@type":"PropertyValueSpecification","valueRequired":true,"valueName":"search_term_string"}}],"inLanguage":"en-GB"},{"@type":"Organization","@id":"https:\/\/www.parcodolomitifriulane.it\/#organization","name":"Parco Dolomiti Friulane","url":"https:\/\/www.parcodolomitifriulane.it\/","logo":{"@type":"ImageObject","inLanguage":"en-GB","@id":"https:\/\/www.parcodolomitifriulane.it\/#\/schema\/logo\/image\/","url":"https:\/\/www.parcodolomitifriulane.it\/wp-content\/uploads\/2022\/06\/cropped-logo-1.png","contentUrl":"https:\/\/www.parcodolomitifriulane.it\/wp-content\/uploads\/2022\/06\/cropped-logo-1.png","width":4685,"height":2773,"caption":"Parco Dolomiti Friulane"},"image":{"@id":"https:\/\/www.parcodolomitifriulane.it\/#\/schema\/logo\/image\/"},"sameAs":["https:\/\/www.facebook.com\/dolomitifriulane","https:\/\/x.com\/parcoDF","https:\/\/www.instagram.com\/dolomitifriulane\/","https:\/\/www.youtube.com\/user\/DOLOMITIFRIULANEPARK"]}]}},"_links":{"self":[{"href":"https:\/\/www.parcodolomitifriulane.it\/en\/wp-json\/wp\/v2\/event_listing\/19240","targetHints":{"allow":["GET"]}}],"collection":[{"href":"https:\/\/www.parcodolomitifriulane.it\/en\/wp-json\/wp\/v2\/event_listing"}],"about":[{"href":"https:\/\/www.parcodolomitifriulane.it\/en\/wp-json\/wp\/v2\/types\/event_listing"}],"version-history":[{"count":1,"href":"https:\/\/www.parcodolomitifriulane.it\/en\/wp-json\/wp\/v2\/event_listing\/19240\/revisions"}],"predecessor-version":[{"id":19809,"href":"https:\/\/www.parcodolomitifriulane.it\/en\/wp-json\/wp\/v2\/event_listing\/19240\/revisions\/19809"}],"wp:featuredmedia":[{"embeddable":true,"href":"https:\/\/www.parcodolomitifriulane.it\/en\/wp-json\/wp\/v2\/media\/18062"}],"wp:attachment":[{"href":"https:\/\/www.parcodolomitifriulane.it\/en\/wp-json\/wp\/v2\/media?parent=19240"}],"wp:term":[{"taxonomy":"event_listing_category","embeddable":true,"href":"https:\/\/www.parcodolomitifriulane.it\/en\/wp-json\/wp\/v2\/event_listing_category?post=19240"}],"curies":[{"name":"wp","href":"https:\/\/api.w.org\/{rel}","templated":true}]}}