{"id":19757,"date":"2025-07-26T14:50:19","date_gmt":"2025-07-26T12:50:19","guid":{"rendered":"https:\/\/www.parcodolomitifriulane.it\/?post_type=event_listing&#038;p=19757"},"modified":"2025-10-21T00:37:19","modified_gmt":"2025-10-20T22:37:19","slug":"itinerario-storico-trekking-di-3-giorni-tra-claut-erto-e-casso-e-longarone","status":"expired","type":"event_listing","link":"https:\/\/www.parcodolomitifriulane.it\/en\/event\/itinerario-storico-trekking-di-3-giorni-tra-claut-erto-e-casso-e-longarone\/","title":{"rendered":"*Itinerario storico, trekking di 3 giorni tra Claut, Erto e Casso e Longarone"},"content":{"rendered":"<p>DATA: VENERDI 17 SABATO 18 e DOMENICA 19 OTTOBRE 2025<\/p>\n\n\n\n<p>Guida naturalistica: <strong>Franco Polo (Tel. 334 8149598)<\/strong><\/p>\n\n\n\n<p>Guida Storica: Marco Pascoli<\/p>\n\n\n\n<p><strong>ITINERARIO STORICO TREKKING DI 3 GIORNI TRA CLAUT, ERTO E CASSO E LONGARONE<\/strong><\/p>\n\n\n\n<p>Una tre giorni nei luoghi dove pi\u00f9 di cent\u2019anni fa si svolsero i fatti della I guerra mondiale tra la Val Silisia&nbsp; e la Valle del Piave, tra racconti di guerra, e panorami che introducono il viaggiatore dalle Prealpi alle Dolomiti , seguendo strade militari e sentieri che servivano anticamente per collegare uomini e paesi, ombra della fatica secolare dell\u2019uomo dove la piccola&nbsp; storia incontra la grande storia, e si scoprono nomi famosi accanto ai nomi quotidiani, seguendo le tracce di un ufficiale tedesco il tenente Erwin Rommel, storia e natura, ma tanto altro insieme.<\/p>\n\n\n\n<p><strong>VENERDI\u2019 17 OTTOBRE 2025<\/strong><\/p>\n\n\n\n<p><strong>(Claut-Val Silisia-Loc Tranconere-Strada degli Alpini-Casera Casavento- Claut)<\/strong><\/p>\n\n\n\n<p><strong>Il ritrovo \u00e8 a Claut, presso il Centro visite del Parco alle ore 8.00<\/strong>, ci spostiamo grazie alle navette del parco al punto di partenza in Val Silisia localit\u00e0 Tranconere (quota 579) dove inizia il tracciato non pi\u00f9 carrozzabile conosciuto come Strada degli Alpini. Da qui ci si dirige con sentiero Cai 966, prima per sentiero poi per mulattiera militare a Forcella Clautana(quota 1432), pausa pranzo e dopo le soste dovute per descrivere il panorama e i fatti del novembre 1917 si scende in direzione Claut sempre su mulattiera e con numerosi tornanti si arriva a Casera Casavento (quota 947), un veloce sguardo al geosito e all\u2019impronta del dinosuaro, e siamo in Valcellina. Attraversato il grande piano di Pian de Cea dove si apre il panorama verso Nord, e il settore Caserine Cornaget, noi proseguiamo questa volta attraverso una strada sterrata e poi asfaltata con numerosi tornanti che ci portano alle vicino alle sorgenti del Cellina e in fondovalle in localit\u00e0 Pian del Muscol e al primo borgo di Claut Lesis (quota 644)<\/p>\n\n\n\n<p>qui per strada asfaltata arriviamo a Claut, dove visiteremo il paese e dormiremo all\u2019albergo Dolomiti chi lo vorr\u00e0 le guide sono disponibili per far visitare il Museo Casa Clautana, con annesso sezione sulla storia della I guerra mondiale<\/p>\n\n\n\n<p>INFORMAZIONI:<\/p>\n\n\n\n<p>Tipologia: escursione storico\/naturalistica giornaliera<\/p>\n\n\n\n<p>Difficolt\u00e0: facile anche se lunga, difficolt\u00e0 media solo per la lunghezza, ma mai difficile tecnicamente<\/p>\n\n\n\n<p>Dislivello: 850 metri in salita 700 metri in discesa<\/p>\n\n\n\n<p>Lunghezza: 18 km<\/p>\n\n\n\n<p>Durata: 6 ore con calma 7 ore<\/p>\n\n\n\n<p>Punto pi\u00f9 basso: TRANCONERE 579m<\/p>\n\n\n\n<p>Punto pi\u00f9 alto: FORCELLA CLAUTANA 1432m<\/p>\n\n\n\n<p><strong>SABATO 18 OTTOBRE 2025<\/strong><\/p>\n\n\n\n<p><strong>(Claut-Pineda-Cimolais- Passo di S. Osvaldo- Erto-Cimolais)<\/strong><\/p>\n\n\n\n<p>Da Claut(620), partendo alla scoperta dei borghi e passando per il borgo di Massurie ci muoveremo fino al borgo di Mariae attraverso sentieri e stradine che vanno a scoprire questi curiosi luoghi di Claut costruiti su terrazzamenti alluvionali. Da Mariae prenderemo la pista ciclabile per arrivare alla frazione di Pinedo (554 m) e poi attraverso le Montiselle fino al Recinto faunistico Pianpinedo, seguendo la ciclabile fino alla localit\u00e0 di S. Floriano(quota 643 m ) e il paese di Cimolais (650 m ), qui saliremo alla chiesetta alpina dedicata a S. Giovanni (quota 700 m) scendendo alla statale&nbsp; 251 che percorreremo per 800 metri dove ad un&nbsp; tornante troveremo una pista che ci condurr\u00e0 in direzione del passo di S. Osvaldo, il valico che ci porta dalla Valcellina\/Cimoliana alla Valle del Vajont (quota 828 m) ,&nbsp; dopo il pranzo al sacco, ci dirigeremo verso il paese di Erto percorrendo il sentiero di S. Martino per bosco che sbuca sulla panoramica localit\u00e0 di S. Martino (quota 845 m ) e da qui a Erto (quota 766) chi desidera potr\u00e0 visitare il Centro visite di Erto che ospita la mostra sulla \u201c catastrofe del Vajont\u201d a chiusura si rientra a Cimolais con le navette del Parco, pernotteremo presso la Foresteria Mugolio cenando all\u2019Albergo Ristorante \u201cAlla Rosa\u201d<\/p>\n\n\n\n<p>INFORMAZIONI:<\/p>\n\n\n\n<p>Tipologia: escursione storico\/naturalistica giornaliera<\/p>\n\n\n\n<p>Difficolt\u00e0: facile, media solo nel tratto del sentiero di \u201cCiope\u201d San Martino un tratto esposto.<\/p>\n\n\n\n<p>Dislivello: 480metri in salita 250 in discesa<\/p>\n\n\n\n<p>Lunghezza: 14km<\/p>\n\n\n\n<p>Durata: 6 ore<\/p>\n\n\n\n<p>Punto pi\u00f9 basso: PINEDO DI CLAUT 552m<\/p>\n\n\n\n<p>Punto pi\u00f9 alto: FORNACE DI SAN MARTINO 976m<\/p>\n\n\n\n<p><strong>DOMENICA 19 OTTOBRE 2025<\/strong><\/p>\n\n\n\n<p><strong>Erto-Spesse- Frana del Vajont-Casso-Codissago-Longarone)<\/strong><\/p>\n\n\n\n<p>Colazione presso l\u2019Albergo alla Rosa a Cimolais alle ore 8:00<\/p>\n\n\n\n<p>Partenza per l\u2019escursione alle ore 8:30<\/p>\n\n\n\n<p>Dopo aver raggiunto Erto in auto da Cimolais, visitato il paese di Erto, lasciando a monte Stortan(Erto Nuova) \u2013 attraverseremo le rovine di Spesse( quota 788 m), localit\u00e0 distrutta dalla catastrofe del Vajont, dopo la descrizione di ci\u00f2 che avvenne&nbsp; il nostro itinerario prosegue scendendo al Lago del Vajont, e pi rimonta attraverso forestale arrivando alla frana del Vajont presso il ponte de La Frana (quota 831m) si giunge alla strada asfaltata, che si percorre per 300m.da quota 820, si piega e si arriva al parcheggio delle corriere , attraversata la SS251 si arriva all\u2019osteria \u201cla frana del Vajont\u201d alle spalle dell\u2019osteria si prende il sentiero dello Scalat e da qui si arriva a Casso dove si prende il Troi de S. Antoni che si segue fino a Codissago vicino al Museo degli Zattieri Del Piave, andando a Longarone per il ponte Malcom.<\/p>\n\n\n\n<p><strong>Arrivati a Longarone si descriver\u00e0 la scena della battaglia di Longarone, si potr\u00e0 visitare il museo di Longarone (chi lo volesse) si rientrer\u00e0 ad Erto con le navette del Parco dove l\u2019evento avr\u00e0 fine.<\/strong><\/p>\n\n\n\n<p>Testo: Franco Polo<\/p>\n\n\n\n<p>INFORMAZIONI:<\/p>\n\n\n\n<p>Tipologia: escursione storico\/memoria naturalistica giornaliera<\/p>\n\n\n\n<p>Difficolt\u00e0: facile<\/p>\n\n\n\n<p>Dislivello: 200 metri in salita 400 in discesa<\/p>\n\n\n\n<p>Lunghezza: mediamente 12 km<\/p>\n\n\n\n<p>Durata: 6 ore<\/p>\n\n\n\n<p>Punto pi\u00f9 basso: LONGARONE 420<\/p>\n\n\n\n<p>Punto pi\u00f9 alto: CASSO 964 M<\/p>\n\n\n\n<p>Abbigliamento e attrezzatura: adatto alla stagione con giacca antivento e piumino, berretto,<\/p>\n\n\n\n<p>scarponcini\/scarpe da trekking con suola scolpita e bastoncini da trekking, consigliata la macchina fotografica, a seguito bevande e snack.<\/p>\n\n\n\n<p><strong>Ritrovo: Centro visite Claut \u2013 17 OTTOBRE 2025 ore 8.00<\/strong><\/p>\n\n\n\n<p>Tariffa Parco: 75,00 euro adulti; 39,00 euro per chi ha pi\u00f9 di 70 anni<\/p>\n\n\n\n<p>Quota Albergo prima notte: 55,00 a persona mezza pensione presso l\u2019Albergo Ristorante \u201cDolomiti\u201d a Claut (cena, pernotto, colazione)<\/p>\n\n\n\n<p>Quota Foresteria seconda notte: 10,00 euro a persona + 3,00 euro per utilizzo lenzuola (solo pernottamento)<\/p>\n\n\n\n<p>Quota Ristorante: 30,00 a persona cena (secondo giorno) + colazione (terzo giorno) presso Albergo Ristorante \u201cAlla Rosa\u201d a Cimolais<\/p>\n\n\n\n<p><strong>Prenotazione obbligatoria al seguente link<\/strong><\/p>\n\n\n\n<p><a href=\"https:\/\/amministrazioneparcodolomitifriulane.insiel.it\/it\/servizi-online-100896\/17-18-e-19-ottobre-2025-itinerario-storico-trekking-di-3-giorni-tra-claut-erto-e-casso-e-longarone-146491\">17, 18 e 19 ottobre 2025 &#8211; ITINERARIO STORICO TREKKING DI 3 GIORNI TRA CLAUT, ERTO E CASSO E LONGARONE &#8211; Parco Dolomiti Friulane AT<\/a><\/p>","protected":false},"featured_media":9347,"template":"","meta":{"_acf_changed":false},"event_listing_category":[132],"class_list":["post-19757","event_listing","type-event_listing","status-expired","has-post-thumbnail","hentry","event_listing_category-impegnativi-per-allenati"],"acf":[],"yoast_head":"<!-- This site is optimized with the Yoast SEO plugin v27.5 - https:\/\/yoast.com\/product\/yoast-seo-wordpress\/ -->\n<title>*Itinerario storico, trekking di 3 giorni tra Claut, Erto e Casso e Longarone | Parco Dolomiti Friulane<\/title>\n<meta name=\"robots\" content=\"index, follow, max-snippet:-1, max-image-preview:large, max-video-preview:-1\" \/>\n<link rel=\"canonical\" href=\"https:\/\/www.parcodolomitifriulane.it\/en\/evento\/itinerario-storico-trekking-di-3-giorni-tra-claut-erto-e-casso-e-longarone\/\" \/>\n<meta property=\"og:locale\" content=\"en_GB\" \/>\n<meta property=\"og:type\" content=\"article\" \/>\n<meta property=\"og:title\" content=\"*Itinerario storico, trekking di 3 giorni tra Claut, Erto e Casso e Longarone | Parco Dolomiti Friulane\" \/>\n<meta property=\"og:description\" content=\"DATA: VENERDI 17 SABATO 18 e DOMENICA 19 OTTOBRE 2025 Guida naturalistica: Franco Polo (Tel. 334 8149598) Guida Storica: Marco Pascoli ITINERARIO STORICO TREKKING DI 3 [\u2026]\" \/>\n<meta property=\"og:url\" content=\"https:\/\/www.parcodolomitifriulane.it\/en\/evento\/itinerario-storico-trekking-di-3-giorni-tra-claut-erto-e-casso-e-longarone\/\" \/>\n<meta property=\"og:site_name\" content=\"Parco Dolomiti Friulane\" \/>\n<meta property=\"article:publisher\" content=\"https:\/\/www.facebook.com\/dolomitifriulane\" \/>\n<meta property=\"article:modified_time\" content=\"2025-10-20T22:37:19+00:00\" \/>\n<meta property=\"og:image\" content=\"https:\/\/www.parcodolomitifriulane.it\/wp-content\/uploads\/2022\/09\/Stalla-e-Claut-panor-5-2008-giacomoG-1024x768-1.jpg\" \/>\n\t<meta property=\"og:image:width\" content=\"1024\" \/>\n\t<meta property=\"og:image:height\" content=\"768\" \/>\n\t<meta property=\"og:image:type\" content=\"image\/jpeg\" \/>\n<meta name=\"twitter:card\" content=\"summary_large_image\" \/>\n<meta name=\"twitter:site\" content=\"@parcoDF\" \/>\n<meta name=\"twitter:label1\" content=\"Estimated reading time\" \/>\n\t<meta name=\"twitter:data1\" content=\"6 minutes\" \/>\n<script type=\"application\/ld+json\" class=\"yoast-schema-graph\">{\"@context\":\"https:\\\/\\\/schema.org\",\"@graph\":[{\"@type\":\"WebPage\",\"@id\":\"https:\\\/\\\/www.parcodolomitifriulane.it\\\/evento\\\/itinerario-storico-trekking-di-3-giorni-tra-claut-erto-e-casso-e-longarone\\\/\",\"url\":\"https:\\\/\\\/www.parcodolomitifriulane.it\\\/evento\\\/itinerario-storico-trekking-di-3-giorni-tra-claut-erto-e-casso-e-longarone\\\/\",\"name\":\"*Itinerario storico, trekking di 3 giorni tra Claut, Erto e Casso e Longarone | Parco Dolomiti Friulane\",\"isPartOf\":{\"@id\":\"https:\\\/\\\/www.parcodolomitifriulane.it\\\/#website\"},\"primaryImageOfPage\":{\"@id\":\"https:\\\/\\\/www.parcodolomitifriulane.it\\\/evento\\\/itinerario-storico-trekking-di-3-giorni-tra-claut-erto-e-casso-e-longarone\\\/#primaryimage\"},\"image\":{\"@id\":\"https:\\\/\\\/www.parcodolomitifriulane.it\\\/evento\\\/itinerario-storico-trekking-di-3-giorni-tra-claut-erto-e-casso-e-longarone\\\/#primaryimage\"},\"thumbnailUrl\":\"https:\\\/\\\/www.parcodolomitifriulane.it\\\/wp-content\\\/uploads\\\/2022\\\/09\\\/Stalla-e-Claut-panor-5-2008-giacomoG-1024x768-1.jpg\",\"datePublished\":\"2025-07-26T12:50:19+00:00\",\"dateModified\":\"2025-10-20T22:37:19+00:00\",\"breadcrumb\":{\"@id\":\"https:\\\/\\\/www.parcodolomitifriulane.it\\\/evento\\\/itinerario-storico-trekking-di-3-giorni-tra-claut-erto-e-casso-e-longarone\\\/#breadcrumb\"},\"inLanguage\":\"en-GB\",\"potentialAction\":[{\"@type\":\"ReadAction\",\"target\":[\"https:\\\/\\\/www.parcodolomitifriulane.it\\\/evento\\\/itinerario-storico-trekking-di-3-giorni-tra-claut-erto-e-casso-e-longarone\\\/\"]}]},{\"@type\":\"ImageObject\",\"inLanguage\":\"en-GB\",\"@id\":\"https:\\\/\\\/www.parcodolomitifriulane.it\\\/evento\\\/itinerario-storico-trekking-di-3-giorni-tra-claut-erto-e-casso-e-longarone\\\/#primaryimage\",\"url\":\"https:\\\/\\\/www.parcodolomitifriulane.it\\\/wp-content\\\/uploads\\\/2022\\\/09\\\/Stalla-e-Claut-panor-5-2008-giacomoG-1024x768-1.jpg\",\"contentUrl\":\"https:\\\/\\\/www.parcodolomitifriulane.it\\\/wp-content\\\/uploads\\\/2022\\\/09\\\/Stalla-e-Claut-panor-5-2008-giacomoG-1024x768-1.jpg\",\"width\":1024,\"height\":768},{\"@type\":\"BreadcrumbList\",\"@id\":\"https:\\\/\\\/www.parcodolomitifriulane.it\\\/evento\\\/itinerario-storico-trekking-di-3-giorni-tra-claut-erto-e-casso-e-longarone\\\/#breadcrumb\",\"itemListElement\":[{\"@type\":\"ListItem\",\"position\":1,\"name\":\"Home\",\"item\":\"https:\\\/\\\/www.parcodolomitifriulane.it\\\/\"},{\"@type\":\"ListItem\",\"position\":2,\"name\":\"*Itinerario storico, trekking di 3 giorni tra Claut, Erto e Casso e Longarone\"}]},{\"@type\":\"WebSite\",\"@id\":\"https:\\\/\\\/www.parcodolomitifriulane.it\\\/#website\",\"url\":\"https:\\\/\\\/www.parcodolomitifriulane.it\\\/\",\"name\":\"Parco Dolomiti Friulane\",\"description\":\"Tutto Straordinariamente Emoz\",\"publisher\":{\"@id\":\"https:\\\/\\\/www.parcodolomitifriulane.it\\\/#organization\"},\"potentialAction\":[{\"@type\":\"SearchAction\",\"target\":{\"@type\":\"EntryPoint\",\"urlTemplate\":\"https:\\\/\\\/www.parcodolomitifriulane.it\\\/?s={search_term_string}\"},\"query-input\":{\"@type\":\"PropertyValueSpecification\",\"valueRequired\":true,\"valueName\":\"search_term_string\"}}],\"inLanguage\":\"en-GB\"},{\"@type\":\"Organization\",\"@id\":\"https:\\\/\\\/www.parcodolomitifriulane.it\\\/#organization\",\"name\":\"Parco Dolomiti Friulane\",\"url\":\"https:\\\/\\\/www.parcodolomitifriulane.it\\\/\",\"logo\":{\"@type\":\"ImageObject\",\"inLanguage\":\"en-GB\",\"@id\":\"https:\\\/\\\/www.parcodolomitifriulane.it\\\/#\\\/schema\\\/logo\\\/image\\\/\",\"url\":\"https:\\\/\\\/www.parcodolomitifriulane.it\\\/wp-content\\\/uploads\\\/2022\\\/06\\\/cropped-logo-1.png\",\"contentUrl\":\"https:\\\/\\\/www.parcodolomitifriulane.it\\\/wp-content\\\/uploads\\\/2022\\\/06\\\/cropped-logo-1.png\",\"width\":4685,\"height\":2773,\"caption\":\"Parco Dolomiti Friulane\"},\"image\":{\"@id\":\"https:\\\/\\\/www.parcodolomitifriulane.it\\\/#\\\/schema\\\/logo\\\/image\\\/\"},\"sameAs\":[\"https:\\\/\\\/www.facebook.com\\\/dolomitifriulane\",\"https:\\\/\\\/x.com\\\/parcoDF\",\"https:\\\/\\\/www.instagram.com\\\/dolomitifriulane\\\/\",\"https:\\\/\\\/www.youtube.com\\\/user\\\/DOLOMITIFRIULANEPARK\"]}]}<\/script>\n<!-- \/ Yoast SEO plugin. -->","yoast_head_json":{"title":"*Itinerario storico, trekking di 3 giorni tra Claut, Erto e Casso e Longarone | Parco Dolomiti Friulane","robots":{"index":"index","follow":"follow","max-snippet":"max-snippet:-1","max-image-preview":"max-image-preview:large","max-video-preview":"max-video-preview:-1"},"canonical":"https:\/\/www.parcodolomitifriulane.it\/en\/evento\/itinerario-storico-trekking-di-3-giorni-tra-claut-erto-e-casso-e-longarone\/","og_locale":"en_GB","og_type":"article","og_title":"*Itinerario storico, trekking di 3 giorni tra Claut, Erto e Casso e Longarone | Parco Dolomiti Friulane","og_description":"DATA: VENERDI 17 SABATO 18 e DOMENICA 19 OTTOBRE 2025 Guida naturalistica: Franco Polo (Tel. 334 8149598) Guida Storica: Marco Pascoli ITINERARIO STORICO TREKKING DI 3 [\u2026]","og_url":"https:\/\/www.parcodolomitifriulane.it\/en\/evento\/itinerario-storico-trekking-di-3-giorni-tra-claut-erto-e-casso-e-longarone\/","og_site_name":"Parco Dolomiti Friulane","article_publisher":"https:\/\/www.facebook.com\/dolomitifriulane","article_modified_time":"2025-10-20T22:37:19+00:00","og_image":[{"width":1024,"height":768,"url":"https:\/\/www.parcodolomitifriulane.it\/wp-content\/uploads\/2022\/09\/Stalla-e-Claut-panor-5-2008-giacomoG-1024x768-1.jpg","type":"image\/jpeg"}],"twitter_card":"summary_large_image","twitter_site":"@parcoDF","twitter_misc":{"Estimated reading time":"6 minutes"},"schema":{"@context":"https:\/\/schema.org","@graph":[{"@type":"WebPage","@id":"https:\/\/www.parcodolomitifriulane.it\/evento\/itinerario-storico-trekking-di-3-giorni-tra-claut-erto-e-casso-e-longarone\/","url":"https:\/\/www.parcodolomitifriulane.it\/evento\/itinerario-storico-trekking-di-3-giorni-tra-claut-erto-e-casso-e-longarone\/","name":"*Itinerario storico, trekking di 3 giorni tra Claut, Erto e Casso e Longarone | Parco Dolomiti Friulane","isPartOf":{"@id":"https:\/\/www.parcodolomitifriulane.it\/#website"},"primaryImageOfPage":{"@id":"https:\/\/www.parcodolomitifriulane.it\/evento\/itinerario-storico-trekking-di-3-giorni-tra-claut-erto-e-casso-e-longarone\/#primaryimage"},"image":{"@id":"https:\/\/www.parcodolomitifriulane.it\/evento\/itinerario-storico-trekking-di-3-giorni-tra-claut-erto-e-casso-e-longarone\/#primaryimage"},"thumbnailUrl":"https:\/\/www.parcodolomitifriulane.it\/wp-content\/uploads\/2022\/09\/Stalla-e-Claut-panor-5-2008-giacomoG-1024x768-1.jpg","datePublished":"2025-07-26T12:50:19+00:00","dateModified":"2025-10-20T22:37:19+00:00","breadcrumb":{"@id":"https:\/\/www.parcodolomitifriulane.it\/evento\/itinerario-storico-trekking-di-3-giorni-tra-claut-erto-e-casso-e-longarone\/#breadcrumb"},"inLanguage":"en-GB","potentialAction":[{"@type":"ReadAction","target":["https:\/\/www.parcodolomitifriulane.it\/evento\/itinerario-storico-trekking-di-3-giorni-tra-claut-erto-e-casso-e-longarone\/"]}]},{"@type":"ImageObject","inLanguage":"en-GB","@id":"https:\/\/www.parcodolomitifriulane.it\/evento\/itinerario-storico-trekking-di-3-giorni-tra-claut-erto-e-casso-e-longarone\/#primaryimage","url":"https:\/\/www.parcodolomitifriulane.it\/wp-content\/uploads\/2022\/09\/Stalla-e-Claut-panor-5-2008-giacomoG-1024x768-1.jpg","contentUrl":"https:\/\/www.parcodolomitifriulane.it\/wp-content\/uploads\/2022\/09\/Stalla-e-Claut-panor-5-2008-giacomoG-1024x768-1.jpg","width":1024,"height":768},{"@type":"BreadcrumbList","@id":"https:\/\/www.parcodolomitifriulane.it\/evento\/itinerario-storico-trekking-di-3-giorni-tra-claut-erto-e-casso-e-longarone\/#breadcrumb","itemListElement":[{"@type":"ListItem","position":1,"name":"Home","item":"https:\/\/www.parcodolomitifriulane.it\/"},{"@type":"ListItem","position":2,"name":"*Itinerario storico, trekking di 3 giorni tra Claut, Erto e Casso e Longarone"}]},{"@type":"WebSite","@id":"https:\/\/www.parcodolomitifriulane.it\/#website","url":"https:\/\/www.parcodolomitifriulane.it\/","name":"Parco Dolomiti Friulane","description":"Tutto Straordinariamente Emoz","publisher":{"@id":"https:\/\/www.parcodolomitifriulane.it\/#organization"},"potentialAction":[{"@type":"SearchAction","target":{"@type":"EntryPoint","urlTemplate":"https:\/\/www.parcodolomitifriulane.it\/?s={search_term_string}"},"query-input":{"@type":"PropertyValueSpecification","valueRequired":true,"valueName":"search_term_string"}}],"inLanguage":"en-GB"},{"@type":"Organization","@id":"https:\/\/www.parcodolomitifriulane.it\/#organization","name":"Parco Dolomiti Friulane","url":"https:\/\/www.parcodolomitifriulane.it\/","logo":{"@type":"ImageObject","inLanguage":"en-GB","@id":"https:\/\/www.parcodolomitifriulane.it\/#\/schema\/logo\/image\/","url":"https:\/\/www.parcodolomitifriulane.it\/wp-content\/uploads\/2022\/06\/cropped-logo-1.png","contentUrl":"https:\/\/www.parcodolomitifriulane.it\/wp-content\/uploads\/2022\/06\/cropped-logo-1.png","width":4685,"height":2773,"caption":"Parco Dolomiti Friulane"},"image":{"@id":"https:\/\/www.parcodolomitifriulane.it\/#\/schema\/logo\/image\/"},"sameAs":["https:\/\/www.facebook.com\/dolomitifriulane","https:\/\/x.com\/parcoDF","https:\/\/www.instagram.com\/dolomitifriulane\/","https:\/\/www.youtube.com\/user\/DOLOMITIFRIULANEPARK"]}]}},"_links":{"self":[{"href":"https:\/\/www.parcodolomitifriulane.it\/en\/wp-json\/wp\/v2\/event_listing\/19757","targetHints":{"allow":["GET"]}}],"collection":[{"href":"https:\/\/www.parcodolomitifriulane.it\/en\/wp-json\/wp\/v2\/event_listing"}],"about":[{"href":"https:\/\/www.parcodolomitifriulane.it\/en\/wp-json\/wp\/v2\/types\/event_listing"}],"version-history":[{"count":3,"href":"https:\/\/www.parcodolomitifriulane.it\/en\/wp-json\/wp\/v2\/event_listing\/19757\/revisions"}],"predecessor-version":[{"id":19871,"href":"https:\/\/www.parcodolomitifriulane.it\/en\/wp-json\/wp\/v2\/event_listing\/19757\/revisions\/19871"}],"wp:featuredmedia":[{"embeddable":true,"href":"https:\/\/www.parcodolomitifriulane.it\/en\/wp-json\/wp\/v2\/media\/9347"}],"wp:attachment":[{"href":"https:\/\/www.parcodolomitifriulane.it\/en\/wp-json\/wp\/v2\/media?parent=19757"}],"wp:term":[{"taxonomy":"event_listing_category","embeddable":true,"href":"https:\/\/www.parcodolomitifriulane.it\/en\/wp-json\/wp\/v2\/event_listing_category?post=19757"}],"curies":[{"name":"wp","href":"https:\/\/api.w.org\/{rel}","templated":true}]}}