{"id":20152,"date":"2025-10-17T23:16:59","date_gmt":"2025-10-17T21:16:59","guid":{"rendered":"https:\/\/www.parcodolomitifriulane.it\/?post_type=event_listing&#038;p=20152"},"modified":"2025-11-11T00:38:25","modified_gmt":"2025-11-10T23:38:25","slug":"casera-e-forcella-lodina","status":"expired","type":"event_listing","link":"https:\/\/www.parcodolomitifriulane.it\/en\/event\/casera-e-forcella-lodina\/","title":{"rendered":"*Casera e forcella Lodina"},"content":{"rendered":"<p>DATA: domenica 9 novembre 2025<\/p>\n\n\n\n<p>GUIDA: Roberto Morasset (Tel. 3381170855)<\/p>\n\n\n\n<p><strong>CASERA E FORCELLA LODINA<\/strong><\/p>\n\n\n\n<p>Escursione impegnativa per il dislivello, ma di grande soddisfazione, dove l\u2019allenamento \u00e8 necessario.<\/p>\n\n\n\n<p>Ci troveremo al Centro Visite di Cimolais, dove una volta riunito il gruppo, porteremo le nostre auto all\u2019 Agriturismo Passo Sant\u2019Osvaldo. Da qui, tramite <em>transfer<\/em> del Parco raggiungeremo Ponte Compol.<\/p>\n\n\n\n<p>Qui inizier\u00e0 la nostra escursione. Percorrendo il sentiero 374 entreremo nel bosco di faggi, dove l\u2019atmosfer\u00e0 della faggeta ci accompagner\u00e0 facendoci salire di quota su fondo compatto e morbido, ma ripido. Appena usciti dal bosco lo sforz\u00f2 sar\u00e0 ripagato con un panorama bellissimo, apertissimo da est, poi salendo, fino ovest e con i mitici Duranno e Cima dei Preti a nord.<\/p>\n\n\n\n<p>La Casera Lodina \u00e8 il vero obbiettivo della giornata, anche se poi raggiungeremo la forcella omonima (e anche il monte Lodina se il gruppo \u00e8 forte e volenteroso con 160 m da aggiungere sul dislivello!).<\/p>\n\n\n\n<p>Luoghi solitari dove silenzio e pace ci guideranno, insieme agli aspetti storici, geomorfologici e floro-faunistici di quest\u2019area, che sono molteplici e ricchi di spunti.<\/p>\n\n\n\n<p>In discesa affronteremo il versante sud-ovest, scendendo al parcheggio delle nostre auto al Passo Sant\u2019Osvaldo.<\/p>\n\n\n\n<p>Testo: Roberto Morasset<\/p>\n\n\n\n<p>INFORMAZIONI:<br>Tipologia: Escursione in giornata.<\/p>\n\n\n\n<p>Interesse prevalente: storico e geomorfologico, naturalistico e paesaggistico.<br>Difficolt\u00e0: DIFFICILE. Richiede allenamento.<br>Dislivello: 1130 metri (+160 per eventuale Monte Lodina)<br>Lunghezza: 10 Km (+1km per eventuale Monte Lodina)<br>Durata escursione: 6 ore (+1 ora per eventuale Monte Lodina)<\/p>\n\n\n\n<p>-Abbigliamento e attrezzatura: da escursionismo e vestiario adatto alla stagione e alle condizioni meteo. Guanti e Copricapo consigliati. Bastoncini da trekking.<\/p>\n\n\n\n<p>-Scarponi o scarpe da trekking in suola scolpita.<\/p>\n\n\n\n<p>-Borraccia\/Thermos (consigliati 1.5 litri, fontana presente vicino la Casera), snack e pranzo al sacco.<\/p>\n\n\n\n<p>Ritrovo: Centro visite di Cimolais ore 8:00<\/p>\n\n\n\n<p>Partenza dalla sbarra Ponte Compol: 9:00<\/p>\n\n\n\n<p>Arrivo stimato all\u2019Agriturismo Passo Sant\u2019Osvaldo: 15:00\/16:00<\/p>\n\n\n\n<p>Tariffa: 11,00 euro adulti; 6,00 euro per over 70<\/p>\n\n\n\n<p><strong>Prenotazione obbligatoria al seguente link<\/strong><\/p>\n\n\n\n<p><a href=\"https:\/\/amministrazioneparcodolomitifriulane.insiel.it\/it\/servizi-online-100896\/9-novembre-2025-casera-e-forcella-lodina-148352\">9 novembre 2025 &#8211; CASERA E FORCELLA LODINA &#8211; Parco Dolomiti Friulane AT<\/a><\/p>\n\n\n\n<p>A ridosso dell\u2019evento sar\u00e0 possibile contattare direttamente la guida per accordarsi in maniera pi\u00f9 dettagliata su programma ed attrezzatura.<\/p>","protected":false},"featured_media":20183,"template":"","meta":{"_acf_changed":false},"event_listing_category":[132],"class_list":["post-20152","event_listing","type-event_listing","status-expired","has-post-thumbnail","hentry","event_listing_category-impegnativi-per-allenati"],"acf":[],"yoast_head":"<!-- This site is optimized with the Yoast SEO plugin v27.5 - https:\/\/yoast.com\/product\/yoast-seo-wordpress\/ -->\n<title>*Casera e forcella Lodina | Parco Dolomiti Friulane<\/title>\n<meta name=\"robots\" content=\"index, follow, max-snippet:-1, max-image-preview:large, max-video-preview:-1\" \/>\n<link rel=\"canonical\" href=\"https:\/\/www.parcodolomitifriulane.it\/en\/evento\/casera-e-forcella-lodina\/\" \/>\n<meta property=\"og:locale\" content=\"en_GB\" \/>\n<meta property=\"og:type\" content=\"article\" \/>\n<meta property=\"og:title\" content=\"*Casera e forcella Lodina | Parco Dolomiti Friulane\" \/>\n<meta property=\"og:description\" content=\"DATA: domenica 9 novembre 2025 GUIDA: Roberto Morasset (Tel. 3381170855) CASERA E FORCELLA LODINA Escursione impegnativa per il dislivello, ma di grande soddisfazione, dove l\u2019allenamento \u00e8 [\u2026]\" \/>\n<meta property=\"og:url\" content=\"https:\/\/www.parcodolomitifriulane.it\/en\/evento\/casera-e-forcella-lodina\/\" \/>\n<meta property=\"og:site_name\" content=\"Parco Dolomiti Friulane\" \/>\n<meta property=\"article:publisher\" content=\"https:\/\/www.facebook.com\/dolomitifriulane\" \/>\n<meta property=\"article:modified_time\" content=\"2025-11-10T23:38:25+00:00\" \/>\n<meta property=\"og:image\" content=\"https:\/\/www.parcodolomitifriulane.it\/wp-content\/uploads\/2025\/10\/morasset-lodina.jpg\" \/>\n\t<meta property=\"og:image:width\" content=\"1600\" \/>\n\t<meta property=\"og:image:height\" content=\"719\" \/>\n\t<meta property=\"og:image:type\" content=\"image\/jpeg\" \/>\n<meta name=\"twitter:card\" content=\"summary_large_image\" \/>\n<meta name=\"twitter:site\" content=\"@parcoDF\" \/>\n<meta name=\"twitter:label1\" content=\"Estimated reading time\" \/>\n\t<meta name=\"twitter:data1\" content=\"3 minutes\" \/>\n<script type=\"application\/ld+json\" class=\"yoast-schema-graph\">{\"@context\":\"https:\\\/\\\/schema.org\",\"@graph\":[{\"@type\":\"WebPage\",\"@id\":\"https:\\\/\\\/www.parcodolomitifriulane.it\\\/evento\\\/casera-e-forcella-lodina\\\/\",\"url\":\"https:\\\/\\\/www.parcodolomitifriulane.it\\\/evento\\\/casera-e-forcella-lodina\\\/\",\"name\":\"*Casera e forcella Lodina | Parco Dolomiti Friulane\",\"isPartOf\":{\"@id\":\"https:\\\/\\\/www.parcodolomitifriulane.it\\\/#website\"},\"primaryImageOfPage\":{\"@id\":\"https:\\\/\\\/www.parcodolomitifriulane.it\\\/evento\\\/casera-e-forcella-lodina\\\/#primaryimage\"},\"image\":{\"@id\":\"https:\\\/\\\/www.parcodolomitifriulane.it\\\/evento\\\/casera-e-forcella-lodina\\\/#primaryimage\"},\"thumbnailUrl\":\"https:\\\/\\\/www.parcodolomitifriulane.it\\\/wp-content\\\/uploads\\\/2025\\\/10\\\/morasset-lodina.jpg\",\"datePublished\":\"2025-10-17T21:16:59+00:00\",\"dateModified\":\"2025-11-10T23:38:25+00:00\",\"breadcrumb\":{\"@id\":\"https:\\\/\\\/www.parcodolomitifriulane.it\\\/evento\\\/casera-e-forcella-lodina\\\/#breadcrumb\"},\"inLanguage\":\"en-GB\",\"potentialAction\":[{\"@type\":\"ReadAction\",\"target\":[\"https:\\\/\\\/www.parcodolomitifriulane.it\\\/evento\\\/casera-e-forcella-lodina\\\/\"]}]},{\"@type\":\"ImageObject\",\"inLanguage\":\"en-GB\",\"@id\":\"https:\\\/\\\/www.parcodolomitifriulane.it\\\/evento\\\/casera-e-forcella-lodina\\\/#primaryimage\",\"url\":\"https:\\\/\\\/www.parcodolomitifriulane.it\\\/wp-content\\\/uploads\\\/2025\\\/10\\\/morasset-lodina.jpg\",\"contentUrl\":\"https:\\\/\\\/www.parcodolomitifriulane.it\\\/wp-content\\\/uploads\\\/2025\\\/10\\\/morasset-lodina.jpg\",\"width\":1600,\"height\":719},{\"@type\":\"BreadcrumbList\",\"@id\":\"https:\\\/\\\/www.parcodolomitifriulane.it\\\/evento\\\/casera-e-forcella-lodina\\\/#breadcrumb\",\"itemListElement\":[{\"@type\":\"ListItem\",\"position\":1,\"name\":\"Home\",\"item\":\"https:\\\/\\\/www.parcodolomitifriulane.it\\\/\"},{\"@type\":\"ListItem\",\"position\":2,\"name\":\"*Casera e forcella Lodina\"}]},{\"@type\":\"WebSite\",\"@id\":\"https:\\\/\\\/www.parcodolomitifriulane.it\\\/#website\",\"url\":\"https:\\\/\\\/www.parcodolomitifriulane.it\\\/\",\"name\":\"Parco Dolomiti Friulane\",\"description\":\"Tutto Straordinariamente Emoz\",\"publisher\":{\"@id\":\"https:\\\/\\\/www.parcodolomitifriulane.it\\\/#organization\"},\"potentialAction\":[{\"@type\":\"SearchAction\",\"target\":{\"@type\":\"EntryPoint\",\"urlTemplate\":\"https:\\\/\\\/www.parcodolomitifriulane.it\\\/?s={search_term_string}\"},\"query-input\":{\"@type\":\"PropertyValueSpecification\",\"valueRequired\":true,\"valueName\":\"search_term_string\"}}],\"inLanguage\":\"en-GB\"},{\"@type\":\"Organization\",\"@id\":\"https:\\\/\\\/www.parcodolomitifriulane.it\\\/#organization\",\"name\":\"Parco Dolomiti Friulane\",\"url\":\"https:\\\/\\\/www.parcodolomitifriulane.it\\\/\",\"logo\":{\"@type\":\"ImageObject\",\"inLanguage\":\"en-GB\",\"@id\":\"https:\\\/\\\/www.parcodolomitifriulane.it\\\/#\\\/schema\\\/logo\\\/image\\\/\",\"url\":\"https:\\\/\\\/www.parcodolomitifriulane.it\\\/wp-content\\\/uploads\\\/2022\\\/06\\\/cropped-logo-1.png\",\"contentUrl\":\"https:\\\/\\\/www.parcodolomitifriulane.it\\\/wp-content\\\/uploads\\\/2022\\\/06\\\/cropped-logo-1.png\",\"width\":4685,\"height\":2773,\"caption\":\"Parco Dolomiti Friulane\"},\"image\":{\"@id\":\"https:\\\/\\\/www.parcodolomitifriulane.it\\\/#\\\/schema\\\/logo\\\/image\\\/\"},\"sameAs\":[\"https:\\\/\\\/www.facebook.com\\\/dolomitifriulane\",\"https:\\\/\\\/x.com\\\/parcoDF\",\"https:\\\/\\\/www.instagram.com\\\/dolomitifriulane\\\/\",\"https:\\\/\\\/www.youtube.com\\\/user\\\/DOLOMITIFRIULANEPARK\"]}]}<\/script>\n<!-- \/ Yoast SEO plugin. -->","yoast_head_json":{"title":"*Casera e forcella Lodina | Parco Dolomiti Friulane","robots":{"index":"index","follow":"follow","max-snippet":"max-snippet:-1","max-image-preview":"max-image-preview:large","max-video-preview":"max-video-preview:-1"},"canonical":"https:\/\/www.parcodolomitifriulane.it\/en\/evento\/casera-e-forcella-lodina\/","og_locale":"en_GB","og_type":"article","og_title":"*Casera e forcella Lodina | Parco Dolomiti Friulane","og_description":"DATA: domenica 9 novembre 2025 GUIDA: Roberto Morasset (Tel. 3381170855) CASERA E FORCELLA LODINA Escursione impegnativa per il dislivello, ma di grande soddisfazione, dove l\u2019allenamento \u00e8 [\u2026]","og_url":"https:\/\/www.parcodolomitifriulane.it\/en\/evento\/casera-e-forcella-lodina\/","og_site_name":"Parco Dolomiti Friulane","article_publisher":"https:\/\/www.facebook.com\/dolomitifriulane","article_modified_time":"2025-11-10T23:38:25+00:00","og_image":[{"width":1600,"height":719,"url":"https:\/\/www.parcodolomitifriulane.it\/wp-content\/uploads\/2025\/10\/morasset-lodina.jpg","type":"image\/jpeg"}],"twitter_card":"summary_large_image","twitter_site":"@parcoDF","twitter_misc":{"Estimated reading time":"3 minutes"},"schema":{"@context":"https:\/\/schema.org","@graph":[{"@type":"WebPage","@id":"https:\/\/www.parcodolomitifriulane.it\/evento\/casera-e-forcella-lodina\/","url":"https:\/\/www.parcodolomitifriulane.it\/evento\/casera-e-forcella-lodina\/","name":"*Casera e forcella Lodina | Parco Dolomiti Friulane","isPartOf":{"@id":"https:\/\/www.parcodolomitifriulane.it\/#website"},"primaryImageOfPage":{"@id":"https:\/\/www.parcodolomitifriulane.it\/evento\/casera-e-forcella-lodina\/#primaryimage"},"image":{"@id":"https:\/\/www.parcodolomitifriulane.it\/evento\/casera-e-forcella-lodina\/#primaryimage"},"thumbnailUrl":"https:\/\/www.parcodolomitifriulane.it\/wp-content\/uploads\/2025\/10\/morasset-lodina.jpg","datePublished":"2025-10-17T21:16:59+00:00","dateModified":"2025-11-10T23:38:25+00:00","breadcrumb":{"@id":"https:\/\/www.parcodolomitifriulane.it\/evento\/casera-e-forcella-lodina\/#breadcrumb"},"inLanguage":"en-GB","potentialAction":[{"@type":"ReadAction","target":["https:\/\/www.parcodolomitifriulane.it\/evento\/casera-e-forcella-lodina\/"]}]},{"@type":"ImageObject","inLanguage":"en-GB","@id":"https:\/\/www.parcodolomitifriulane.it\/evento\/casera-e-forcella-lodina\/#primaryimage","url":"https:\/\/www.parcodolomitifriulane.it\/wp-content\/uploads\/2025\/10\/morasset-lodina.jpg","contentUrl":"https:\/\/www.parcodolomitifriulane.it\/wp-content\/uploads\/2025\/10\/morasset-lodina.jpg","width":1600,"height":719},{"@type":"BreadcrumbList","@id":"https:\/\/www.parcodolomitifriulane.it\/evento\/casera-e-forcella-lodina\/#breadcrumb","itemListElement":[{"@type":"ListItem","position":1,"name":"Home","item":"https:\/\/www.parcodolomitifriulane.it\/"},{"@type":"ListItem","position":2,"name":"*Casera e forcella Lodina"}]},{"@type":"WebSite","@id":"https:\/\/www.parcodolomitifriulane.it\/#website","url":"https:\/\/www.parcodolomitifriulane.it\/","name":"Parco Dolomiti Friulane","description":"Tutto Straordinariamente Emoz","publisher":{"@id":"https:\/\/www.parcodolomitifriulane.it\/#organization"},"potentialAction":[{"@type":"SearchAction","target":{"@type":"EntryPoint","urlTemplate":"https:\/\/www.parcodolomitifriulane.it\/?s={search_term_string}"},"query-input":{"@type":"PropertyValueSpecification","valueRequired":true,"valueName":"search_term_string"}}],"inLanguage":"en-GB"},{"@type":"Organization","@id":"https:\/\/www.parcodolomitifriulane.it\/#organization","name":"Parco Dolomiti Friulane","url":"https:\/\/www.parcodolomitifriulane.it\/","logo":{"@type":"ImageObject","inLanguage":"en-GB","@id":"https:\/\/www.parcodolomitifriulane.it\/#\/schema\/logo\/image\/","url":"https:\/\/www.parcodolomitifriulane.it\/wp-content\/uploads\/2022\/06\/cropped-logo-1.png","contentUrl":"https:\/\/www.parcodolomitifriulane.it\/wp-content\/uploads\/2022\/06\/cropped-logo-1.png","width":4685,"height":2773,"caption":"Parco Dolomiti Friulane"},"image":{"@id":"https:\/\/www.parcodolomitifriulane.it\/#\/schema\/logo\/image\/"},"sameAs":["https:\/\/www.facebook.com\/dolomitifriulane","https:\/\/x.com\/parcoDF","https:\/\/www.instagram.com\/dolomitifriulane\/","https:\/\/www.youtube.com\/user\/DOLOMITIFRIULANEPARK"]}]}},"_links":{"self":[{"href":"https:\/\/www.parcodolomitifriulane.it\/en\/wp-json\/wp\/v2\/event_listing\/20152","targetHints":{"allow":["GET"]}}],"collection":[{"href":"https:\/\/www.parcodolomitifriulane.it\/en\/wp-json\/wp\/v2\/event_listing"}],"about":[{"href":"https:\/\/www.parcodolomitifriulane.it\/en\/wp-json\/wp\/v2\/types\/event_listing"}],"version-history":[{"count":2,"href":"https:\/\/www.parcodolomitifriulane.it\/en\/wp-json\/wp\/v2\/event_listing\/20152\/revisions"}],"predecessor-version":[{"id":20180,"href":"https:\/\/www.parcodolomitifriulane.it\/en\/wp-json\/wp\/v2\/event_listing\/20152\/revisions\/20180"}],"wp:featuredmedia":[{"embeddable":true,"href":"https:\/\/www.parcodolomitifriulane.it\/en\/wp-json\/wp\/v2\/media\/20183"}],"wp:attachment":[{"href":"https:\/\/www.parcodolomitifriulane.it\/en\/wp-json\/wp\/v2\/media?parent=20152"}],"wp:term":[{"taxonomy":"event_listing_category","embeddable":true,"href":"https:\/\/www.parcodolomitifriulane.it\/en\/wp-json\/wp\/v2\/event_listing_category?post=20152"}],"curies":[{"name":"wp","href":"https:\/\/api.w.org\/{rel}","templated":true}]}}