{"id":10603,"date":"2022-12-21T17:11:38","date_gmt":"2022-12-21T16:11:38","guid":{"rendered":"http:\/\/parcodolomitifriulane.it\/?page_id=10603"},"modified":"2023-07-12T09:19:33","modified_gmt":"2023-07-12T07:19:33","slug":"musei-ed-ecomusei","status":"publish","type":"page","link":"https:\/\/www.parcodolomitifriulane.it\/en\/vivere-il-parco\/musei-ed-ecomusei\/","title":{"rendered":"Musei ed Ecomusei"},"content":{"rendered":"<div data-elementor-type=\"wp-page\" data-elementor-id=\"10603\" class=\"elementor elementor-10603\" data-elementor-post-type=\"page\">\n\t\t\t\t\t\t<section class=\"elementor-section elementor-top-section elementor-element elementor-element-a9f0b99 elementor-section-full_width elementor-section-height-min-height elementor-section-items-stretch elementor-section-stretched elementor-section-height-default elementor-invisible\" data-id=\"a9f0b99\" data-element_type=\"section\" data-e-type=\"section\" data-settings=\"{&quot;stretch_section&quot;:&quot;section-stretched&quot;,&quot;animation&quot;:&quot;fadeIn&quot;}\">\n\t\t\t\t\t\t<div class=\"elementor-container elementor-column-gap-no\">\n\t\t\t\t\t<div class=\"elementor-column elementor-col-100 elementor-top-column elementor-element elementor-element-cfbd697\" data-id=\"cfbd697\" data-element_type=\"column\" data-e-type=\"column\" data-settings=\"{&quot;background_background&quot;:&quot;classic&quot;}\">\n\t\t\t<div class=\"elementor-widget-wrap elementor-element-populated\">\n\t\t\t\t\t\t<section class=\"elementor-section elementor-inner-section elementor-element elementor-element-c361f54 elementor-section-content-middle elementor-section-boxed elementor-section-height-default elementor-section-height-default\" data-id=\"c361f54\" data-element_type=\"section\" data-e-type=\"section\">\n\t\t\t\t\t\t<div class=\"elementor-container elementor-column-gap-no\">\n\t\t\t\t\t<div class=\"elementor-column elementor-col-100 elementor-inner-column elementor-element elementor-element-483db68\" data-id=\"483db68\" data-element_type=\"column\" data-e-type=\"column\">\n\t\t\t<div class=\"elementor-widget-wrap elementor-element-populated\">\n\t\t\t\t\t\t<div class=\"elementor-element elementor-element-0209d51 elementor-widget elementor-widget-heading\" data-id=\"0209d51\" data-element_type=\"widget\" data-e-type=\"widget\" data-widget_type=\"heading.default\">\n\t\t\t\t<div class=\"elementor-widget-container\">\n\t\t\t\t\t<h1 class=\"elementor-heading-title elementor-size-default\">MUSEI ED ECOMUSEI<\/h1>\t\t\t\t<\/div>\n\t\t\t\t<\/div>\n\t\t\t\t<div class=\"elementor-element elementor-element-25834fb elementor-widget elementor-widget-pp-breadcrumbs\" data-id=\"25834fb\" data-element_type=\"widget\" data-e-type=\"widget\" data-settings=\"{&quot;breadcrumbs_type&quot;:&quot;yoast&quot;}\" data-widget_type=\"pp-breadcrumbs.default\">\n\t\t\t\t<div class=\"elementor-widget-container\">\n\t\t\t\t\t\t\t\t\t<div class=\"pp-breadcrumbs pp-breadcrumbs-yoast\">\n\t\t\t\t\t<p id=\"breadcrumbs\"><span><span><a href=\"https:\/\/www.parcodolomitifriulane.it\/en\/\">Home<\/a><\/span><\/span><\/p>\t\t\t\t<\/div>\n\t\t\t\t\t\t\t\t<\/div>\n\t\t\t\t<\/div>\n\t\t\t\t\t<\/div>\n\t\t<\/div>\n\t\t\t\t\t<\/div>\n\t\t<\/section>\n\t\t\t\t\t<\/div>\n\t\t<\/div>\n\t\t\t\t\t<\/div>\n\t\t<\/section>\n\t\t\t\t<section class=\"elementor-section elementor-top-section elementor-element elementor-element-dc8e48a elementor-section-boxed elementor-section-height-default elementor-section-height-default elementor-invisible\" data-id=\"dc8e48a\" data-element_type=\"section\" data-e-type=\"section\" data-settings=\"{&quot;animation&quot;:&quot;fadeIn&quot;}\">\n\t\t\t\t\t\t<div class=\"elementor-container elementor-column-gap-default\">\n\t\t\t\t\t<div class=\"elementor-column elementor-col-100 elementor-top-column elementor-element elementor-element-1c3e344\" data-id=\"1c3e344\" data-element_type=\"column\" data-e-type=\"column\">\n\t\t\t<div class=\"elementor-widget-wrap elementor-element-populated\">\n\t\t\t\t\t\t<div class=\"elementor-element elementor-element-c837443 elementor-widget elementor-widget-spacer\" data-id=\"c837443\" data-element_type=\"widget\" data-e-type=\"widget\" data-widget_type=\"spacer.default\">\n\t\t\t\t<div class=\"elementor-widget-container\">\n\t\t\t\t\t\t\t<div class=\"elementor-spacer\">\n\t\t\t<div class=\"elementor-spacer-inner\"><\/div>\n\t\t<\/div>\n\t\t\t\t\t\t<\/div>\n\t\t\t\t<\/div>\n\t\t\t\t<div class=\"elementor-element elementor-element-4523f9e elementor-widget elementor-widget-menu-anchor\" data-id=\"4523f9e\" data-element_type=\"widget\" data-e-type=\"widget\" data-widget_type=\"menu-anchor.default\">\n\t\t\t\t<div class=\"elementor-widget-container\">\n\t\t\t\t\t\t\t<div class=\"elementor-menu-anchor\" id=\"andreis\"><\/div>\n\t\t\t\t\t\t<\/div>\n\t\t\t\t<\/div>\n\t\t\t\t<div class=\"elementor-element elementor-element-cd7ab9b elementor-widget elementor-widget-image\" data-id=\"cd7ab9b\" data-element_type=\"widget\" data-e-type=\"widget\" data-widget_type=\"image.default\">\n\t\t\t\t<div class=\"elementor-widget-container\">\n\t\t\t\t\t\t\t\t\t\t\t\t\t\t\t<img fetchpriority=\"high\" decoding=\"async\" width=\"1024\" height=\"682\" src=\"https:\/\/www.parcodolomitifriulane.it\/wp-content\/uploads\/2022\/12\/Museo-etnografico-andreis-1024x682-1.jpeg\" class=\"attachment-large size-large wp-image-11201\" alt=\"\" srcset=\"https:\/\/www.parcodolomitifriulane.it\/wp-content\/uploads\/2022\/12\/Museo-etnografico-andreis-1024x682-1.jpeg 1024w, https:\/\/www.parcodolomitifriulane.it\/wp-content\/uploads\/2022\/12\/Museo-etnografico-andreis-1024x682-1-300x200.jpeg 300w, https:\/\/www.parcodolomitifriulane.it\/wp-content\/uploads\/2022\/12\/Museo-etnografico-andreis-1024x682-1-768x512.jpeg 768w, https:\/\/www.parcodolomitifriulane.it\/wp-content\/uploads\/2022\/12\/Museo-etnografico-andreis-1024x682-1-219x146.jpeg 219w, https:\/\/www.parcodolomitifriulane.it\/wp-content\/uploads\/2022\/12\/Museo-etnografico-andreis-1024x682-1-50x33.jpeg 50w, https:\/\/www.parcodolomitifriulane.it\/wp-content\/uploads\/2022\/12\/Museo-etnografico-andreis-1024x682-1-113x75.jpeg 113w\" sizes=\"(max-width:767px) 480px, (max-width:1024px) 100vw, 1024px\" \/>\t\t\t\t\t\t\t\t\t\t\t\t\t\t\t<\/div>\n\t\t\t\t<\/div>\n\t\t\t\t<div class=\"elementor-element elementor-element-c3a289f elementor-widget elementor-widget-heading\" data-id=\"c3a289f\" data-element_type=\"widget\" data-e-type=\"widget\" data-widget_type=\"heading.default\">\n\t\t\t\t<div class=\"elementor-widget-container\">\n\t\t\t\t\t<h1 class=\"elementor-heading-title elementor-size-default\">Ethnographic Museum of Andreis\n<\/h1>\t\t\t\t<\/div>\n\t\t\t\t<\/div>\n\t\t\t\t<div class=\"elementor-element elementor-element-3fdd036 elementor-widget elementor-widget-text-editor\" data-id=\"3fdd036\" data-element_type=\"widget\" data-e-type=\"widget\" data-widget_type=\"text-editor.default\">\n\t\t\t\t<div class=\"elementor-widget-container\">\n\t\t\t\t\t\t\t\t\t<p class=\"translation-block\">The Ethnographic Museum of Andreis, open to the public since 1981, provides evidence through the exhibition of objects and an environmental reconstruction daily life\u2019s aspects of Andreis\u2019 inhabitants in the first half of the twentieth century.\nSpecifically, we can observe the reconstruction of a typical kitchen of the early \u2018900 with the inevitable fireplace and a cjanton\u00e2l (corner cabinet used both as a table and closet for food supplies, dishes and cutlery) as well as the reconstruction of the dairy, where it took place the production of butter and cheese.\nParticular importance is given to the crafts of the past, from the peculiar bone processing to produce snuffboxes and combs to the more traditional wood for the production of footwear and household utensils, from mowing activities to the lumberjacks\u2019 works such as the cutting and transportation of timber downstream.\nCultural traditions are also shown in the spaces dedicated to the Carnival and Lent.\nThe Favria of the village, striking blacksmith\u2019s workshop, is located near the Etnographic Museum of Andreis. It was donated by the family of Barba Anzal, the blacksmith who worked there iron and it still preserves all the original equipment.<\/p><p>Opened in the summer on Saturday afternoons and Sundays.<\/p>\t\t\t\t\t\t\t\t<\/div>\n\t\t\t\t<\/div>\n\t\t\t\t<div class=\"elementor-element elementor-element-555157c elementor-widget elementor-widget-spacer\" data-id=\"555157c\" data-element_type=\"widget\" data-e-type=\"widget\" data-widget_type=\"spacer.default\">\n\t\t\t\t<div class=\"elementor-widget-container\">\n\t\t\t\t\t\t\t<div class=\"elementor-spacer\">\n\t\t\t<div class=\"elementor-spacer-inner\"><\/div>\n\t\t<\/div>\n\t\t\t\t\t\t<\/div>\n\t\t\t\t<\/div>\n\t\t\t\t\t<\/div>\n\t\t<\/div>\n\t\t\t\t\t<\/div>\n\t\t<\/section>\n\t\t\t\t<section class=\"elementor-section elementor-top-section elementor-element elementor-element-6ceac9b elementor-section-boxed elementor-section-height-default elementor-section-height-default elementor-invisible\" data-id=\"6ceac9b\" data-element_type=\"section\" data-e-type=\"section\" data-settings=\"{&quot;animation&quot;:&quot;fadeIn&quot;}\">\n\t\t\t\t\t\t<div class=\"elementor-container elementor-column-gap-default\">\n\t\t\t\t\t<div class=\"elementor-column elementor-col-100 elementor-top-column elementor-element elementor-element-a10aca5\" data-id=\"a10aca5\" data-element_type=\"column\" data-e-type=\"column\">\n\t\t\t<div class=\"elementor-widget-wrap elementor-element-populated\">\n\t\t\t\t\t\t<div class=\"elementor-element elementor-element-4bbb212 elementor-widget elementor-widget-menu-anchor\" data-id=\"4bbb212\" data-element_type=\"widget\" data-e-type=\"widget\" data-widget_type=\"menu-anchor.default\">\n\t\t\t\t<div class=\"elementor-widget-container\">\n\t\t\t\t\t\t\t<div class=\"elementor-menu-anchor\" id=\"clautana\"><\/div>\n\t\t\t\t\t\t<\/div>\n\t\t\t\t<\/div>\n\t\t\t\t<div class=\"elementor-element elementor-element-67ade24 elementor-widget elementor-widget-image\" data-id=\"67ade24\" data-element_type=\"widget\" data-e-type=\"widget\" data-widget_type=\"image.default\">\n\t\t\t\t<div class=\"elementor-widget-container\">\n\t\t\t\t\t\t\t\t\t\t\t\t\t\t\t<img decoding=\"async\" width=\"1024\" height=\"682\" src=\"https:\/\/www.parcodolomitifriulane.it\/wp-content\/uploads\/2022\/12\/Clautana-1024x682-1.jpeg\" class=\"attachment-large size-large wp-image-11202\" alt=\"\" srcset=\"https:\/\/www.parcodolomitifriulane.it\/wp-content\/uploads\/2022\/12\/Clautana-1024x682-1.jpeg 1024w, https:\/\/www.parcodolomitifriulane.it\/wp-content\/uploads\/2022\/12\/Clautana-1024x682-1-300x200.jpeg 300w, https:\/\/www.parcodolomitifriulane.it\/wp-content\/uploads\/2022\/12\/Clautana-1024x682-1-768x512.jpeg 768w, https:\/\/www.parcodolomitifriulane.it\/wp-content\/uploads\/2022\/12\/Clautana-1024x682-1-219x146.jpeg 219w, https:\/\/www.parcodolomitifriulane.it\/wp-content\/uploads\/2022\/12\/Clautana-1024x682-1-50x33.jpeg 50w, https:\/\/www.parcodolomitifriulane.it\/wp-content\/uploads\/2022\/12\/Clautana-1024x682-1-113x75.jpeg 113w\" sizes=\"(max-width:767px) 480px, (max-width:1024px) 100vw, 1024px\" \/>\t\t\t\t\t\t\t\t\t\t\t\t\t\t\t<\/div>\n\t\t\t\t<\/div>\n\t\t\t\t<div class=\"elementor-element elementor-element-f0d2f81 elementor-widget elementor-widget-heading\" data-id=\"f0d2f81\" data-element_type=\"widget\" data-e-type=\"widget\" data-widget_type=\"heading.default\">\n\t\t\t\t<div class=\"elementor-widget-container\">\n\t\t\t\t\t<h1 class=\"elementor-heading-title elementor-size-default\"><a href=\"https:\/\/www.parcodolomitifriulane.it\/en\/centro-visite\/centro-visite-di-claut-pn\/\">Museum House Clautana\n<\/a><\/h1>\t\t\t\t<\/div>\n\t\t\t\t<\/div>\n\t\t\t\t<div class=\"elementor-element elementor-element-b8253a2 elementor-widget elementor-widget-text-editor\" data-id=\"b8253a2\" data-element_type=\"widget\" data-e-type=\"widget\" data-widget_type=\"text-editor.default\">\n\t\t\t\t<div class=\"elementor-widget-container\">\n\t\t\t\t\t\t\t\t\t<p><em>Camminare\u2026 c\u2019\u00e8 una serie infinita di passi\u2026 c\u2019\u00e8 una donna che cammina. Simbolo del Museo non \u00e8 un oggetto. Non a caso si d\u00e0 l\u2019idea dell\u2019andare. Il Museo diviene luogo di gesti. Immagine chiave \u00e8 un\u2019azione di donna, \u00e8 una favola antica: la clautana&nbsp; f\u00f2ra pal m\u00f3nt.<\/em><\/p>\n<p class=\"translation-block\">The Museum House Clautana focuses on life in the past, the protagonist is the woman of Claut and, by extension, of Valcellina. The woman intent on the housework, in the fields, in the barn and on as street vendor of wooden tools built by craftsmen during the winter: all these tasks involve even who is totally strange to the local culture: the vision of this cross section of existence causes a comparison between life at that time and now, to reflect on time, events, the technological development, the importance of social values.<\/p>\n<p>The visitor can catch a broader meaning in a really poor in material goods but rich in consistency, dignity, security in the choices of life.<\/p>\n<p>L\u2019allestimento museale \u00e8 stato recentemente trasferito presso i locali del&nbsp;<strong>Centro visite di Claut<\/strong>. Parte integrante e sostanziale del&nbsp;<strong>Museum House Clautana<\/strong>&nbsp;\u00e8 &nbsp;la&nbsp;<em>Ciasa da Fum,&nbsp;<\/em>abitazione risalente a quattro secoli fa che l\u2019<strong>Associazione Museo Casa Clautana<\/strong>&nbsp;ha acquisito e restaurato, mantenendo intatte le caratteristiche architettoniche esterne ed interne.<\/p>\n<p>Opened in summer, on Sunday afternoons.<\/p>\t\t\t\t\t\t\t\t<\/div>\n\t\t\t\t<\/div>\n\t\t\t\t<div class=\"elementor-element elementor-element-7434007 elementor-widget elementor-widget-spacer\" data-id=\"7434007\" data-element_type=\"widget\" data-e-type=\"widget\" data-widget_type=\"spacer.default\">\n\t\t\t\t<div class=\"elementor-widget-container\">\n\t\t\t\t\t\t\t<div class=\"elementor-spacer\">\n\t\t\t<div class=\"elementor-spacer-inner\"><\/div>\n\t\t<\/div>\n\t\t\t\t\t\t<\/div>\n\t\t\t\t<\/div>\n\t\t\t\t\t<\/div>\n\t\t<\/div>\n\t\t\t\t\t<\/div>\n\t\t<\/section>\n\t\t\t\t<section class=\"elementor-section elementor-top-section elementor-element elementor-element-4f74278 elementor-section-boxed elementor-section-height-default elementor-section-height-default elementor-invisible\" data-id=\"4f74278\" data-element_type=\"section\" data-e-type=\"section\" data-settings=\"{&quot;animation&quot;:&quot;fadeIn&quot;}\">\n\t\t\t\t\t\t<div class=\"elementor-container elementor-column-gap-default\">\n\t\t\t\t\t<div class=\"elementor-column elementor-col-100 elementor-top-column elementor-element elementor-element-736d358\" data-id=\"736d358\" data-element_type=\"column\" data-e-type=\"column\">\n\t\t\t<div class=\"elementor-widget-wrap elementor-element-populated\">\n\t\t\t\t\t\t<div class=\"elementor-element elementor-element-cee72a7 elementor-widget elementor-widget-image\" data-id=\"cee72a7\" data-element_type=\"widget\" data-e-type=\"widget\" data-widget_type=\"image.default\">\n\t\t\t\t<div class=\"elementor-widget-container\">\n\t\t\t\t\t\t\t\t\t\t\t\t\t\t\t<img decoding=\"async\" width=\"1024\" height=\"682\" src=\"https:\/\/www.parcodolomitifriulane.it\/wp-content\/uploads\/2022\/12\/EcomuseoVajont-1024x682-1.jpeg\" class=\"attachment-large size-large wp-image-11203\" alt=\"\" srcset=\"https:\/\/www.parcodolomitifriulane.it\/wp-content\/uploads\/2022\/12\/EcomuseoVajont-1024x682-1.jpeg 1024w, https:\/\/www.parcodolomitifriulane.it\/wp-content\/uploads\/2022\/12\/EcomuseoVajont-1024x682-1-300x200.jpeg 300w, https:\/\/www.parcodolomitifriulane.it\/wp-content\/uploads\/2022\/12\/EcomuseoVajont-1024x682-1-768x512.jpeg 768w, https:\/\/www.parcodolomitifriulane.it\/wp-content\/uploads\/2022\/12\/EcomuseoVajont-1024x682-1-219x146.jpeg 219w, https:\/\/www.parcodolomitifriulane.it\/wp-content\/uploads\/2022\/12\/EcomuseoVajont-1024x682-1-50x33.jpeg 50w, https:\/\/www.parcodolomitifriulane.it\/wp-content\/uploads\/2022\/12\/EcomuseoVajont-1024x682-1-113x75.jpeg 113w\" sizes=\"(max-width:767px) 480px, (max-width:1024px) 100vw, 1024px\" \/>\t\t\t\t\t\t\t\t\t\t\t\t\t\t\t<\/div>\n\t\t\t\t<\/div>\n\t\t\t\t<div class=\"elementor-element elementor-element-8d4e856 elementor-widget elementor-widget-heading\" data-id=\"8d4e856\" data-element_type=\"widget\" data-e-type=\"widget\" data-widget_type=\"heading.default\">\n\t\t\t\t<div class=\"elementor-widget-container\">\n\t\t\t\t\t<h1 class=\"elementor-heading-title elementor-size-default\"><a href=\"https:\/\/www.ecomuseovajont.net\/\" target=\"_blank\">Eco- Museum Vajont, life continuity\n<\/a><\/h1>\t\t\t\t<\/div>\n\t\t\t\t<\/div>\n\t\t\t\t<div class=\"elementor-element elementor-element-18bd27c elementor-widget elementor-widget-text-editor\" data-id=\"18bd27c\" data-element_type=\"widget\" data-e-type=\"widget\" data-widget_type=\"text-editor.default\">\n\t\t\t\t<div class=\"elementor-widget-container\">\n\t\t\t\t\t\t\t\t\t<p>\u00c8 il legno il filo conduttore del museo che custodisce la storia del paese. Legno che diventa giocattolo, culla e suole delle scarpe nella mostra dedicata al bambino.<br \/>Oggetto da vendere, carretto e cassettiera sulle spalle dei coraggiosi venditori ambulanti nel percorso tematico \u201cPartire partir\u00f2 partir bisogna\u2026\u201d.<br \/>Arte nelle opere lignee del Simposio di scultura che celebrano la continuit\u00e0 di vita dopo l\u2019anniversario della catastrofe del Vajont e che dividono lo spazio con una selva in miniatura di tronchi.<\/p><p>Mauro Corona has given voice to the trees in the audio-sound path accessible with the sensory headphones.<\/p><p>The enchantment of the woods of Erto then reveals itself through \u201cThe magic of the wood becomes charcoal\u201d, exhibition dedicated to the ancient craft of the charcoal burner.<\/p><p>Open on Sundays throughout the year.<\/p><h4>Mostre:<\/h4><ul><li>\u201cPartire partir\u00f2 partir bisogna\u2026\u201d,<\/li><li>\u201cFrammenti di memoria\u201d,<\/li><li>\u201cL\u2019arte scultorea\u201d,<\/li><li>\u201cVoci del Bosco\u201d<\/li><li>\u201cLa magia del legno che diventa carbone\u201d<\/li><\/ul>\t\t\t\t\t\t\t\t<\/div>\n\t\t\t\t<\/div>\n\t\t\t\t<div class=\"elementor-element elementor-element-79e179d elementor-widget elementor-widget-spacer\" data-id=\"79e179d\" data-element_type=\"widget\" data-e-type=\"widget\" data-widget_type=\"spacer.default\">\n\t\t\t\t<div class=\"elementor-widget-container\">\n\t\t\t\t\t\t\t<div class=\"elementor-spacer\">\n\t\t\t<div class=\"elementor-spacer-inner\"><\/div>\n\t\t<\/div>\n\t\t\t\t\t\t<\/div>\n\t\t\t\t<\/div>\n\t\t\t\t\t<\/div>\n\t\t<\/div>\n\t\t\t\t\t<\/div>\n\t\t<\/section>\n\t\t\t\t<section class=\"elementor-section elementor-top-section elementor-element elementor-element-3f2278d elementor-section-boxed elementor-section-height-default elementor-section-height-default elementor-invisible\" data-id=\"3f2278d\" data-element_type=\"section\" data-e-type=\"section\" data-settings=\"{&quot;animation&quot;:&quot;fadeIn&quot;}\">\n\t\t\t\t\t\t<div class=\"elementor-container elementor-column-gap-default\">\n\t\t\t\t\t<div class=\"elementor-column elementor-col-100 elementor-top-column elementor-element elementor-element-7945a01\" data-id=\"7945a01\" data-element_type=\"column\" data-e-type=\"column\">\n\t\t\t<div class=\"elementor-widget-wrap elementor-element-populated\">\n\t\t\t\t\t\t<div class=\"elementor-element elementor-element-2118960 elementor-widget elementor-widget-image\" data-id=\"2118960\" data-element_type=\"widget\" data-e-type=\"widget\" data-widget_type=\"image.default\">\n\t\t\t\t<div class=\"elementor-widget-container\">\n\t\t\t\t\t\t\t\t\t\t\t\t\t\t\t<img loading=\"lazy\" decoding=\"async\" width=\"800\" height=\"571\" src=\"https:\/\/www.parcodolomitifriulane.it\/wp-content\/uploads\/2022\/12\/Museo-Rurale-Fornese.jpg\" class=\"attachment-large size-large wp-image-11204\" alt=\"\" srcset=\"https:\/\/www.parcodolomitifriulane.it\/wp-content\/uploads\/2022\/12\/Museo-Rurale-Fornese.jpg 800w, https:\/\/www.parcodolomitifriulane.it\/wp-content\/uploads\/2022\/12\/Museo-Rurale-Fornese-300x214.jpg 300w, https:\/\/www.parcodolomitifriulane.it\/wp-content\/uploads\/2022\/12\/Museo-Rurale-Fornese-768x548.jpg 768w, https:\/\/www.parcodolomitifriulane.it\/wp-content\/uploads\/2022\/12\/Museo-Rurale-Fornese-205x146.jpg 205w, https:\/\/www.parcodolomitifriulane.it\/wp-content\/uploads\/2022\/12\/Museo-Rurale-Fornese-50x36.jpg 50w, https:\/\/www.parcodolomitifriulane.it\/wp-content\/uploads\/2022\/12\/Museo-Rurale-Fornese-105x75.jpg 105w\" sizes=\"(max-width:767px) 480px, (max-width:800px) 100vw, 800px\" \/>\t\t\t\t\t\t\t\t\t\t\t\t\t\t\t<\/div>\n\t\t\t\t<\/div>\n\t\t\t\t<div class=\"elementor-element elementor-element-726ab26 elementor-widget elementor-widget-heading\" data-id=\"726ab26\" data-element_type=\"widget\" data-e-type=\"widget\" data-widget_type=\"heading.default\">\n\t\t\t\t<div class=\"elementor-widget-container\">\n\t\t\t\t\t<h1 class=\"elementor-heading-title elementor-size-default\">Rural Museum of Forni \u201cCasina da Vic\u201d\n<\/h1>\t\t\t\t<\/div>\n\t\t\t\t<\/div>\n\t\t\t\t<div class=\"elementor-element elementor-element-c4938b9 elementor-widget elementor-widget-text-editor\" data-id=\"c4938b9\" data-element_type=\"widget\" data-e-type=\"widget\" data-widget_type=\"text-editor.default\">\n\t\t\t\t<div class=\"elementor-widget-container\">\n\t\t\t\t\t\t\t\t\t<p>The \u201cCasina da Vic\u201d, Vico\u2019s Diary, was opened on the 4thof June 2011; it displays the hardness of living that mountain community endures, its highly rural reality and all tis nuances.<\/p><p class=\"translation-block\">The large building was erected in the 1886, and it is a significant economic and cultural resource, an asset of knowledge and dignity, a treasure trove where the \u201cD.N.A.\u201d of Forni di Sopra lies.<\/p><p>It tells us how important the historical memory, the heritage, the legacy, the roots and the history are. It tells us of culture, sense of togetherness, cooperation, common good, sense of belonging.\n\nIts walls, filled with the identity of Forni, enclose a sort of temple of the society, aimed to explain what it means to be a mountaineer. That is why the \u201cCasina\u201d helps us to reflect on the loss of an entire world and of a potential future. It reminds us how important is for the mountain the bond with the land and with the linked economy.<\/p>\t\t\t\t\t\t\t\t<\/div>\n\t\t\t\t<\/div>\n\t\t\t\t<div class=\"elementor-element elementor-element-fc8b289 elementor-widget elementor-widget-spacer\" data-id=\"fc8b289\" data-element_type=\"widget\" data-e-type=\"widget\" data-widget_type=\"spacer.default\">\n\t\t\t\t<div class=\"elementor-widget-container\">\n\t\t\t\t\t\t\t<div class=\"elementor-spacer\">\n\t\t\t<div class=\"elementor-spacer-inner\"><\/div>\n\t\t<\/div>\n\t\t\t\t\t\t<\/div>\n\t\t\t\t<\/div>\n\t\t\t\t\t<\/div>\n\t\t<\/div>\n\t\t\t\t\t<\/div>\n\t\t<\/section>\n\t\t\t\t<section class=\"elementor-section elementor-top-section elementor-element elementor-element-e6ebfe1 elementor-section-boxed elementor-section-height-default elementor-section-height-default elementor-invisible\" data-id=\"e6ebfe1\" data-element_type=\"section\" data-e-type=\"section\" data-settings=\"{&quot;animation&quot;:&quot;fadeIn&quot;}\">\n\t\t\t\t\t\t<div class=\"elementor-container elementor-column-gap-default\">\n\t\t\t\t\t<div class=\"elementor-column elementor-col-100 elementor-top-column elementor-element elementor-element-0a6979f\" data-id=\"0a6979f\" data-element_type=\"column\" data-e-type=\"column\">\n\t\t\t<div class=\"elementor-widget-wrap elementor-element-populated\">\n\t\t\t\t\t\t<div class=\"elementor-element elementor-element-2019484 elementor-widget elementor-widget-image\" data-id=\"2019484\" data-element_type=\"widget\" data-e-type=\"widget\" data-widget_type=\"image.default\">\n\t\t\t\t<div class=\"elementor-widget-container\">\n\t\t\t\t\t\t\t\t\t\t\t\t\t\t\t<img loading=\"lazy\" decoding=\"async\" width=\"680\" height=\"382\" src=\"https:\/\/www.parcodolomitifriulane.it\/wp-content\/uploads\/2022\/12\/20160704_113618.jpeg\" class=\"attachment-large size-large wp-image-11536\" alt=\"\" srcset=\"https:\/\/www.parcodolomitifriulane.it\/wp-content\/uploads\/2022\/12\/20160704_113618.jpeg 680w, https:\/\/www.parcodolomitifriulane.it\/wp-content\/uploads\/2022\/12\/20160704_113618-300x169.jpeg 300w, https:\/\/www.parcodolomitifriulane.it\/wp-content\/uploads\/2022\/12\/20160704_113618-18x10.jpeg 18w, https:\/\/www.parcodolomitifriulane.it\/wp-content\/uploads\/2022\/12\/20160704_113618-260x146.jpeg 260w, https:\/\/www.parcodolomitifriulane.it\/wp-content\/uploads\/2022\/12\/20160704_113618-50x28.jpeg 50w, https:\/\/www.parcodolomitifriulane.it\/wp-content\/uploads\/2022\/12\/20160704_113618-134x75.jpeg 134w\" sizes=\"(max-width:767px) 480px, 680px\" \/>\t\t\t\t\t\t\t\t\t\t\t\t\t\t\t<\/div>\n\t\t\t\t<\/div>\n\t\t\t\t<div class=\"elementor-element elementor-element-523be97 elementor-widget elementor-widget-heading\" data-id=\"523be97\" data-element_type=\"widget\" data-e-type=\"widget\" data-widget_type=\"heading.default\">\n\t\t\t\t<div class=\"elementor-widget-container\">\n\t\t\t\t\t<h1 class=\"elementor-heading-title elementor-size-default\">Museum \u201cThe Thread of Memories\u201d\n<\/h1>\t\t\t\t<\/div>\n\t\t\t\t<\/div>\n\t\t\t\t<div class=\"elementor-element elementor-element-b6d749d elementor-widget elementor-widget-text-editor\" data-id=\"b6d749d\" data-element_type=\"widget\" data-e-type=\"widget\" data-widget_type=\"text-editor.default\">\n\t\t\t\t<div class=\"elementor-widget-container\">\n\t\t\t\t\t\t\t\t\t<p>The recently restored seventeenth century rural house of \u201cBusa\u201d was formerly a dwelling for both people and animals, where along with farming works, there was no lack of work in iron and in textile production.Once opened to the public, the building has been named \u201cCiasa dai Forn\u00e9s\u201d and on its basement hosts a permanent exhibition entitled \u201cIl Filo dei Ricordi\u201d -The Thread of Memories-.<\/p><p>Up to the outbreak of the Great World War, the socio-economic life of Carnia\u2019s inhabitants was characterized by two main livelihoods: agriculture and weaving, these two activities were closely interwoven thought the year.<\/p><p>In winter the \u201cCr\u00e0mars\u201d (from Gorto e San Pietro) as well as I \u201cTesseri\u201d or \u201cTisidous\u201d (from Socchieve and of Tagliamento) moved to the lands of the \u201cSerenissima\u201d \u2013 Venice- and of the House of Habsburg.\n\nThose craftsmen worked at home and they sourced the raw materials needed for waving directly from nature or other activities: the wool was obtained from the numerous sheep, hemp and flax from land field and the dyes yellow, green and red from vegetables.<\/p>\t\t\t\t\t\t\t\t<\/div>\n\t\t\t\t<\/div>\n\t\t\t\t<div class=\"elementor-element elementor-element-a95b689 elementor-widget elementor-widget-spacer\" data-id=\"a95b689\" data-element_type=\"widget\" data-e-type=\"widget\" data-widget_type=\"spacer.default\">\n\t\t\t\t<div class=\"elementor-widget-container\">\n\t\t\t\t\t\t\t<div class=\"elementor-spacer\">\n\t\t\t<div class=\"elementor-spacer-inner\"><\/div>\n\t\t<\/div>\n\t\t\t\t\t\t<\/div>\n\t\t\t\t<\/div>\n\t\t\t\t\t<\/div>\n\t\t<\/div>\n\t\t\t\t\t<\/div>\n\t\t<\/section>\n\t\t\t\t<section class=\"elementor-section elementor-top-section elementor-element elementor-element-50c810b elementor-section-boxed elementor-section-height-default elementor-section-height-default elementor-invisible\" data-id=\"50c810b\" data-element_type=\"section\" data-e-type=\"section\" data-settings=\"{&quot;animation&quot;:&quot;fadeIn&quot;}\">\n\t\t\t\t\t\t<div class=\"elementor-container elementor-column-gap-default\">\n\t\t\t\t\t<div class=\"elementor-column elementor-col-100 elementor-top-column elementor-element elementor-element-3f23d25\" data-id=\"3f23d25\" data-element_type=\"column\" data-e-type=\"column\">\n\t\t\t<div class=\"elementor-widget-wrap elementor-element-populated\">\n\t\t\t\t\t\t<div class=\"elementor-element elementor-element-d0cda77 elementor-widget elementor-widget-image\" data-id=\"d0cda77\" data-element_type=\"widget\" data-e-type=\"widget\" data-widget_type=\"image.default\">\n\t\t\t\t<div class=\"elementor-widget-container\">\n\t\t\t\t\t\t\t\t\t\t\t\t\t\t\t<img loading=\"lazy\" decoding=\"async\" width=\"1024\" height=\"768\" src=\"https:\/\/www.parcodolomitifriulane.it\/wp-content\/uploads\/2023\/03\/PERCORSO-SENSORIALE-David-Cappellari-2-1024x768.jpg\" class=\"attachment-large size-large wp-image-13975\" alt=\"\" srcset=\"https:\/\/www.parcodolomitifriulane.it\/wp-content\/uploads\/2023\/03\/PERCORSO-SENSORIALE-David-Cappellari-2-1024x768.jpg 1024w, https:\/\/www.parcodolomitifriulane.it\/wp-content\/uploads\/2023\/03\/PERCORSO-SENSORIALE-David-Cappellari-2-300x225.jpg 300w, https:\/\/www.parcodolomitifriulane.it\/wp-content\/uploads\/2023\/03\/PERCORSO-SENSORIALE-David-Cappellari-2-768x576.jpg 768w, https:\/\/www.parcodolomitifriulane.it\/wp-content\/uploads\/2023\/03\/PERCORSO-SENSORIALE-David-Cappellari-2-1536x1152.jpg 1536w, https:\/\/www.parcodolomitifriulane.it\/wp-content\/uploads\/2023\/03\/PERCORSO-SENSORIALE-David-Cappellari-2-2048x1536.jpg 2048w, https:\/\/www.parcodolomitifriulane.it\/wp-content\/uploads\/2023\/03\/PERCORSO-SENSORIALE-David-Cappellari-2-16x12.jpg 16w, https:\/\/www.parcodolomitifriulane.it\/wp-content\/uploads\/2023\/03\/PERCORSO-SENSORIALE-David-Cappellari-2-195x146.jpg 195w, https:\/\/www.parcodolomitifriulane.it\/wp-content\/uploads\/2023\/03\/PERCORSO-SENSORIALE-David-Cappellari-2-50x38.jpg 50w, https:\/\/www.parcodolomitifriulane.it\/wp-content\/uploads\/2023\/03\/PERCORSO-SENSORIALE-David-Cappellari-2-100x75.jpg 100w, https:\/\/www.parcodolomitifriulane.it\/wp-content\/uploads\/2023\/03\/PERCORSO-SENSORIALE-David-Cappellari-2-960x720.jpg 960w\" sizes=\"(max-width:767px) 480px, (max-width:1024px) 100vw, 1024px\" \/>\t\t\t\t\t\t\t\t\t\t\t\t\t\t\t<\/div>\n\t\t\t\t<\/div>\n\t\t\t\t<div class=\"elementor-element elementor-element-568d9f7 elementor-widget elementor-widget-heading\" data-id=\"568d9f7\" data-element_type=\"widget\" data-e-type=\"widget\" data-widget_type=\"heading.default\">\n\t\t\t\t<div class=\"elementor-widget-container\">\n\t\t\t\t\t<h1 class=\"elementor-heading-title elementor-size-default\"><a href=\"https:\/\/www.fornidisopra.it\/scopri\/musei\/ecomuseo-fornese.html\" target=\"_blank\">Ecomuseo Fornese - Arte Natura e Cultura a Forni di Sopra\n<\/a><\/h1>\t\t\t\t<\/div>\n\t\t\t\t<\/div>\n\t\t\t\t<div class=\"elementor-element elementor-element-31cbc96 elementor-widget elementor-widget-text-editor\" data-id=\"31cbc96\" data-element_type=\"widget\" data-e-type=\"widget\" data-widget_type=\"text-editor.default\">\n\t\t\t\t<div class=\"elementor-widget-container\">\n\t\t\t\t\t\t\t\t\t<p class=\"p1\"><span class=\"s1\">Si sviluppa all\u2019aperto e comprende 8 percorsi rappresentati su un&#8217;apposita cartina; <\/span><\/p><p class=\"p1\"><span class=\"s1\">inoltre \u00e8 disponibile una <\/span><a href=\"https:\/\/www.fornidisopra.it\/ecomuseo\" target=\"_blank\" rel=\"noopener\"><span class=\"s2\"><b>APP<\/b><\/span><\/a><span class=\"s1\"><b>\u00a0<\/b>che riporta tutte le indicazioni sui percorsi.<\/span><b> <\/b><\/p><ul class=\"ul1\"><li class=\"li2\"><span class=\"s1\">Il<b> <\/b>nuovo Percorso natura <b>I Sensi delle Dolomiti<\/b> consente di scoprire i segreti e le particolarit\u00e0 dei boschi delle Dolomiti attraverso il gioco, coinvolgendo tutti i 5 sensi (vista, tatto, udito, olfatto e gusto). Il percorso si sviluppa per 400 metri lungo il &#8220;Sentiero dei Bambini&#8221; e comprende 20 stazioni in cui gli utenti possono interagire direttamente con la natura. Lungo il percorso \u00e8 possibile imparare a riconoscere gli alberi e la magia della fotosintesi, utilizzare uno xilofono naturale in legno, camminare scalzi per ritrovare le sensazioni dimenticate, riconoscere le essenze alpine mediante l&#8217;olfatto, imitare in diverse forme l&#8217;abilit\u00e0 degli animali.<\/span><\/li><\/ul><ul class=\"ul1\"><li class=\"li1\"><span class=\"s1\">L&#8217;<b>Orto botanico<\/b> permette di conoscere le caratteristiche, il periodo di raccolta, gli usi in cucina e le curiosit\u00e0 di numerose specie alimentari, officinali, tintorie e mellifere, illustrando cos\u00ec una piccola parte del grande patrimonio fornese, che vanta una variet\u00e0 di oltre 1500 specie floristiche e che rende questo territorio un vero scrigno di biodiversit\u00e0.<\/span><\/li><\/ul><ul class=\"ul1\"><li class=\"li1\"><span class=\"s1\">Quello dei <b>Palazzi Storici<\/b> \u00e8 un percorso affascinante che si sviluppa nelle nelle 3 borgate di Vico, Cella ed Andrazza, permettendo un salto nel passato, attraverso i portali delle abitazioni delle casate fornesi pi\u00f9 importanti, con racconti di vita, mestieri e curiosit\u00e0 storiche.<\/span><\/li><\/ul><ul class=\"ul1\"><li class=\"li1\"><span class=\"s1\">I <b>muri parlanti<\/b> \u00e8 un percorso costituito dalle pitture murali del professor Marino Spadavecchia che tra il 1973 e 2004, dopo una vita trascorsa a Trieste, Per\u00f9 e Venezuela, ha impreziosito le case raccontando le storie e i mestieri dei suoi abitanti. \u00c8 una mostra pittorica all&#8217;aria aperta che si sviluppa lungo 13 \u201cmuri parlanti\u201d, dal centro paese fino alla frazione Cella, passando per la localit\u00e0 di Tiviei.<\/span><\/li><\/ul><ul class=\"ul1\"><li class=\"li1\"><span class=\"s1\">Il percorso dedicato all\u2019<b>Energia<\/b> conduce agli impianti per la produzione sostenibile di energia iniziata a Forni di Sopra oltre un secolo fa, con le prime centrali idroelettriche. Si tratta di una grande centrale a biomassa e di un moderno impianto fotovoltaico a basso impatto, grazie ai quali gli abitanti del paese di Forni possono dire di avere l&#8217;auto-sufficienza energetica senza emissioni inquinanti.<\/span><\/li><\/ul><ul class=\"ul1\"><li class=\"li1\"><span class=\"s1\">Il percorso dei <b>Musei, Fornaci e Castelli<\/b> parte dal misterioso sito archeologico del Castello medievale di Sacuidic e passando per musei, preziose chiese, borghi rurali e ponti, giunge all\u2019antica Fornace di Dav\u00e2ras. Si tratta di un itinerario di grande interesse per scoprire le tradizioni e i luoghi che hanno contribuito a creare la storia della nostra comunit\u00e0.<\/span><\/li><\/ul><ul class=\"ul1\"><li class=\"li1\"><span class=\"s1\">Le <b>Vie dell\u2019Acqua<\/b> sono suggestivi percorsi che dal cuore del paese si sviluppano lungo il fiume Tagliamento, raccontando come la storia e la morfologia di un territorio vengono costantemente disegnate dall\u2019acqua. Lungo gli itinerari si \u00e8 accompagnati dai suoni dei numerosi torrenti, \u201cfontanas\u201d e \u201cfontanons\u201d, cascatelle e pozzi artesiani, alla scoperta dell\u2019elemento chiave della vita e risorsa preziosa per l\u2019ambiente e la comunit\u00e0.<\/span><\/li><\/ul><ul class=\"ul1\"><li class=\"li1\"><span class=\"s1\">Il percorso dedicato alle <b>Creature Fantastiche<\/b> \u00e8 un lungo giro alla scoperta di tredici personaggi fantastici; le tabelle che lo arricchiscono che ne raccontano la storia, le caratteristiche e le leggende, immersi nella natura fiabesca della montagna.<\/span><\/li><\/ul>\t\t\t\t\t\t\t\t<\/div>\n\t\t\t\t<\/div>\n\t\t\t\t<div class=\"elementor-element elementor-element-98509ff elementor-widget elementor-widget-spacer\" data-id=\"98509ff\" data-element_type=\"widget\" data-e-type=\"widget\" data-widget_type=\"spacer.default\">\n\t\t\t\t<div class=\"elementor-widget-container\">\n\t\t\t\t\t\t\t<div class=\"elementor-spacer\">\n\t\t\t<div class=\"elementor-spacer-inner\"><\/div>\n\t\t<\/div>\n\t\t\t\t\t\t<\/div>\n\t\t\t\t<\/div>\n\t\t\t\t\t<\/div>\n\t\t<\/div>\n\t\t\t\t\t<\/div>\n\t\t<\/section>\n\t\t\t\t<section class=\"elementor-section elementor-top-section elementor-element elementor-element-b96a049 elementor-section-full_width elementor-section-height-min-height elementor-section-stretched elementor-section-height-default elementor-section-items-middle elementor-invisible\" data-id=\"b96a049\" data-element_type=\"section\" data-e-type=\"section\" data-settings=\"{&quot;stretch_section&quot;:&quot;section-stretched&quot;,&quot;background_background&quot;:&quot;classic&quot;,&quot;animation&quot;:&quot;fadeIn&quot;}\">\n\t\t\t\t\t\t<div class=\"elementor-container elementor-column-gap-default\">\n\t\t\t\t\t<div class=\"elementor-column elementor-col-100 elementor-top-column elementor-element elementor-element-3c113cd\" data-id=\"3c113cd\" data-element_type=\"column\" data-e-type=\"column\" data-settings=\"{&quot;background_background&quot;:&quot;classic&quot;}\">\n\t\t\t<div class=\"elementor-widget-wrap elementor-element-populated\">\n\t\t\t\t\t\t<div class=\"elementor-element elementor-element-ffb9abe elementor-widget elementor-widget-spacer\" data-id=\"ffb9abe\" data-element_type=\"widget\" data-e-type=\"widget\" data-widget_type=\"spacer.default\">\n\t\t\t\t<div class=\"elementor-widget-container\">\n\t\t\t\t\t\t\t<div class=\"elementor-spacer\">\n\t\t\t<div class=\"elementor-spacer-inner\"><\/div>\n\t\t<\/div>\n\t\t\t\t\t\t<\/div>\n\t\t\t\t<\/div>\n\t\t\t\t\t<\/div>\n\t\t<\/div>\n\t\t\t\t\t<\/div>\n\t\t<\/section>\n\t\t\t\t<\/div>","protected":false},"excerpt":{"rendered":"<p>MUSEI ED ECOMUSEI Home Museo Etnografico di Andreis Il\u00a0Museo Etnografico di Andreis, aperto al pubblico dal 1981, documenta attraverso l\u2019esposizione di oggetti e la ricostruzione di<span class=\"excerpt-hellip\"> [\u2026]<\/span><\/p>\n","protected":false},"author":7,"featured_media":0,"parent":9276,"menu_order":1,"comment_status":"closed","ping_status":"closed","template":"","meta":{"_acf_changed":false,"footnotes":""},"class_list":["post-10603","page","type-page","status-publish","hentry"],"acf":[],"yoast_head":"<!-- This site is optimized with the Yoast SEO plugin v27.4 - https:\/\/yoast.com\/product\/yoast-seo-wordpress\/ -->\n<title>Musei ed Ecomusei | Parco Dolomiti Friulane<\/title>\n<meta name=\"robots\" content=\"index, follow, max-snippet:-1, max-image-preview:large, max-video-preview:-1\" \/>\n<link rel=\"canonical\" href=\"https:\/\/www.parcodolomitifriulane.it\/en\/vivere-il-parco\/musei-ed-ecomusei\/\" \/>\n<meta property=\"og:locale\" content=\"en_GB\" \/>\n<meta property=\"og:type\" content=\"article\" \/>\n<meta property=\"og:title\" content=\"Musei ed Ecomusei | Parco Dolomiti Friulane\" \/>\n<meta property=\"og:description\" content=\"MUSEI ED ECOMUSEI Home Museo Etnografico di Andreis Il\u00a0Museo Etnografico di Andreis, aperto al pubblico dal 1981, documenta attraverso l\u2019esposizione di oggetti e la ricostruzione di [\u2026]\" \/>\n<meta property=\"og:url\" content=\"https:\/\/www.parcodolomitifriulane.it\/en\/vivere-il-parco\/musei-ed-ecomusei\/\" \/>\n<meta property=\"og:site_name\" content=\"Parco Dolomiti Friulane\" \/>\n<meta property=\"article:publisher\" content=\"https:\/\/www.facebook.com\/dolomitifriulane\" \/>\n<meta property=\"article:modified_time\" content=\"2023-07-12T07:19:33+00:00\" \/>\n<meta property=\"og:image\" content=\"https:\/\/www.parcodolomitifriulane.it\/wp-content\/uploads\/2022\/12\/Museo-etnografico-andreis-1024x682-1.jpeg\" \/>\n<meta name=\"twitter:card\" content=\"summary_large_image\" \/>\n<meta name=\"twitter:site\" content=\"@parcoDF\" \/>\n<meta name=\"twitter:label1\" content=\"Estimated reading time\" \/>\n\t<meta name=\"twitter:data1\" content=\"9 minutes\" \/>\n<script type=\"application\/ld+json\" class=\"yoast-schema-graph\">{\"@context\":\"https:\\\/\\\/schema.org\",\"@graph\":[{\"@type\":\"WebPage\",\"@id\":\"https:\\\/\\\/www.parcodolomitifriulane.it\\\/vivere-il-parco\\\/musei-ed-ecomusei\\\/\",\"url\":\"https:\\\/\\\/www.parcodolomitifriulane.it\\\/vivere-il-parco\\\/musei-ed-ecomusei\\\/\",\"name\":\"Musei ed Ecomusei | Parco Dolomiti Friulane\",\"isPartOf\":{\"@id\":\"https:\\\/\\\/www.parcodolomitifriulane.it\\\/#website\"},\"primaryImageOfPage\":{\"@id\":\"https:\\\/\\\/www.parcodolomitifriulane.it\\\/vivere-il-parco\\\/musei-ed-ecomusei\\\/#primaryimage\"},\"image\":{\"@id\":\"https:\\\/\\\/www.parcodolomitifriulane.it\\\/vivere-il-parco\\\/musei-ed-ecomusei\\\/#primaryimage\"},\"thumbnailUrl\":\"https:\\\/\\\/www.parcodolomitifriulane.it\\\/wp-content\\\/uploads\\\/2022\\\/12\\\/Museo-etnografico-andreis-1024x682-1.jpeg\",\"datePublished\":\"2022-12-21T16:11:38+00:00\",\"dateModified\":\"2023-07-12T07:19:33+00:00\",\"breadcrumb\":{\"@id\":\"https:\\\/\\\/www.parcodolomitifriulane.it\\\/vivere-il-parco\\\/musei-ed-ecomusei\\\/#breadcrumb\"},\"inLanguage\":\"en-GB\",\"potentialAction\":[{\"@type\":\"ReadAction\",\"target\":[\"https:\\\/\\\/www.parcodolomitifriulane.it\\\/vivere-il-parco\\\/musei-ed-ecomusei\\\/\"]}]},{\"@type\":\"ImageObject\",\"inLanguage\":\"en-GB\",\"@id\":\"https:\\\/\\\/www.parcodolomitifriulane.it\\\/vivere-il-parco\\\/musei-ed-ecomusei\\\/#primaryimage\",\"url\":\"https:\\\/\\\/www.parcodolomitifriulane.it\\\/wp-content\\\/uploads\\\/2022\\\/12\\\/Museo-etnografico-andreis-1024x682-1.jpeg\",\"contentUrl\":\"https:\\\/\\\/www.parcodolomitifriulane.it\\\/wp-content\\\/uploads\\\/2022\\\/12\\\/Museo-etnografico-andreis-1024x682-1.jpeg\"},{\"@type\":\"BreadcrumbList\",\"@id\":\"https:\\\/\\\/www.parcodolomitifriulane.it\\\/vivere-il-parco\\\/musei-ed-ecomusei\\\/#breadcrumb\",\"itemListElement\":[{\"@type\":\"ListItem\",\"position\":1,\"name\":\"Home\",\"item\":\"https:\\\/\\\/www.parcodolomitifriulane.it\\\/\"},{\"@type\":\"ListItem\",\"position\":2,\"name\":\"Vivere il Parco\",\"item\":\"https:\\\/\\\/www.parcodolomitifriulane.it\\\/en\\\/vivere-il-parco\\\/\"},{\"@type\":\"ListItem\",\"position\":3,\"name\":\"Musei ed Ecomusei\"}]},{\"@type\":\"WebSite\",\"@id\":\"https:\\\/\\\/www.parcodolomitifriulane.it\\\/#website\",\"url\":\"https:\\\/\\\/www.parcodolomitifriulane.it\\\/\",\"name\":\"Parco Dolomiti Friulane\",\"description\":\"Tutto Straordinariamente Emoz\",\"publisher\":{\"@id\":\"https:\\\/\\\/www.parcodolomitifriulane.it\\\/#organization\"},\"potentialAction\":[{\"@type\":\"SearchAction\",\"target\":{\"@type\":\"EntryPoint\",\"urlTemplate\":\"https:\\\/\\\/www.parcodolomitifriulane.it\\\/?s={search_term_string}\"},\"query-input\":{\"@type\":\"PropertyValueSpecification\",\"valueRequired\":true,\"valueName\":\"search_term_string\"}}],\"inLanguage\":\"en-GB\"},{\"@type\":\"Organization\",\"@id\":\"https:\\\/\\\/www.parcodolomitifriulane.it\\\/#organization\",\"name\":\"Parco Dolomiti Friulane\",\"url\":\"https:\\\/\\\/www.parcodolomitifriulane.it\\\/\",\"logo\":{\"@type\":\"ImageObject\",\"inLanguage\":\"en-GB\",\"@id\":\"https:\\\/\\\/www.parcodolomitifriulane.it\\\/#\\\/schema\\\/logo\\\/image\\\/\",\"url\":\"https:\\\/\\\/www.parcodolomitifriulane.it\\\/wp-content\\\/uploads\\\/2022\\\/06\\\/cropped-logo-1.png\",\"contentUrl\":\"https:\\\/\\\/www.parcodolomitifriulane.it\\\/wp-content\\\/uploads\\\/2022\\\/06\\\/cropped-logo-1.png\",\"width\":4685,\"height\":2773,\"caption\":\"Parco Dolomiti Friulane\"},\"image\":{\"@id\":\"https:\\\/\\\/www.parcodolomitifriulane.it\\\/#\\\/schema\\\/logo\\\/image\\\/\"},\"sameAs\":[\"https:\\\/\\\/www.facebook.com\\\/dolomitifriulane\",\"https:\\\/\\\/x.com\\\/parcoDF\",\"https:\\\/\\\/www.instagram.com\\\/dolomitifriulane\\\/\",\"https:\\\/\\\/www.youtube.com\\\/user\\\/DOLOMITIFRIULANEPARK\"]}]}<\/script>\n<!-- \/ Yoast SEO plugin. -->","yoast_head_json":{"title":"Musei ed Ecomusei | Parco Dolomiti Friulane","robots":{"index":"index","follow":"follow","max-snippet":"max-snippet:-1","max-image-preview":"max-image-preview:large","max-video-preview":"max-video-preview:-1"},"canonical":"https:\/\/www.parcodolomitifriulane.it\/en\/vivere-il-parco\/musei-ed-ecomusei\/","og_locale":"en_GB","og_type":"article","og_title":"Musei ed Ecomusei | Parco Dolomiti Friulane","og_description":"MUSEI ED ECOMUSEI Home Museo Etnografico di Andreis Il\u00a0Museo Etnografico di Andreis, aperto al pubblico dal 1981, documenta attraverso l\u2019esposizione di oggetti e la ricostruzione di [\u2026]","og_url":"https:\/\/www.parcodolomitifriulane.it\/en\/vivere-il-parco\/musei-ed-ecomusei\/","og_site_name":"Parco Dolomiti Friulane","article_publisher":"https:\/\/www.facebook.com\/dolomitifriulane","article_modified_time":"2023-07-12T07:19:33+00:00","og_image":[{"url":"https:\/\/www.parcodolomitifriulane.it\/wp-content\/uploads\/2022\/12\/Museo-etnografico-andreis-1024x682-1.jpeg","type":"","width":"","height":""}],"twitter_card":"summary_large_image","twitter_site":"@parcoDF","twitter_misc":{"Estimated reading time":"9 minutes"},"schema":{"@context":"https:\/\/schema.org","@graph":[{"@type":"WebPage","@id":"https:\/\/www.parcodolomitifriulane.it\/vivere-il-parco\/musei-ed-ecomusei\/","url":"https:\/\/www.parcodolomitifriulane.it\/vivere-il-parco\/musei-ed-ecomusei\/","name":"Musei ed Ecomusei | Parco Dolomiti Friulane","isPartOf":{"@id":"https:\/\/www.parcodolomitifriulane.it\/#website"},"primaryImageOfPage":{"@id":"https:\/\/www.parcodolomitifriulane.it\/vivere-il-parco\/musei-ed-ecomusei\/#primaryimage"},"image":{"@id":"https:\/\/www.parcodolomitifriulane.it\/vivere-il-parco\/musei-ed-ecomusei\/#primaryimage"},"thumbnailUrl":"https:\/\/www.parcodolomitifriulane.it\/wp-content\/uploads\/2022\/12\/Museo-etnografico-andreis-1024x682-1.jpeg","datePublished":"2022-12-21T16:11:38+00:00","dateModified":"2023-07-12T07:19:33+00:00","breadcrumb":{"@id":"https:\/\/www.parcodolomitifriulane.it\/vivere-il-parco\/musei-ed-ecomusei\/#breadcrumb"},"inLanguage":"en-GB","potentialAction":[{"@type":"ReadAction","target":["https:\/\/www.parcodolomitifriulane.it\/vivere-il-parco\/musei-ed-ecomusei\/"]}]},{"@type":"ImageObject","inLanguage":"en-GB","@id":"https:\/\/www.parcodolomitifriulane.it\/vivere-il-parco\/musei-ed-ecomusei\/#primaryimage","url":"https:\/\/www.parcodolomitifriulane.it\/wp-content\/uploads\/2022\/12\/Museo-etnografico-andreis-1024x682-1.jpeg","contentUrl":"https:\/\/www.parcodolomitifriulane.it\/wp-content\/uploads\/2022\/12\/Museo-etnografico-andreis-1024x682-1.jpeg"},{"@type":"BreadcrumbList","@id":"https:\/\/www.parcodolomitifriulane.it\/vivere-il-parco\/musei-ed-ecomusei\/#breadcrumb","itemListElement":[{"@type":"ListItem","position":1,"name":"Home","item":"https:\/\/www.parcodolomitifriulane.it\/"},{"@type":"ListItem","position":2,"name":"Vivere il Parco","item":"https:\/\/www.parcodolomitifriulane.it\/en\/vivere-il-parco\/"},{"@type":"ListItem","position":3,"name":"Musei ed Ecomusei"}]},{"@type":"WebSite","@id":"https:\/\/www.parcodolomitifriulane.it\/#website","url":"https:\/\/www.parcodolomitifriulane.it\/","name":"Parco Dolomiti Friulane","description":"Tutto Straordinariamente Emoz","publisher":{"@id":"https:\/\/www.parcodolomitifriulane.it\/#organization"},"potentialAction":[{"@type":"SearchAction","target":{"@type":"EntryPoint","urlTemplate":"https:\/\/www.parcodolomitifriulane.it\/?s={search_term_string}"},"query-input":{"@type":"PropertyValueSpecification","valueRequired":true,"valueName":"search_term_string"}}],"inLanguage":"en-GB"},{"@type":"Organization","@id":"https:\/\/www.parcodolomitifriulane.it\/#organization","name":"Parco Dolomiti Friulane","url":"https:\/\/www.parcodolomitifriulane.it\/","logo":{"@type":"ImageObject","inLanguage":"en-GB","@id":"https:\/\/www.parcodolomitifriulane.it\/#\/schema\/logo\/image\/","url":"https:\/\/www.parcodolomitifriulane.it\/wp-content\/uploads\/2022\/06\/cropped-logo-1.png","contentUrl":"https:\/\/www.parcodolomitifriulane.it\/wp-content\/uploads\/2022\/06\/cropped-logo-1.png","width":4685,"height":2773,"caption":"Parco Dolomiti Friulane"},"image":{"@id":"https:\/\/www.parcodolomitifriulane.it\/#\/schema\/logo\/image\/"},"sameAs":["https:\/\/www.facebook.com\/dolomitifriulane","https:\/\/x.com\/parcoDF","https:\/\/www.instagram.com\/dolomitifriulane\/","https:\/\/www.youtube.com\/user\/DOLOMITIFRIULANEPARK"]}]}},"_links":{"self":[{"href":"https:\/\/www.parcodolomitifriulane.it\/en\/wp-json\/wp\/v2\/pages\/10603","targetHints":{"allow":["GET"]}}],"collection":[{"href":"https:\/\/www.parcodolomitifriulane.it\/en\/wp-json\/wp\/v2\/pages"}],"about":[{"href":"https:\/\/www.parcodolomitifriulane.it\/en\/wp-json\/wp\/v2\/types\/page"}],"author":[{"embeddable":true,"href":"https:\/\/www.parcodolomitifriulane.it\/en\/wp-json\/wp\/v2\/users\/7"}],"replies":[{"embeddable":true,"href":"https:\/\/www.parcodolomitifriulane.it\/en\/wp-json\/wp\/v2\/comments?post=10603"}],"version-history":[{"count":0,"href":"https:\/\/www.parcodolomitifriulane.it\/en\/wp-json\/wp\/v2\/pages\/10603\/revisions"}],"up":[{"embeddable":true,"href":"https:\/\/www.parcodolomitifriulane.it\/en\/wp-json\/wp\/v2\/pages\/9276"}],"wp:attachment":[{"href":"https:\/\/www.parcodolomitifriulane.it\/en\/wp-json\/wp\/v2\/media?parent=10603"}],"curies":[{"name":"wp","href":"https:\/\/api.w.org\/{rel}","templated":true}]}}