{"id":19336,"date":"2025-05-07T13:38:23","date_gmt":"2025-05-07T11:38:23","guid":{"rendered":"https:\/\/www.parcodolomitifriulane.it\/?page_id=19336"},"modified":"2025-05-07T14:43:17","modified_gmt":"2025-05-07T12:43:17","slug":"guide","status":"publish","type":"page","link":"https:\/\/www.parcodolomitifriulane.it\/en\/ente-parco\/marchio-qualita\/elenco-aziende-marchio-qualita\/guide\/","title":{"rendered":"Guide"},"content":{"rendered":"<div data-elementor-type=\"wp-page\" data-elementor-id=\"19336\" class=\"elementor elementor-19336\" data-elementor-post-type=\"page\">\n\t\t\t\t\t\t<section class=\"elementor-section elementor-top-section elementor-element elementor-element-a9f0b99 elementor-section-full_width elementor-section-height-min-height elementor-section-items-stretch elementor-section-stretched elementor-section-height-default elementor-invisible\" data-id=\"a9f0b99\" data-element_type=\"section\" data-e-type=\"section\" data-settings=\"{&quot;stretch_section&quot;:&quot;section-stretched&quot;,&quot;animation&quot;:&quot;fadeIn&quot;,&quot;background_background&quot;:&quot;classic&quot;}\">\n\t\t\t\t\t\t<div class=\"elementor-container elementor-column-gap-no\">\n\t\t\t\t\t<div class=\"elementor-column elementor-col-100 elementor-top-column elementor-element elementor-element-cfbd697\" data-id=\"cfbd697\" data-element_type=\"column\" data-e-type=\"column\" data-settings=\"{&quot;background_background&quot;:&quot;classic&quot;}\">\n\t\t\t<div class=\"elementor-widget-wrap elementor-element-populated\">\n\t\t\t\t\t\t<section class=\"elementor-section elementor-inner-section elementor-element elementor-element-c361f54 elementor-section-content-middle elementor-section-boxed elementor-section-height-default elementor-section-height-default\" data-id=\"c361f54\" data-element_type=\"section\" data-e-type=\"section\">\n\t\t\t\t\t\t<div class=\"elementor-container elementor-column-gap-no\">\n\t\t\t\t\t<div class=\"elementor-column elementor-col-100 elementor-inner-column elementor-element elementor-element-483db68\" data-id=\"483db68\" data-element_type=\"column\" data-e-type=\"column\">\n\t\t\t<div class=\"elementor-widget-wrap elementor-element-populated\">\n\t\t\t\t\t\t<div class=\"elementor-element elementor-element-0209d51 elementor-widget elementor-widget-heading\" data-id=\"0209d51\" data-element_type=\"widget\" data-e-type=\"widget\" data-widget_type=\"heading.default\">\n\t\t\t\t<div class=\"elementor-widget-container\">\n\t\t\t\t\t<h1 class=\"elementor-heading-title elementor-size-default\">GUIDE<\/h1>\t\t\t\t<\/div>\n\t\t\t\t<\/div>\n\t\t\t\t<div class=\"elementor-element elementor-element-5b147ad elementor-widget elementor-widget-pp-breadcrumbs\" data-id=\"5b147ad\" data-element_type=\"widget\" data-e-type=\"widget\" data-settings=\"{&quot;breadcrumbs_type&quot;:&quot;yoast&quot;}\" data-widget_type=\"pp-breadcrumbs.default\">\n\t\t\t\t<div class=\"elementor-widget-container\">\n\t\t\t\t\t\t\t\t\t<div class=\"pp-breadcrumbs pp-breadcrumbs-yoast\">\n\t\t\t\t\t<p id=\"breadcrumbs\"><span><span><a href=\"https:\/\/www.parcodolomitifriulane.it\/en\/\">Home<\/a><\/span><\/span><\/p>\t\t\t\t<\/div>\n\t\t\t\t\t\t\t\t<\/div>\n\t\t\t\t<\/div>\n\t\t\t\t\t<\/div>\n\t\t<\/div>\n\t\t\t\t\t<\/div>\n\t\t<\/section>\n\t\t\t\t\t<\/div>\n\t\t<\/div>\n\t\t\t\t\t<\/div>\n\t\t<\/section>\n\t\t\t\t<section class=\"elementor-section elementor-top-section elementor-element elementor-element-dc8e48a elementor-section-boxed elementor-section-height-default elementor-section-height-default elementor-invisible\" data-id=\"dc8e48a\" data-element_type=\"section\" data-e-type=\"section\" data-settings=\"{&quot;animation&quot;:&quot;fadeIn&quot;}\">\n\t\t\t\t\t\t<div class=\"elementor-container elementor-column-gap-default\">\n\t\t\t\t\t<div class=\"elementor-column elementor-col-100 elementor-top-column elementor-element elementor-element-1c3e344\" data-id=\"1c3e344\" data-element_type=\"column\" data-e-type=\"column\">\n\t\t\t<div class=\"elementor-widget-wrap elementor-element-populated\">\n\t\t\t\t\t\t<div class=\"elementor-element elementor-element-c837443 elementor-widget elementor-widget-spacer\" data-id=\"c837443\" data-element_type=\"widget\" data-e-type=\"widget\" data-widget_type=\"spacer.default\">\n\t\t\t\t<div class=\"elementor-widget-container\">\n\t\t\t\t\t\t\t<div class=\"elementor-spacer\">\n\t\t\t<div class=\"elementor-spacer-inner\"><\/div>\n\t\t<\/div>\n\t\t\t\t\t\t<\/div>\n\t\t\t\t<\/div>\n\t\t\t\t<div class=\"elementor-element elementor-element-c0e3cd1 elementor-widget elementor-widget-image\" data-id=\"c0e3cd1\" data-element_type=\"widget\" data-e-type=\"widget\" data-widget_type=\"image.default\">\n\t\t\t\t<div class=\"elementor-widget-container\">\n\t\t\t\t\t\t\t\t\t\t\t\t\t\t\t<img decoding=\"async\" width=\"187\" height=\"187\" src=\"https:\/\/www.parcodolomitifriulane.it\/wp-content\/uploads\/2022\/05\/icona_marchio_qualita.jpg\" class=\"attachment-large size-large wp-image-382\" alt=\"\" srcset=\"https:\/\/www.parcodolomitifriulane.it\/wp-content\/uploads\/2022\/05\/icona_marchio_qualita.jpg 187w, https:\/\/www.parcodolomitifriulane.it\/wp-content\/uploads\/2022\/05\/icona_marchio_qualita-150x150.jpg 150w, https:\/\/www.parcodolomitifriulane.it\/wp-content\/uploads\/2022\/05\/icona_marchio_qualita-146x146.jpg 146w, https:\/\/www.parcodolomitifriulane.it\/wp-content\/uploads\/2022\/05\/icona_marchio_qualita-50x50.jpg 50w, https:\/\/www.parcodolomitifriulane.it\/wp-content\/uploads\/2022\/05\/icona_marchio_qualita-75x75.jpg 75w, https:\/\/www.parcodolomitifriulane.it\/wp-content\/uploads\/2022\/05\/icona_marchio_qualita-85x85.jpg 85w, https:\/\/www.parcodolomitifriulane.it\/wp-content\/uploads\/2022\/05\/icona_marchio_qualita-80x80.jpg 80w\" sizes=\"(max-width:767px) 187px, 187px\" \/>\t\t\t\t\t\t\t\t\t\t\t\t\t\t\t<\/div>\n\t\t\t\t<\/div>\n\t\t\t\t<div class=\"elementor-element elementor-element-efcd65d elementor-widget elementor-widget-heading\" data-id=\"efcd65d\" data-element_type=\"widget\" data-e-type=\"widget\" data-widget_type=\"heading.default\">\n\t\t\t\t<div class=\"elementor-widget-container\">\n\t\t\t\t\t<h1 class=\"elementor-heading-title elementor-size-default\">LE NOSTRE AZIENDE TARGATE MARCHIO QUALIT\u00c0 PARCO NATURALE DOLOMITI FRIULANE<\/h1>\t\t\t\t<\/div>\n\t\t\t\t<\/div>\n\t\t\t\t<div class=\"elementor-element elementor-element-a6a6bf4 elementor-widget elementor-widget-text-editor\" data-id=\"a6a6bf4\" data-element_type=\"widget\" data-e-type=\"widget\" data-widget_type=\"text-editor.default\">\n\t\t\t\t<div class=\"elementor-widget-container\">\n\t\t\t\t\t\t\t\t\t<p>The Park Quality Brand is an identification project, started with ISO 14001 certification obtained in 2009 and the EMAS registration in 2012, to spread the philosophy of environmental quality, involving the economic and social fabric. The project rewards companies which meet environmental protection requirements, create a connection with the territory and adhere to the Park\u2019s culture, allowing the use of the Park logo.<\/p><p>VUOI FARE PARTE ANCHE TU DELLE AZIENDE MARCHIO QUALITA\u2019 PARCO DOLOMITI FRIULANE?<br \/>COME FARE A RICHIEDERE IL MARCHIO?<\/p>\t\t\t\t\t\t\t\t<\/div>\n\t\t\t\t<\/div>\n\t\t\t\t<div class=\"elementor-element elementor-element-ba7348b elementor-mobile-align-center elementor-widget elementor-widget-button\" data-id=\"ba7348b\" data-element_type=\"widget\" data-e-type=\"widget\" data-widget_type=\"button.default\">\n\t\t\t\t<div class=\"elementor-widget-container\">\n\t\t\t\t\t\t\t\t\t<div class=\"elementor-button-wrapper\">\n\t\t\t\t\t<a class=\"elementor-button elementor-button-link elementor-size-sm\" href=\"https:\/\/www.parcodolomitifriulane.it\/en\/ente-parco\/marchio-qualita\/\">\n\t\t\t\t\t\t<span class=\"elementor-button-content-wrapper\">\n\t\t\t\t\t\t\t\t\t<span class=\"elementor-button-text\">FIND OUT MORE<\/span>\n\t\t\t\t\t<\/span>\n\t\t\t\t\t<\/a>\n\t\t\t\t<\/div>\n\t\t\t\t\t\t\t\t<\/div>\n\t\t\t\t<\/div>\n\t\t\t\t<div class=\"elementor-element elementor-element-555157c elementor-widget elementor-widget-spacer\" data-id=\"555157c\" data-element_type=\"widget\" data-e-type=\"widget\" data-widget_type=\"spacer.default\">\n\t\t\t\t<div class=\"elementor-widget-container\">\n\t\t\t\t\t\t\t<div class=\"elementor-spacer\">\n\t\t\t<div class=\"elementor-spacer-inner\"><\/div>\n\t\t<\/div>\n\t\t\t\t\t\t<\/div>\n\t\t\t\t<\/div>\n\t\t\t\t<div class=\"elementor-element elementor-element-cac61ee elementor-widget elementor-widget-heading\" data-id=\"cac61ee\" data-element_type=\"widget\" data-e-type=\"widget\" data-widget_type=\"heading.default\">\n\t\t\t\t<div class=\"elementor-widget-container\">\n\t\t\t\t\t<h1 class=\"elementor-heading-title elementor-size-default\">GUIDE<\/h1>\t\t\t\t<\/div>\n\t\t\t\t<\/div>\n\t\t\t\t<div class=\"elementor-element elementor-element-a0566c5 pp-posts-thumbnail-ratio pp-equal-height-yes elementor-grid-3 elementor-grid-tablet-2 elementor-grid-mobile-1 elementor-widget elementor-widget-pp-posts\" data-id=\"a0566c5\" data-element_type=\"widget\" data-e-type=\"widget\" data-widget_type=\"pp-posts.classic\">\n\t\t\t\t<div class=\"elementor-widget-container\">\n\t\t\t\t\t\t\t<div class=\"pp-posts-container\">\n\t\t\t\n\t\t\t\t\t\t\t\t\t\t\n\t\t\t<div class=\"pp-posts pp-posts-skin-classic elementor-grid pp-posts-grid\" data-query-type=\"custom\" data-layout=\"grid\" data-page=\"19336\" data-skin=\"classic\">\n\t\t\t\t\t\t\t\t\t\t\t<div class=\"pp-post-wrap pp-grid-item-wrap elementor-grid-item post-19287 marchio-qualita type-marchio-qualita status-publish has-post-thumbnail hentry settore-guide\">\n\t\t\t\t\t\t<div class=\"pp-post pp-grid-item\">\n\t\t\t\t\t\t<div class=\"pp-post-thumbnail\">\n\t\t\t<a class=\"pp-post-thumbnail-wrap\" href=\"https:\/\/www.parcodolomitifriulane.it\/en\/marchio-qualita\/andrea-favret\/\" title=\"ANDREA FAVRET\">\n\t\t\t\t<img fetchpriority=\"high\" decoding=\"async\" width=\"1500\" height=\"2000\" src=\"https:\/\/www.parcodolomitifriulane.it\/wp-content\/uploads\/2025\/05\/487787433_2615030142030128_6105508968673178305_n.jpg\" class=\"attachment-full size-full wp-image-19349\" alt=\"\" srcset=\"https:\/\/www.parcodolomitifriulane.it\/wp-content\/uploads\/2025\/05\/487787433_2615030142030128_6105508968673178305_n.jpg 1500w, https:\/\/www.parcodolomitifriulane.it\/wp-content\/uploads\/2025\/05\/487787433_2615030142030128_6105508968673178305_n-225x300.jpg 225w, https:\/\/www.parcodolomitifriulane.it\/wp-content\/uploads\/2025\/05\/487787433_2615030142030128_6105508968673178305_n-768x1024.jpg 768w, https:\/\/www.parcodolomitifriulane.it\/wp-content\/uploads\/2025\/05\/487787433_2615030142030128_6105508968673178305_n-1152x1536.jpg 1152w, https:\/\/www.parcodolomitifriulane.it\/wp-content\/uploads\/2025\/05\/487787433_2615030142030128_6105508968673178305_n-9x12.jpg 9w, https:\/\/www.parcodolomitifriulane.it\/wp-content\/uploads\/2025\/05\/487787433_2615030142030128_6105508968673178305_n-56x75.jpg 56w, https:\/\/www.parcodolomitifriulane.it\/wp-content\/uploads\/2025\/05\/487787433_2615030142030128_6105508968673178305_n-480x640.jpg 480w\" sizes=\"(max-width:767px) 480px, (max-width:1500px) 100vw, 1500px\" \/>\t\t\t<\/a>\n\t\t<\/div>\n\t\t\n\t\t\t\t\n\t\t\t\t<div class=\"pp-post-content-wrap\">\n\t\t\t\t\t<div class=\"pp-post-content\">\n\t\t\t\t\t\t\t\t\t\t\t\t<h2 class=\"pp-post-title\">\n\t\t\t\t<a href=\"https:\/\/www.parcodolomitifriulane.it\/en\/marchio-qualita\/andrea-favret\/\">ANDREA FAVRET<\/a>\t\t\t<\/h2>\n\t\t\t\t\t\t\t\t<\/div>\n\t\t\t\t\t\t\t\t\t<\/div>\n\n\t\t\t\t\t\t\t<\/div>\n\t\t\t\t\t<\/div>\n\t\t\t\t<div class=\"pp-post-wrap pp-grid-item-wrap elementor-grid-item post-19361 marchio-qualita type-marchio-qualita status-publish has-post-thumbnail hentry settore-guide\">\n\t\t\t\t\t\t<div class=\"pp-post pp-grid-item\">\n\t\t\t\t\t\t<div class=\"pp-post-thumbnail\">\n\t\t\t<a class=\"pp-post-thumbnail-wrap\" href=\"https:\/\/www.parcodolomitifriulane.it\/en\/marchio-qualita\/luca-bincoletto\/\" title=\"LUCA BINCOLETTO\">\n\t\t\t\t<img decoding=\"async\" width=\"600\" height=\"800\" src=\"https:\/\/www.parcodolomitifriulane.it\/wp-content\/uploads\/2023\/06\/luca-bincolatto-guida-naturalistica.png\" class=\"attachment-full size-full wp-image-15973\" alt=\"\" srcset=\"https:\/\/www.parcodolomitifriulane.it\/wp-content\/uploads\/2023\/06\/luca-bincolatto-guida-naturalistica.png 600w, https:\/\/www.parcodolomitifriulane.it\/wp-content\/uploads\/2023\/06\/luca-bincolatto-guida-naturalistica-225x300.png 225w, https:\/\/www.parcodolomitifriulane.it\/wp-content\/uploads\/2023\/06\/luca-bincolatto-guida-naturalistica-9x12.png 9w, https:\/\/www.parcodolomitifriulane.it\/wp-content\/uploads\/2023\/06\/luca-bincolatto-guida-naturalistica-110x146.png 110w, https:\/\/www.parcodolomitifriulane.it\/wp-content\/uploads\/2023\/06\/luca-bincolatto-guida-naturalistica-38x50.png 38w, https:\/\/www.parcodolomitifriulane.it\/wp-content\/uploads\/2023\/06\/luca-bincolatto-guida-naturalistica-56x75.png 56w\" sizes=\"(max-width:767px) 480px, 600px\" \/>\t\t\t<\/a>\n\t\t<\/div>\n\t\t\n\t\t\t\t\n\t\t\t\t<div class=\"pp-post-content-wrap\">\n\t\t\t\t\t<div class=\"pp-post-content\">\n\t\t\t\t\t\t\t\t\t\t\t\t<h2 class=\"pp-post-title\">\n\t\t\t\t<a href=\"https:\/\/www.parcodolomitifriulane.it\/en\/marchio-qualita\/luca-bincoletto\/\">LUCA BINCOLETTO<\/a>\t\t\t<\/h2>\n\t\t\t\t\t\t\t\t<\/div>\n\t\t\t\t\t\t\t\t\t<\/div>\n\n\t\t\t\t\t\t\t<\/div>\n\t\t\t\t\t<\/div>\n\t\t\t\t<div class=\"pp-post-wrap pp-grid-item-wrap elementor-grid-item post-19362 marchio-qualita type-marchio-qualita status-publish has-post-thumbnail hentry settore-guide\">\n\t\t\t\t\t\t<div class=\"pp-post pp-grid-item\">\n\t\t\t\t\t\t<div class=\"pp-post-thumbnail\">\n\t\t\t<a class=\"pp-post-thumbnail-wrap\" href=\"https:\/\/www.parcodolomitifriulane.it\/en\/marchio-qualita\/omar-gubeila\/\" title=\"OMAR GUBEILA\">\n\t\t\t\t<img loading=\"lazy\" decoding=\"async\" width=\"960\" height=\"1280\" src=\"https:\/\/www.parcodolomitifriulane.it\/wp-content\/uploads\/2024\/08\/omar_gubeila3.jpg\" class=\"attachment-full size-full wp-image-18360\" alt=\"\" srcset=\"https:\/\/www.parcodolomitifriulane.it\/wp-content\/uploads\/2024\/08\/omar_gubeila3.jpg 960w, https:\/\/www.parcodolomitifriulane.it\/wp-content\/uploads\/2024\/08\/omar_gubeila3-225x300.jpg 225w, https:\/\/www.parcodolomitifriulane.it\/wp-content\/uploads\/2024\/08\/omar_gubeila3-768x1024.jpg 768w, https:\/\/www.parcodolomitifriulane.it\/wp-content\/uploads\/2024\/08\/omar_gubeila3-56x75.jpg 56w, https:\/\/www.parcodolomitifriulane.it\/wp-content\/uploads\/2024\/08\/omar_gubeila3-480x640.jpg 480w\" sizes=\"(max-width:767px) 480px, (max-width:960px) 100vw, 960px\" \/>\t\t\t<\/a>\n\t\t<\/div>\n\t\t\n\t\t\t\t\n\t\t\t\t<div class=\"pp-post-content-wrap\">\n\t\t\t\t\t<div class=\"pp-post-content\">\n\t\t\t\t\t\t\t\t\t\t\t\t<h2 class=\"pp-post-title\">\n\t\t\t\t<a href=\"https:\/\/www.parcodolomitifriulane.it\/en\/marchio-qualita\/omar-gubeila\/\">OMAR GUBEILA<\/a>\t\t\t<\/h2>\n\t\t\t\t\t\t\t\t<\/div>\n\t\t\t\t\t\t\t\t\t<\/div>\n\n\t\t\t\t\t\t\t<\/div>\n\t\t\t\t\t<\/div>\n\t\t\t\t\t\t\t\t\t<\/div>\n\t\t\t\n\t\t\t\n\t\t\t\n\t\t\t\n\t\t\t\t\t\t\t\t\t\t\t<div class=\"pp-posts-pagination-wrap pp-posts-pagination-bottom\">\n\t\t\t\t\t\t\t\t\t<\/div>\n\t\t\t\t\t\t\t\t\t<\/div>\n\n\t\t\n\t\t\t\t\t\t<\/div>\n\t\t\t\t<\/div>\n\t\t\t\t<div class=\"elementor-element elementor-element-a7bf753 elementor-widget elementor-widget-spacer\" data-id=\"a7bf753\" data-element_type=\"widget\" data-e-type=\"widget\" data-widget_type=\"spacer.default\">\n\t\t\t\t<div class=\"elementor-widget-container\">\n\t\t\t\t\t\t\t<div class=\"elementor-spacer\">\n\t\t\t<div class=\"elementor-spacer-inner\"><\/div>\n\t\t<\/div>\n\t\t\t\t\t\t<\/div>\n\t\t\t\t<\/div>\n\t\t\t\t\t<\/div>\n\t\t<\/div>\n\t\t\t\t\t<\/div>\n\t\t<\/section>\n\t\t\t\t<\/div>","protected":false},"excerpt":{"rendered":"<p>GUIDE Home LE NOSTRE AZIENDE TARGATE MARCHIO QUALIT\u00c0 PARCO NATURALE DOLOMITI FRIULANE Il marchio qualit\u00e0 Parco \u00e8 un progetto di identificazione, avviato con la Certificazione ISO<span class=\"excerpt-hellip\"> [\u2026]<\/span><\/p>\n","protected":false},"author":6,"featured_media":0,"parent":10826,"menu_order":1,"comment_status":"closed","ping_status":"closed","template":"","meta":{"_acf_changed":false,"footnotes":""},"class_list":["post-19336","page","type-page","status-publish","hentry"],"acf":[],"yoast_head":"<!-- This site is optimized with the Yoast SEO plugin v27.5 - https:\/\/yoast.com\/product\/yoast-seo-wordpress\/ -->\n<title>Guide | Parco Dolomiti Friulane<\/title>\n<meta name=\"robots\" content=\"index, follow, max-snippet:-1, max-image-preview:large, max-video-preview:-1\" \/>\n<link rel=\"canonical\" href=\"https:\/\/www.parcodolomitifriulane.it\/en\/ente-parco\/marchio-qualita\/elenco-aziende-marchio-qualita\/guide\/\" \/>\n<meta property=\"og:locale\" content=\"en_GB\" \/>\n<meta property=\"og:type\" content=\"article\" \/>\n<meta property=\"og:title\" content=\"Guide | Parco Dolomiti Friulane\" \/>\n<meta property=\"og:description\" content=\"GUIDE Home LE NOSTRE AZIENDE TARGATE MARCHIO QUALIT\u00c0 PARCO NATURALE DOLOMITI FRIULANE Il marchio qualit\u00e0 Parco \u00e8 un progetto di identificazione, avviato con la Certificazione ISO [\u2026]\" \/>\n<meta property=\"og:url\" content=\"https:\/\/www.parcodolomitifriulane.it\/en\/ente-parco\/marchio-qualita\/elenco-aziende-marchio-qualita\/guide\/\" \/>\n<meta property=\"og:site_name\" content=\"Parco Dolomiti Friulane\" \/>\n<meta property=\"article:publisher\" content=\"https:\/\/www.facebook.com\/dolomitifriulane\" \/>\n<meta property=\"article:modified_time\" content=\"2025-05-07T12:43:17+00:00\" \/>\n<meta property=\"og:image\" content=\"https:\/\/www.parcodolomitifriulane.it\/wp-content\/uploads\/2022\/05\/icona_marchio_qualita.jpg\" \/>\n\t<meta property=\"og:image:width\" content=\"187\" \/>\n\t<meta property=\"og:image:height\" content=\"187\" \/>\n\t<meta property=\"og:image:type\" content=\"image\/jpeg\" \/>\n<meta name=\"twitter:card\" content=\"summary_large_image\" \/>\n<meta name=\"twitter:site\" content=\"@parcoDF\" \/>\n<meta name=\"twitter:label1\" content=\"Estimated reading time\" \/>\n\t<meta name=\"twitter:data1\" content=\"1 minute\" \/>\n<script type=\"application\/ld+json\" class=\"yoast-schema-graph\">{\"@context\":\"https:\\\/\\\/schema.org\",\"@graph\":[{\"@type\":\"WebPage\",\"@id\":\"https:\\\/\\\/www.parcodolomitifriulane.it\\\/ente-parco\\\/marchio-qualita\\\/elenco-aziende-marchio-qualita\\\/guide\\\/\",\"url\":\"https:\\\/\\\/www.parcodolomitifriulane.it\\\/ente-parco\\\/marchio-qualita\\\/elenco-aziende-marchio-qualita\\\/guide\\\/\",\"name\":\"Guide | Parco Dolomiti Friulane\",\"isPartOf\":{\"@id\":\"https:\\\/\\\/www.parcodolomitifriulane.it\\\/#website\"},\"primaryImageOfPage\":{\"@id\":\"https:\\\/\\\/www.parcodolomitifriulane.it\\\/ente-parco\\\/marchio-qualita\\\/elenco-aziende-marchio-qualita\\\/guide\\\/#primaryimage\"},\"image\":{\"@id\":\"https:\\\/\\\/www.parcodolomitifriulane.it\\\/ente-parco\\\/marchio-qualita\\\/elenco-aziende-marchio-qualita\\\/guide\\\/#primaryimage\"},\"thumbnailUrl\":\"https:\\\/\\\/www.parcodolomitifriulane.it\\\/wp-content\\\/uploads\\\/2022\\\/05\\\/icona_marchio_qualita.jpg\",\"datePublished\":\"2025-05-07T11:38:23+00:00\",\"dateModified\":\"2025-05-07T12:43:17+00:00\",\"breadcrumb\":{\"@id\":\"https:\\\/\\\/www.parcodolomitifriulane.it\\\/ente-parco\\\/marchio-qualita\\\/elenco-aziende-marchio-qualita\\\/guide\\\/#breadcrumb\"},\"inLanguage\":\"en-GB\",\"potentialAction\":[{\"@type\":\"ReadAction\",\"target\":[\"https:\\\/\\\/www.parcodolomitifriulane.it\\\/ente-parco\\\/marchio-qualita\\\/elenco-aziende-marchio-qualita\\\/guide\\\/\"]}]},{\"@type\":\"ImageObject\",\"inLanguage\":\"en-GB\",\"@id\":\"https:\\\/\\\/www.parcodolomitifriulane.it\\\/ente-parco\\\/marchio-qualita\\\/elenco-aziende-marchio-qualita\\\/guide\\\/#primaryimage\",\"url\":\"https:\\\/\\\/www.parcodolomitifriulane.it\\\/wp-content\\\/uploads\\\/2022\\\/05\\\/icona_marchio_qualita.jpg\",\"contentUrl\":\"https:\\\/\\\/www.parcodolomitifriulane.it\\\/wp-content\\\/uploads\\\/2022\\\/05\\\/icona_marchio_qualita.jpg\"},{\"@type\":\"BreadcrumbList\",\"@id\":\"https:\\\/\\\/www.parcodolomitifriulane.it\\\/ente-parco\\\/marchio-qualita\\\/elenco-aziende-marchio-qualita\\\/guide\\\/#breadcrumb\",\"itemListElement\":[{\"@type\":\"ListItem\",\"position\":1,\"name\":\"Home\",\"item\":\"https:\\\/\\\/www.parcodolomitifriulane.it\\\/\"},{\"@type\":\"ListItem\",\"position\":2,\"name\":\"Ente Parco\",\"item\":\"https:\\\/\\\/www.parcodolomitifriulane.it\\\/ente-parco\\\/\"},{\"@type\":\"ListItem\",\"position\":3,\"name\":\"Marchio Qualit\u00e0\",\"item\":\"https:\\\/\\\/www.parcodolomitifriulane.it\\\/ente-parco\\\/marchio-qualita\\\/\"},{\"@type\":\"ListItem\",\"position\":4,\"name\":\"Elenco aziende Marchio Qualit\u00e0\",\"item\":\"https:\\\/\\\/www.parcodolomitifriulane.it\\\/ente-parco\\\/marchio-qualita\\\/elenco-aziende-marchio-qualita\\\/\"},{\"@type\":\"ListItem\",\"position\":5,\"name\":\"Guide\"}]},{\"@type\":\"WebSite\",\"@id\":\"https:\\\/\\\/www.parcodolomitifriulane.it\\\/#website\",\"url\":\"https:\\\/\\\/www.parcodolomitifriulane.it\\\/\",\"name\":\"Parco Dolomiti Friulane\",\"description\":\"Tutto Straordinariamente Emoz\",\"publisher\":{\"@id\":\"https:\\\/\\\/www.parcodolomitifriulane.it\\\/#organization\"},\"potentialAction\":[{\"@type\":\"SearchAction\",\"target\":{\"@type\":\"EntryPoint\",\"urlTemplate\":\"https:\\\/\\\/www.parcodolomitifriulane.it\\\/?s={search_term_string}\"},\"query-input\":{\"@type\":\"PropertyValueSpecification\",\"valueRequired\":true,\"valueName\":\"search_term_string\"}}],\"inLanguage\":\"en-GB\"},{\"@type\":\"Organization\",\"@id\":\"https:\\\/\\\/www.parcodolomitifriulane.it\\\/#organization\",\"name\":\"Parco Dolomiti Friulane\",\"url\":\"https:\\\/\\\/www.parcodolomitifriulane.it\\\/\",\"logo\":{\"@type\":\"ImageObject\",\"inLanguage\":\"en-GB\",\"@id\":\"https:\\\/\\\/www.parcodolomitifriulane.it\\\/#\\\/schema\\\/logo\\\/image\\\/\",\"url\":\"https:\\\/\\\/www.parcodolomitifriulane.it\\\/wp-content\\\/uploads\\\/2022\\\/06\\\/cropped-logo-1.png\",\"contentUrl\":\"https:\\\/\\\/www.parcodolomitifriulane.it\\\/wp-content\\\/uploads\\\/2022\\\/06\\\/cropped-logo-1.png\",\"width\":4685,\"height\":2773,\"caption\":\"Parco Dolomiti Friulane\"},\"image\":{\"@id\":\"https:\\\/\\\/www.parcodolomitifriulane.it\\\/#\\\/schema\\\/logo\\\/image\\\/\"},\"sameAs\":[\"https:\\\/\\\/www.facebook.com\\\/dolomitifriulane\",\"https:\\\/\\\/x.com\\\/parcoDF\",\"https:\\\/\\\/www.instagram.com\\\/dolomitifriulane\\\/\",\"https:\\\/\\\/www.youtube.com\\\/user\\\/DOLOMITIFRIULANEPARK\"]}]}<\/script>\n<!-- \/ Yoast SEO plugin. -->","yoast_head_json":{"title":"Guide | Parco Dolomiti Friulane","robots":{"index":"index","follow":"follow","max-snippet":"max-snippet:-1","max-image-preview":"max-image-preview:large","max-video-preview":"max-video-preview:-1"},"canonical":"https:\/\/www.parcodolomitifriulane.it\/en\/ente-parco\/marchio-qualita\/elenco-aziende-marchio-qualita\/guide\/","og_locale":"en_GB","og_type":"article","og_title":"Guide | Parco Dolomiti Friulane","og_description":"GUIDE Home LE NOSTRE AZIENDE TARGATE MARCHIO QUALIT\u00c0 PARCO NATURALE DOLOMITI FRIULANE Il marchio qualit\u00e0 Parco \u00e8 un progetto di identificazione, avviato con la Certificazione ISO [\u2026]","og_url":"https:\/\/www.parcodolomitifriulane.it\/en\/ente-parco\/marchio-qualita\/elenco-aziende-marchio-qualita\/guide\/","og_site_name":"Parco Dolomiti Friulane","article_publisher":"https:\/\/www.facebook.com\/dolomitifriulane","article_modified_time":"2025-05-07T12:43:17+00:00","og_image":[{"width":187,"height":187,"url":"https:\/\/www.parcodolomitifriulane.it\/wp-content\/uploads\/2022\/05\/icona_marchio_qualita.jpg","type":"image\/jpeg"}],"twitter_card":"summary_large_image","twitter_site":"@parcoDF","twitter_misc":{"Estimated reading time":"1 minute"},"schema":{"@context":"https:\/\/schema.org","@graph":[{"@type":"WebPage","@id":"https:\/\/www.parcodolomitifriulane.it\/ente-parco\/marchio-qualita\/elenco-aziende-marchio-qualita\/guide\/","url":"https:\/\/www.parcodolomitifriulane.it\/ente-parco\/marchio-qualita\/elenco-aziende-marchio-qualita\/guide\/","name":"Guide | Parco Dolomiti Friulane","isPartOf":{"@id":"https:\/\/www.parcodolomitifriulane.it\/#website"},"primaryImageOfPage":{"@id":"https:\/\/www.parcodolomitifriulane.it\/ente-parco\/marchio-qualita\/elenco-aziende-marchio-qualita\/guide\/#primaryimage"},"image":{"@id":"https:\/\/www.parcodolomitifriulane.it\/ente-parco\/marchio-qualita\/elenco-aziende-marchio-qualita\/guide\/#primaryimage"},"thumbnailUrl":"https:\/\/www.parcodolomitifriulane.it\/wp-content\/uploads\/2022\/05\/icona_marchio_qualita.jpg","datePublished":"2025-05-07T11:38:23+00:00","dateModified":"2025-05-07T12:43:17+00:00","breadcrumb":{"@id":"https:\/\/www.parcodolomitifriulane.it\/ente-parco\/marchio-qualita\/elenco-aziende-marchio-qualita\/guide\/#breadcrumb"},"inLanguage":"en-GB","potentialAction":[{"@type":"ReadAction","target":["https:\/\/www.parcodolomitifriulane.it\/ente-parco\/marchio-qualita\/elenco-aziende-marchio-qualita\/guide\/"]}]},{"@type":"ImageObject","inLanguage":"en-GB","@id":"https:\/\/www.parcodolomitifriulane.it\/ente-parco\/marchio-qualita\/elenco-aziende-marchio-qualita\/guide\/#primaryimage","url":"https:\/\/www.parcodolomitifriulane.it\/wp-content\/uploads\/2022\/05\/icona_marchio_qualita.jpg","contentUrl":"https:\/\/www.parcodolomitifriulane.it\/wp-content\/uploads\/2022\/05\/icona_marchio_qualita.jpg"},{"@type":"BreadcrumbList","@id":"https:\/\/www.parcodolomitifriulane.it\/ente-parco\/marchio-qualita\/elenco-aziende-marchio-qualita\/guide\/#breadcrumb","itemListElement":[{"@type":"ListItem","position":1,"name":"Home","item":"https:\/\/www.parcodolomitifriulane.it\/"},{"@type":"ListItem","position":2,"name":"Ente Parco","item":"https:\/\/www.parcodolomitifriulane.it\/ente-parco\/"},{"@type":"ListItem","position":3,"name":"Marchio Qualit\u00e0","item":"https:\/\/www.parcodolomitifriulane.it\/ente-parco\/marchio-qualita\/"},{"@type":"ListItem","position":4,"name":"Elenco aziende Marchio Qualit\u00e0","item":"https:\/\/www.parcodolomitifriulane.it\/ente-parco\/marchio-qualita\/elenco-aziende-marchio-qualita\/"},{"@type":"ListItem","position":5,"name":"Guide"}]},{"@type":"WebSite","@id":"https:\/\/www.parcodolomitifriulane.it\/#website","url":"https:\/\/www.parcodolomitifriulane.it\/","name":"Parco Dolomiti Friulane","description":"Tutto Straordinariamente Emoz","publisher":{"@id":"https:\/\/www.parcodolomitifriulane.it\/#organization"},"potentialAction":[{"@type":"SearchAction","target":{"@type":"EntryPoint","urlTemplate":"https:\/\/www.parcodolomitifriulane.it\/?s={search_term_string}"},"query-input":{"@type":"PropertyValueSpecification","valueRequired":true,"valueName":"search_term_string"}}],"inLanguage":"en-GB"},{"@type":"Organization","@id":"https:\/\/www.parcodolomitifriulane.it\/#organization","name":"Parco Dolomiti Friulane","url":"https:\/\/www.parcodolomitifriulane.it\/","logo":{"@type":"ImageObject","inLanguage":"en-GB","@id":"https:\/\/www.parcodolomitifriulane.it\/#\/schema\/logo\/image\/","url":"https:\/\/www.parcodolomitifriulane.it\/wp-content\/uploads\/2022\/06\/cropped-logo-1.png","contentUrl":"https:\/\/www.parcodolomitifriulane.it\/wp-content\/uploads\/2022\/06\/cropped-logo-1.png","width":4685,"height":2773,"caption":"Parco Dolomiti Friulane"},"image":{"@id":"https:\/\/www.parcodolomitifriulane.it\/#\/schema\/logo\/image\/"},"sameAs":["https:\/\/www.facebook.com\/dolomitifriulane","https:\/\/x.com\/parcoDF","https:\/\/www.instagram.com\/dolomitifriulane\/","https:\/\/www.youtube.com\/user\/DOLOMITIFRIULANEPARK"]}]}},"_links":{"self":[{"href":"https:\/\/www.parcodolomitifriulane.it\/en\/wp-json\/wp\/v2\/pages\/19336","targetHints":{"allow":["GET"]}}],"collection":[{"href":"https:\/\/www.parcodolomitifriulane.it\/en\/wp-json\/wp\/v2\/pages"}],"about":[{"href":"https:\/\/www.parcodolomitifriulane.it\/en\/wp-json\/wp\/v2\/types\/page"}],"author":[{"embeddable":true,"href":"https:\/\/www.parcodolomitifriulane.it\/en\/wp-json\/wp\/v2\/users\/6"}],"replies":[{"embeddable":true,"href":"https:\/\/www.parcodolomitifriulane.it\/en\/wp-json\/wp\/v2\/comments?post=19336"}],"version-history":[{"count":0,"href":"https:\/\/www.parcodolomitifriulane.it\/en\/wp-json\/wp\/v2\/pages\/19336\/revisions"}],"up":[{"embeddable":true,"href":"https:\/\/www.parcodolomitifriulane.it\/en\/wp-json\/wp\/v2\/pages\/10826"}],"wp:attachment":[{"href":"https:\/\/www.parcodolomitifriulane.it\/en\/wp-json\/wp\/v2\/media?parent=19336"}],"curies":[{"name":"wp","href":"https:\/\/api.w.org\/{rel}","templated":true}]}}